{"version":"1.0","provider_name":"JAG.se","provider_url":"https:\/\/jag.se\/assistans","author_name":"Jessica Linder Jansson","author_url":"https:\/\/jag.se\/assistans\/author\/jessica-linder-jansson-2\/","title":"I min atelj\u00e9 fl\u00f6dar kreativiteten &#8211; JAG.se","type":"rich","width":600,"height":338,"html":"<blockquote class=\"wp-embedded-content\" data-secret=\"TmXTLhtCU2\"><a href=\"https:\/\/jag.se\/assistans\/min-historia\/i-min-atelje-flodar-kreativiteten\/\">I min atelj\u00e9 fl\u00f6dar kreativiteten<\/a><\/blockquote><iframe sandbox=\"allow-scripts\" security=\"restricted\" src=\"https:\/\/jag.se\/assistans\/min-historia\/i-min-atelje-flodar-kreativiteten\/embed\/#?secret=TmXTLhtCU2\" width=\"600\" height=\"338\" title=\"\u201dI min atelj\u00e9 fl\u00f6dar kreativiteten\u201d &ndash; JAG.se\" data-secret=\"TmXTLhtCU2\" frameborder=\"0\" marginwidth=\"0\" marginheight=\"0\" scrolling=\"no\" class=\"wp-embedded-content\"><\/iframe><script type=\"text\/javascript\">\n\/* <![CDATA[ *\/\n\/*! This file is auto-generated *\/\n!function(d,l){\"use strict\";l.querySelector&&d.addEventListener&&\"undefined\"!=typeof URL&&(d.wp=d.wp||{},d.wp.receiveEmbedMessage||(d.wp.receiveEmbedMessage=function(e){var t=e.data;if((t||t.secret||t.message||t.value)&&!\/[^a-zA-Z0-9]\/.test(t.secret)){for(var s,r,n,a=l.querySelectorAll('iframe[data-secret=\"'+t.secret+'\"]'),o=l.querySelectorAll('blockquote[data-secret=\"'+t.secret+'\"]'),c=new RegExp(\"^https?:$\",\"i\"),i=0;i<o.length;i++)o[i].style.display=\"none\";for(i=0;i<a.length;i++)s=a[i],e.source===s.contentWindow&&(s.removeAttribute(\"style\"),\"height\"===t.message?(1e3<(r=parseInt(t.value,10))?r=1e3:~~r<200&&(r=200),s.height=r):\"link\"===t.message&&(r=new URL(s.getAttribute(\"src\")),n=new URL(t.value),c.test(n.protocol))&&n.host===r.host&&l.activeElement===s&&(d.top.location.href=t.value))}},d.addEventListener(\"message\",d.wp.receiveEmbedMessage,!1),l.addEventListener(\"DOMContentLoaded\",function(){for(var e,t,s=l.querySelectorAll(\"iframe.wp-embedded-content\"),r=0;r<s.length;r++)(t=(e=s[r]).getAttribute(\"data-secret\"))||(t=Math.random().toString(36).substring(2,12),e.src+=\"#?secret=\"+t,e.setAttribute(\"data-secret\",t)),e.contentWindow.postMessage({message:\"ready\",secret:t},\"*\")},!1)))}(window,document);\n\/\/# sourceURL=https:\/\/jag.se\/assistans\/wp-includes\/js\/wp-embed.min.js\n\/* ]]> *\/\n<\/script>\n","thumbnail_url":"https:\/\/jag.se\/assistans\/wp-content\/uploads\/sites\/2\/2022\/02\/erika-webb.jpg","thumbnail_width":397,"thumbnail_height":397,"description":"Sedan Erika bytte fr\u00e5n kommunal assistans till JAG Personlig assistans har bland annat m\u00f6jligheten att \u00e4gna sig \u00e5t kreativa projekt \u00f6kat. Detta har p\u00e5verkat henne p\u00e5 flera s\u00e4tt.\u2013 Jag m\u00e5r b\u00e4ttre, k\u00e4nner mig lugnare och \u00e4r inte s\u00e5 stressad l\u00e4ngre. Erika Behrens vardagsrum hemma i T\u00e4by utanf\u00f6r Stockholm \u00e4r en enda stor atelj\u00e9. V\u00e4ggarna \u00e4r"}