{"version":"1.0","provider_name":"JAG.se","provider_url":"https:\/\/jag.se\/assistans","author_name":"Alexander Alexandrov","author_url":"https:\/\/jag.se\/assistans\/author\/alexander-alexandrov-2-2-2-2-2\/","title":"Vad betyder f\u00f6r\u00e4ndringen av myndigheters spr\u00e5kbruk? &#8211; JAG.se","type":"rich","width":600,"height":338,"html":"<blockquote class=\"wp-embedded-content\" data-secret=\"FGMKYfgDvl\"><a href=\"https:\/\/jag.se\/assistans\/vad-betyder-forandringen-av-myndigheters-sprakbruk\/\">Vad betyder f\u00f6r\u00e4ndringen av myndigheters spr\u00e5kbruk?<\/a><\/blockquote><iframe sandbox=\"allow-scripts\" security=\"restricted\" src=\"https:\/\/jag.se\/assistans\/vad-betyder-forandringen-av-myndigheters-sprakbruk\/embed\/#?secret=FGMKYfgDvl\" width=\"600\" height=\"338\" title=\"\u201dVad betyder f\u00f6r\u00e4ndringen av myndigheters spr\u00e5kbruk?\u201d &ndash; JAG.se\" data-secret=\"FGMKYfgDvl\" frameborder=\"0\" marginwidth=\"0\" marginheight=\"0\" scrolling=\"no\" class=\"wp-embedded-content\"><\/iframe><script type=\"text\/javascript\">\n\/* <![CDATA[ *\/\n\/*! This file is auto-generated *\/\n!function(d,l){\"use strict\";l.querySelector&&d.addEventListener&&\"undefined\"!=typeof URL&&(d.wp=d.wp||{},d.wp.receiveEmbedMessage||(d.wp.receiveEmbedMessage=function(e){var t=e.data;if((t||t.secret||t.message||t.value)&&!\/[^a-zA-Z0-9]\/.test(t.secret)){for(var s,r,n,a=l.querySelectorAll('iframe[data-secret=\"'+t.secret+'\"]'),o=l.querySelectorAll('blockquote[data-secret=\"'+t.secret+'\"]'),c=new RegExp(\"^https?:$\",\"i\"),i=0;i<o.length;i++)o[i].style.display=\"none\";for(i=0;i<a.length;i++)s=a[i],e.source===s.contentWindow&&(s.removeAttribute(\"style\"),\"height\"===t.message?(1e3<(r=parseInt(t.value,10))?r=1e3:~~r<200&&(r=200),s.height=r):\"link\"===t.message&&(r=new URL(s.getAttribute(\"src\")),n=new URL(t.value),c.test(n.protocol))&&n.host===r.host&&l.activeElement===s&&(d.top.location.href=t.value))}},d.addEventListener(\"message\",d.wp.receiveEmbedMessage,!1),l.addEventListener(\"DOMContentLoaded\",function(){for(var e,t,s=l.querySelectorAll(\"iframe.wp-embedded-content\"),r=0;r<s.length;r++)(t=(e=s[r]).getAttribute(\"data-secret\"))||(t=Math.random().toString(36).substring(2,12),e.src+=\"#?secret=\"+t,e.setAttribute(\"data-secret\",t)),e.contentWindow.postMessage({message:\"ready\",secret:t},\"*\")},!1)))}(window,document);\n\/\/# sourceURL=https:\/\/jag.se\/assistans\/wp-includes\/js\/wp-embed.min.js\n\/* ]]> *\/\n<\/script>\n","description":"P\u00e5 en lunchrast h\u00e4romdagen pratade vi om vad som h\u00e4nder n\u00e4r ett fenomen vi tidigare tagit avst\u00e5nd fr\u00e5n blir s\u00e5 vanligt f\u00f6rekommande att vi knappt rycker p\u00e5 axlarna. En s\u00e5dan normf\u00f6rskjutning \u00e4r sv\u00e5r att uppt\u00e4cka n\u00e4r du st\u00e5r mitt i den. Det \u00e4r f\u00f6rst n\u00e4r du tittar bak\u00e5t som du kan sk\u00f6nja f\u00f6r\u00e4ndringen.\u00a0\u00a0 Jag t\u00e4nker","thumbnail_url":"https:\/\/jag.se\/wp-content\/uploads\/sites\/2\/2019\/07\/detaljbild_12-mindre-1.png","thumbnail_width":500,"thumbnail_height":334}