{"id":2477,"date":"2022-04-05T10:51:35","date_gmt":"2022-04-05T10:51:35","guid":{"rendered":"https:\/\/jag.se\/assistans\/personlig-assistans-till-barn-2\/"},"modified":"2026-03-05T15:59:51","modified_gmt":"2026-03-05T15:59:51","slug":"kara-assistent","status":"publish","type":"page","link":"https:\/\/jag.se\/assistans\/kara-assistent\/","title":{"rendered":"K\u00e4ra assistent"},"content":{"rendered":"<div class=\"yoast-breadcrumbs\">\t<div class=\"inner\">\n\t\t<span><span><a href=\"https:\/\/jag.se\">JAG start<\/a><\/span> &gt; <span><a href=\"https:\/\/jag.se\/assistans\/\">JAG Personlig assistans<\/a><\/span> &gt; <span class=\"breadcrumb_last\" aria-current=\"page\">K\u00e4ra assistent<\/span><\/span>\t<\/div>\n<\/div>\n\n\n<h1 class=\"wp-block-heading\" id=\"personlig-assistans-till-barn\">K\u00e4ra assistent &#8211; en serie om personlig assistans<\/h1>\n\n\n<section class=\"text-block pink  \">\n    <div class=\"block-icon\"><\/div>\n\t<div class=\"inner\">\n\t\t<div class=\"text-block-content\">\n\t\t\t\t\t<h2 class=\"\">#K\u00e4raAssistent &#8211; en realityserie <\/h2>\n\t\t\t\t\t<p>I v\u00e5r realityserie K\u00e4ra assistent kan du f\u00f6lja assistansanv\u00e4ndare med sina assistenter i livets upp- och nedf\u00f6rsbackar. Du f\u00e5r veta <a href=\"https:\/\/jag.se\/assistans\/\">hur livet \u00e4r med personlig assistans<\/a> och hur det \u00e4r att <a href=\"https:\/\/jag.se\/assistans\/yrket-personlig-assistent\/\">jobba som assistent<\/a>. I serien \u00e4r det b\u00e5de vuxna och barn med som har assistans.<\/p>\n<p>Alla kan jobba som personlig assistent \u2013 men inte till alla! Det finns minst lika m\u00e5nga m\u00f6jliga assistenter som det finns assistansanv\u00e4ndare, det uppt\u00e4cker du n\u00e4r du tittar p\u00e5 serien.\u00a0Att jobba som personlig assistent g\u00e5r allra mest ut p\u00e5 att samarbeta med den du assisterar. Personkemin \u00e4r det viktigaste.\u00a0<\/p>\n\t\t<\/div>\n<\/section>\n\n\n<section class=\"text-block white  \">\n    <div class=\"block-icon\"><\/div>\n\t<div class=\"inner\">\n\t\t<div class=\"text-block-content\">\n\t\t\t\t\t<h2 class=\"\">S\u00e4song 8<\/h2>\n\t\t\t\t\t<p style=\"text-align: center\">I s\u00e4song 8 tr\u00e4ffar du Teo Lindgren med sin assistent Lova Nordkvist. Fler deltagare i s\u00e4songen till kommer inom kort!\u00a0<\/p>\n\t\t<\/div>\n<\/section>\n\n\n\n<figure class=\"wp-block-embed aligncenter is-type-video is-provider-youtube wp-block-embed-youtube wp-embed-aspect-16-9 wp-has-aspect-ratio\"><div class=\"wp-block-embed__wrapper\">\n<iframe loading=\"lazy\" title=\"#K\u00e4raAssistent s\u00e4song 8\" width=\"500\" height=\"281\" src=\"https:\/\/www.youtube.com\/embed\/videoseries?list=PLs8ZhPfKeFztvgc7ZqX59vgdJ5y1fMQgO\" frameborder=\"0\" allow=\"accelerometer; autoplay; clipboard-write; encrypted-media; gyroscope; picture-in-picture; web-share\" referrerpolicy=\"strict-origin-when-cross-origin\" allowfullscreen><\/iframe>\n<\/div><\/figure>\n\n\n<section class=\"text-block white  \">\n    <div class=\"block-icon\"><\/div>\n\t<div class=\"inner\">\n\t\t<div class=\"text-block-content\">\n\t\t\t\t\t<h2 class=\"\">S\u00e4song 7<\/h2>\n\t\t\t\t\t<p style=\"text-align: center\">I s\u00e4song 7 tr\u00e4ffar du Lena Malmsten Johansson och Abdullah Omar, Jonathan Sj\u00f6qvist och\u00a0Batoul Yaghoubi, Magnus Anden och Karl Bj\u00f6rkman.\u00a0<\/p>\n\t\t<\/div>\n<\/section>\n\n\n\n<figure class=\"wp-block-embed aligncenter is-type-video is-provider-youtube wp-block-embed-youtube wp-embed-aspect-16-9 wp-has-aspect-ratio\"><div class=\"wp-block-embed__wrapper\">\n<iframe loading=\"lazy\" title=\"#K\u00e4raAssistent s\u00e4song 7 del 2\" width=\"500\" height=\"281\" src=\"https:\/\/www.youtube.com\/embed\/tuIuS3bmAXQ?feature=oembed\" frameborder=\"0\" allow=\"accelerometer; autoplay; clipboard-write; encrypted-media; gyroscope; picture-in-picture; web-share\" referrerpolicy=\"strict-origin-when-cross-origin\" allowfullscreen><\/iframe>\n<\/div><\/figure>\n\n\n<section class=\"text-block white  \">\n    <div class=\"block-icon\"><\/div>\n\t<div class=\"inner\">\n\t\t<div class=\"text-block-content\">\n\t\t\t\t\t<h2 class=\"\">S\u00e4song 6<\/h2>\n\t\t\t\t\t<p style=\"text-align: center\">I s\u00e4song 6 tr\u00e4ffar du Poppy Banks och Lili Banks, Vilgot Staf och Klara Lilljeqvist, Vincent Dagemark och Samuel Segelstr\u00f6m och Johannes Dagemark.<\/p>\n\t\t<\/div>\n<\/section>\n\n\n\n<figure class=\"wp-block-embed aligncenter is-type-video is-provider-youtube wp-block-embed-youtube wp-embed-aspect-16-9 wp-has-aspect-ratio\"><div class=\"wp-block-embed__wrapper\">\n<iframe loading=\"lazy\" title=\"#K\u00e4raassistent s\u00e4song 6\" width=\"500\" height=\"281\" src=\"https:\/\/www.youtube.com\/embed\/videoseries?list=PLs8ZhPfKeFztABZpzJgSU_fgDyWN_UAGw\" frameborder=\"0\" allow=\"accelerometer; autoplay; clipboard-write; encrypted-media; gyroscope; picture-in-picture; web-share\" referrerpolicy=\"strict-origin-when-cross-origin\" allowfullscreen><\/iframe>\n<\/div><\/figure>\n\n\n<section class=\"text-block white  \">\n    <div class=\"block-icon\"><\/div>\n\t<div class=\"inner\">\n\t\t<div class=\"text-block-content\">\n\t\t\t\t\t<h2 class=\"\">S\u00e4song 5<\/h2>\n\t\t\t\t\t<p>I s\u00e4song 5 tr\u00e4ffar du Ernst Hjelm, Jasmine Alakangas, Bj\u00f6rn Johansson och Andnet Haileselassie.<\/p>\n\t\t<\/div>\n<\/section>\n\n\n\n<figure class=\"wp-block-embed aligncenter is-type-video is-provider-youtube wp-block-embed-youtube wp-embed-aspect-16-9 wp-has-aspect-ratio\"><div class=\"wp-block-embed__wrapper\">\n<iframe loading=\"lazy\" title=\"#K\u00e4raAssistent s\u00e4song 5\" width=\"500\" height=\"281\" src=\"https:\/\/www.youtube.com\/embed\/videoseries?list=PLs8ZhPfKeFzsbC99HKi971UFvK_GXk2a6\" frameborder=\"0\" allow=\"accelerometer; autoplay; clipboard-write; encrypted-media; gyroscope; picture-in-picture; web-share\" referrerpolicy=\"strict-origin-when-cross-origin\" allowfullscreen><\/iframe>\n<\/div><\/figure>\n\n\n<section class=\"text-block white  \">\n    <div class=\"block-icon\"><\/div>\n\t<div class=\"inner\">\n\t\t<div class=\"text-block-content\">\n\t\t\t\t\t<h2 class=\"\">S\u00e4song 4<\/h2>\n\t\t\t\t\t<p>I s\u00e4song 4 medverkar Tim Sundberg, Liily Jimenez, Maja Lorentz, Engla Theander, Mattias Ferm och Theres Engberg.<\/p>\n\t\t<\/div>\n<\/section>\n\n\n\n<figure class=\"wp-block-embed aligncenter is-type-video is-provider-youtube wp-block-embed-youtube wp-embed-aspect-16-9 wp-has-aspect-ratio\"><div class=\"wp-block-embed__wrapper\">\n<iframe loading=\"lazy\" title=\"#K\u00e4raAssistent s\u00e4song 4\" width=\"500\" height=\"281\" src=\"https:\/\/www.youtube.com\/embed\/videoseries?list=PLs8ZhPfKeFzvTKouj7YKJOoEcEKkFcZ2K\" frameborder=\"0\" allow=\"accelerometer; autoplay; clipboard-write; encrypted-media; gyroscope; picture-in-picture; web-share\" referrerpolicy=\"strict-origin-when-cross-origin\" allowfullscreen><\/iframe>\n<\/div><\/figure>\n\n\n<section class=\"text-block white  \">\n    <div class=\"block-icon\"><\/div>\n\t<div class=\"inner\">\n\t\t<div class=\"text-block-content\">\n\t\t\t\t\t<h2 class=\"\">S\u00e4song 3<\/h2>\n\t\t\t\t\t<p>I s\u00e4song 3 tr\u00e4ffar du Josefine Abrahamsson, Victoria Lindman, Kenny Brandt, Bj\u00f6rn Burman och Julia Stigbro.<\/p>\n\t\t<\/div>\n<\/section>\n\n\n\n<figure class=\"wp-block-embed aligncenter is-type-video is-provider-youtube wp-block-embed-youtube wp-embed-aspect-16-9 wp-has-aspect-ratio\"><div class=\"wp-block-embed__wrapper\">\n<iframe loading=\"lazy\" title=\"#K\u00e4raAssistent s\u00e4song 3\" width=\"500\" height=\"281\" src=\"https:\/\/www.youtube.com\/embed\/videoseries?list=PLs8ZhPfKeFzvJ1TwARrV-PENNZE1VOeNn\" frameborder=\"0\" allow=\"accelerometer; autoplay; clipboard-write; encrypted-media; gyroscope; picture-in-picture; web-share\" referrerpolicy=\"strict-origin-when-cross-origin\" allowfullscreen><\/iframe>\n<\/div><\/figure>\n\n\n<section class=\"text-block white  \">\n    <div class=\"block-icon\"><\/div>\n\t<div class=\"inner\">\n\t\t<div class=\"text-block-content\">\n\t\t\t\t\t<h2 class=\"\">S\u00e4song 2<\/h2>\n\t\t\t\t\t<p>Medverkande i s\u00e4song 2 \u00e4r Isak Herlitz Ryderg\u00e5rd, Emilia Eriksson, Josefine Abrahamsson, Victoria Lindman, Kenny Brandt och Bj\u00f6rn Burman.<\/p>\n\t\t<\/div>\n<\/section>\n\n\n\n<figure class=\"wp-block-embed aligncenter is-type-video is-provider-youtube wp-block-embed-youtube wp-embed-aspect-16-9 wp-has-aspect-ratio\"><div class=\"wp-block-embed__wrapper\">\n<iframe loading=\"lazy\" title=\"#K\u00e4raAssistent s\u00e4song 2\" width=\"500\" height=\"281\" src=\"https:\/\/www.youtube.com\/embed\/videoseries?list=PLs8ZhPfKeFzvVF8rIjRd600RHwWw4iJEy\" frameborder=\"0\" allow=\"accelerometer; autoplay; clipboard-write; encrypted-media; gyroscope; picture-in-picture; web-share\" referrerpolicy=\"strict-origin-when-cross-origin\" allowfullscreen><\/iframe>\n<\/div><\/figure>\n\n\n<section class=\"text-block white  \">\n    <div class=\"block-icon\"><\/div>\n\t<div class=\"inner\">\n\t\t<div class=\"text-block-content\">\n\t\t\t\t\t<h2 class=\"\">S\u00e4song 1<\/h2>\n\t\t\t\t\t<p>I s\u00e4song 1 tr\u00e4ffar du Amina Ali \u00d6ljemark, Norea Sandberg, Isak Herlitz Ryderg\u00e5rd, Emilia Eriksson, Henrik St\u00e5hlberg, Andreas Davidsson och Jenny Savefors.<\/p>\n\t\t<\/div>\n<\/section>\n\n\n\n<figure class=\"wp-block-embed aligncenter is-type-video is-provider-youtube wp-block-embed-youtube wp-embed-aspect-16-9 wp-has-aspect-ratio\"><div class=\"wp-block-embed__wrapper\">\n<iframe loading=\"lazy\" title=\"#K\u00e4raAssistent s\u00e4song 1 del 1\" width=\"500\" height=\"281\" src=\"https:\/\/www.youtube.com\/embed\/861Uo2i92RA?list=PLs8ZhPfKeFzusE1JdK1jQ2I_ltGbOxTON\" frameborder=\"0\" allow=\"accelerometer; autoplay; clipboard-write; encrypted-media; gyroscope; picture-in-picture; web-share\" referrerpolicy=\"strict-origin-when-cross-origin\" allowfullscreen><\/iframe>\n<\/div><\/figure>\n\n\n<section class=\"links-list white-bg\">\n\t<div class=\"inner\">\n\t\t\t\t<ul >\n\t\t\t\t\t\t\t<li><a href=\"https:\/\/www.youtube.com\/c\/JAGPersonligassistans\">Du hittar \u00e4ven serien p\u00e5 v\u00e5r Youtubekanal<\/a><\/li>\n\t\t\t\t\t\t<\/ul>\n\t\t\t\t<\/div>\n<\/section>\n\n\n<section class=\"text-block white  \">\n    <div class=\"block-icon\"><\/div>\n\t<div class=\"inner\">\n\t\t<div class=\"text-block-content\">\n\t\t\t\t\t<h2 class=\"\">Vad g\u00f6r en personlig assistent?<\/h2>\n\t\t\t\t\t<p>P\u00e5 v\u00e5r sida <a href=\"\/assistans\/yrket-personlig-assistent\/\">yrket personlig assistent<\/a> hittar du:<\/p>\n<ul>\n<li>intervjuer med assistenter<\/li>\n<li>hur en anst\u00e4llning g\u00e5r till<\/li>\n<li>vad du f\u00e5r som assistent hos oss<\/li>\n<li>vad sj\u00e4lva jobbet inneh\u00e5ller<\/li>\n<\/ul>\n\t\t<\/div>\n<\/section>\n\n\n<section class=\"links-list white-bg\">\n\t<div class=\"inner\">\n\t\t\t\t<ul >\n\t\t\t\t\t\t\t<li><a href=\"https:\/\/jag.se\/assistans\/lediga-jobb\/\">Jag vill s\u00f6ka jobb direkt!<\/a><\/li>\n\t\t\t\t\t\t<\/ul>\n\t\t\t\t<\/div>\n<\/section>\n\n\n<section class=\"text-block ocean  \">\n    <div class=\"block-icon\"><\/div>\n\t<div class=\"inner\">\n\t\t<div class=\"text-block-content\">\n\t\t\t\t\t<h2 class=\"\">Kontakta oss f\u00f6r fr\u00e5gor om assistans<\/h2>\n\t\t\t\t\t<ul>\n<li>Solveig Tillander <a href=\"tel:+46767893042\">076-789 30 42<\/a><\/li>\n<li>Carina Ingren\u00a0 <a href=\"tel:+46767893030\">076-789 30 30<\/a>\u00a0<\/li>\n<li>Cecilia Wiest\u00e5l <a href=\"tel:+46767893071\">076-789 30 71<\/a>\u00a0<\/li>\n<li>Erika Holmberg <a href=\"tel:+46765453067\">076-545 30 67<\/a><\/li>\n<li>Hansine Hjellum <a href=\"tel:+46767893072\">076-789 30 72<\/a><\/li>\n<\/ul>\n\t\t<\/div>\n<\/section>\n\n\n<section class=\"links-list white-bg\">\n\t<div class=\"inner\">\n\t\t\t\t<ul >\n\t\t\t\t\t\t\t<li><a href=\"https:\/\/jag.se\/assistans\/\">Assistans \u00e4r frihet!<\/a><\/li>\n\t\t\t\t\t\t\t\t<li><a href=\"https:\/\/jag.se\/assistans\/vart-erbjudande\/\">Att ha sin assistans hos oss<\/a><\/li>\n\t\t\t\t\t\t\t\t<li><a href=\"https:\/\/jag.se\/assistans\/juridisk-radgivning\/\">Juridisk r\u00e5dgivning<\/a><\/li>\n\t\t\t\t\t\t\t\t<li><a href=\"https:\/\/jag.se\/assistans\/assistans-till-barn\/\">Assistans till barn och unga<\/a><\/li>\n\t\t\t\t\t\t<\/ul>\n\t\t\t\t<\/div>\n<\/section>\n","protected":false},"excerpt":{"rendered":"<p>K\u00e4ra assistent &#8211; en serie om personlig assistans<\/p>\n","protected":false},"author":6,"featured_media":0,"parent":0,"menu_order":27,"comment_status":"closed","ping_status":"closed","template":"","meta":{"footnotes":""},"class_list":["post-2477","page","type-page","status-publish","hentry"],"acf":[],"_links":{"self":[{"href":"https:\/\/jag.se\/assistans\/wp-json\/wp\/v2\/pages\/2477","targetHints":{"allow":["GET"]}}],"collection":[{"href":"https:\/\/jag.se\/assistans\/wp-json\/wp\/v2\/pages"}],"about":[{"href":"https:\/\/jag.se\/assistans\/wp-json\/wp\/v2\/types\/page"}],"author":[{"embeddable":true,"href":"https:\/\/jag.se\/assistans\/wp-json\/wp\/v2\/users\/6"}],"replies":[{"embeddable":true,"href":"https:\/\/jag.se\/assistans\/wp-json\/wp\/v2\/comments?post=2477"}],"version-history":[{"count":200,"href":"https:\/\/jag.se\/assistans\/wp-json\/wp\/v2\/pages\/2477\/revisions"}],"predecessor-version":[{"id":15359,"href":"https:\/\/jag.se\/assistans\/wp-json\/wp\/v2\/pages\/2477\/revisions\/15359"}],"wp:attachment":[{"href":"https:\/\/jag.se\/assistans\/wp-json\/wp\/v2\/media?parent=2477"}],"curies":[{"name":"wp","href":"https:\/\/api.w.org\/{rel}","templated":true}]}}