{"id":3455,"date":"2022-06-02T08:37:52","date_gmt":"2022-06-02T08:37:52","guid":{"rendered":"https:\/\/jag.se\/assistans\/vart-erbjudande-2\/"},"modified":"2026-04-14T14:08:54","modified_gmt":"2026-04-14T14:08:54","slug":"byta-assistansanordnare","status":"publish","type":"page","link":"https:\/\/jag.se\/assistans\/byta-assistansanordnare\/","title":{"rendered":"Byta assistansanordnare"},"content":{"rendered":"<div class=\"yoast-breadcrumbs\">\t<div class=\"inner\">\n\t\t<span><span><a href=\"https:\/\/jag.se\">JAG start<\/a><\/span> &gt; <span><a href=\"https:\/\/jag.se\/assistans\/\">JAG Personlig assistans<\/a><\/span> &gt; <span class=\"breadcrumb_last\" aria-current=\"page\">Byta assistansanordnare<\/span><\/span>\t<\/div>\n<\/div>\n\n<section class=\"banner\">\n\t<img loading=\"lazy\" decoding=\"async\" width=\"1366\" height=\"399\" src=\"https:\/\/jag.se\/assistans\/wp-content\/uploads\/sites\/2\/2023\/02\/kenny-bjorn_foto-linnea-bengtsson-2150x628-1-1366x399.jpg\" class=\"bg-desktop\" alt=\"\" srcset=\"https:\/\/jag.se\/assistans\/wp-content\/uploads\/sites\/2\/2023\/02\/kenny-bjorn_foto-linnea-bengtsson-2150x628-1-1366x399.jpg 1366w, https:\/\/jag.se\/assistans\/wp-content\/uploads\/sites\/2\/2023\/02\/kenny-bjorn_foto-linnea-bengtsson-2150x628-1-300x88.jpg 300w, https:\/\/jag.se\/assistans\/wp-content\/uploads\/sites\/2\/2023\/02\/kenny-bjorn_foto-linnea-bengtsson-2150x628-1-1024x299.jpg 1024w, https:\/\/jag.se\/assistans\/wp-content\/uploads\/sites\/2\/2023\/02\/kenny-bjorn_foto-linnea-bengtsson-2150x628-1-768x224.jpg 768w, https:\/\/jag.se\/assistans\/wp-content\/uploads\/sites\/2\/2023\/02\/kenny-bjorn_foto-linnea-bengtsson-2150x628-1-1536x449.jpg 1536w, https:\/\/jag.se\/assistans\/wp-content\/uploads\/sites\/2\/2023\/02\/kenny-bjorn_foto-linnea-bengtsson-2150x628-1-2048x598.jpg 2048w, https:\/\/jag.se\/assistans\/wp-content\/uploads\/sites\/2\/2023\/02\/kenny-bjorn_foto-linnea-bengtsson-2150x628-1-1920x561.jpg 1920w, https:\/\/jag.se\/assistans\/wp-content\/uploads\/sites\/2\/2023\/02\/kenny-bjorn_foto-linnea-bengtsson-2150x628-1-320x93.jpg 320w, https:\/\/jag.se\/assistans\/wp-content\/uploads\/sites\/2\/2023\/02\/kenny-bjorn_foto-linnea-bengtsson-2150x628-1-120x35.jpg 120w, https:\/\/jag.se\/assistans\/wp-content\/uploads\/sites\/2\/2023\/02\/kenny-bjorn_foto-linnea-bengtsson-2150x628-1-540x158.jpg 540w, https:\/\/jag.se\/assistans\/wp-content\/uploads\/sites\/2\/2023\/02\/kenny-bjorn_foto-linnea-bengtsson-2150x628-1-601x176.jpg 601w, https:\/\/jag.se\/assistans\/wp-content\/uploads\/sites\/2\/2023\/02\/kenny-bjorn_foto-linnea-bengtsson-2150x628-1-150x44.jpg 150w, https:\/\/jag.se\/assistans\/wp-content\/uploads\/sites\/2\/2023\/02\/kenny-bjorn_foto-linnea-bengtsson-2150x628-1-311x91.jpg 311w, https:\/\/jag.se\/assistans\/wp-content\/uploads\/sites\/2\/2023\/02\/kenny-bjorn_foto-linnea-bengtsson-2150x628-1-369x108.jpg 369w, https:\/\/jag.se\/assistans\/wp-content\/uploads\/sites\/2\/2023\/02\/kenny-bjorn_foto-linnea-bengtsson-2150x628-1-374x109.jpg 374w, https:\/\/jag.se\/assistans\/wp-content\/uploads\/sites\/2\/2023\/02\/kenny-bjorn_foto-linnea-bengtsson-2150x628-1-171x50.jpg 171w\" sizes=\"auto, (max-width: 1366px) 100vw, 1366px\" \/><img loading=\"lazy\" decoding=\"async\" width=\"540\" height=\"540\" src=\"https:\/\/jag.se\/assistans\/wp-content\/uploads\/sites\/2\/2023\/02\/kenny-bjorn_foto-linnea-bengtsson-540x540-1.jpg\" class=\"bg-mobile\" alt=\"\" srcset=\"https:\/\/jag.se\/assistans\/wp-content\/uploads\/sites\/2\/2023\/02\/kenny-bjorn_foto-linnea-bengtsson-540x540-1.jpg 540w, https:\/\/jag.se\/assistans\/wp-content\/uploads\/sites\/2\/2023\/02\/kenny-bjorn_foto-linnea-bengtsson-540x540-1-300x300.jpg 300w, https:\/\/jag.se\/assistans\/wp-content\/uploads\/sites\/2\/2023\/02\/kenny-bjorn_foto-linnea-bengtsson-540x540-1-150x150.jpg 150w, https:\/\/jag.se\/assistans\/wp-content\/uploads\/sites\/2\/2023\/02\/kenny-bjorn_foto-linnea-bengtsson-540x540-1-100x100.jpg 100w, https:\/\/jag.se\/assistans\/wp-content\/uploads\/sites\/2\/2023\/02\/kenny-bjorn_foto-linnea-bengtsson-540x540-1-120x120.jpg 120w, https:\/\/jag.se\/assistans\/wp-content\/uploads\/sites\/2\/2023\/02\/kenny-bjorn_foto-linnea-bengtsson-540x540-1-38x38.jpg 38w, https:\/\/jag.se\/assistans\/wp-content\/uploads\/sites\/2\/2023\/02\/kenny-bjorn_foto-linnea-bengtsson-540x540-1-311x311.jpg 311w, https:\/\/jag.se\/assistans\/wp-content\/uploads\/sites\/2\/2023\/02\/kenny-bjorn_foto-linnea-bengtsson-540x540-1-369x369.jpg 369w, https:\/\/jag.se\/assistans\/wp-content\/uploads\/sites\/2\/2023\/02\/kenny-bjorn_foto-linnea-bengtsson-540x540-1-374x374.jpg 374w, https:\/\/jag.se\/assistans\/wp-content\/uploads\/sites\/2\/2023\/02\/kenny-bjorn_foto-linnea-bengtsson-540x540-1-50x50.jpg 50w\" sizes=\"auto, (max-width: 540px) 100vw, 540px\" \/>\t<div class=\"inner\">\n\t\t\t\t\t<div class=\"text-block  \">\n\t\t\t\t\t\t\t\t\t<h3>Byta assistansanordnare till oss<\/h3>\n\t\t\t\t\t\t\t\t\t<p>H\u00e4r f\u00e5r du veta hur du g\u00f6r f\u00f6r att byta assistansanordnare till oss. Vi st\u00f6ttar dig i hela processen fram till en assistans hos oss med sj\u00e4lvbest\u00e4mmande och trygghet.\u00a0<\/p>\n\t\t\t\t<a href=\"https:\/\/outlook.office365.com\/book\/Medlemsrekrytering@jag.se\/\" target=\"_blank\" class=\"button inverted\">Boka samtal om assistans<\/a> \t\t\t<\/div>\n\t\t\t\t<\/div>\n<\/section>\n\n\n\n<h1 class=\"wp-block-heading\">S\u00e5 byter du assistansanordnare<\/h1>\n\n\n<section class=\"text-block white  \">\n    <div class=\"block-icon\"><\/div>\n\t<div class=\"inner\">\n\t\t<div class=\"text-block-content\">\n\t\t\t\t\t<h2 class=\"\">Personlig assistans f\u00f6r dig med de st\u00f6rsta behoven. Utan vinstintresse. <\/h2>\n\t\t\t\t\t<p>Att byta assistansanordnare till oss inneb\u00e4r att <strong>du blir en del av ett tryggt och stabilt assistanskooperativ utan vinstintresse<\/strong>. Vi har balanserad ekonomi och god likviditet. Trots att vi \u00e4r stora \u00e4r vi m\u00e5na om att du ska f\u00e5 ett personligt bem\u00f6tande. Du, eventuell legal f\u00f6retr\u00e4dare, din personliga arbetsledare och dina assistenter f\u00e5r st\u00f6d av v\u00e5ra kunniga r\u00e5dgivare i alla assistansfr\u00e5gor.<\/p>\n<p>H\u00e4nder det n\u00e5got akut utanf\u00f6r kontorstid finns v\u00e5r n\u00f6dtelefon under kv\u00e4llar, n\u00e4tter och helger \u00e5rets alla dagar.<\/p>\n<p>Beh\u00f6ver du under en period nyanst\u00e4lla flera assistenter finns alltid utrymme att g\u00e5 dubbelt genom v\u00e5r utbildningsgaranti.<\/p>\n\t\t<\/div>\n<\/section>\n\n\n<section class=\"text-block vvb-rose  \">\n    <div class=\"block-icon\"><\/div>\n\t<div class=\"inner\">\n\t\t<div class=\"text-block-content\">\n\t\t\t\t\t<h2 class=\"\">Dokument och uppgifter <\/h2>\n\t\t\t\t\t<p><strong>Om du v\u00e4ljer att byta till oss s\u00e5 \u00e4r det h\u00e4r de dokument och uppgifter som g\u00f6r \u00f6verg\u00e5ngen till oss smidigare.<\/strong>  Vissa saker tar n\u00e5gra dagar att f\u00e5 och d\u00e5 kan det vara bra att best\u00e4lla dessa direkt.\u00a0\u00a0<\/p>\n\t\t<\/div>\n<\/section>\n\n\n<section class=\"text-block white  \">\n    <div class=\"block-icon\"><\/div>\n\t<div class=\"inner\">\n\t\t<div class=\"text-block-content\">\n\t\t\t\t\t<h2 class=\"\">Om det g\u00e4ller assistans till barn<\/h2>\n\t\t\t\t\t<ul>\n<li>Alla assistenter beh\u00f6ver best\u00e4lla brottsregisterutdrag. V\u00e4lj\u00a0<em>Arbete med barn med funktionsneds\u00e4ttning, <\/em><a href=\"https:\/\/polisen.se\/tjanster-tillstand\/belastningsregistret\/\" target=\"_blank\" rel=\"noopener\">p\u00e5 polisens hemsida.<\/a><\/li>\n<li><em>Personbevis familj <\/em>som ska best\u00e4llas i v\u00e5rdnadshavarens namn och kommer hem med posten. Finns p\u00e5<a href=\"https:\/\/skatteverket.se\/privat\/folkbokforing\/bestallpersonbevis.4.18e1b10334ebe8bc80003671.html#!\/valjare\/steg1\" target=\"_blank\" rel=\"noopener\"> skatteverkets hemsida.<\/a><\/li>\n<li>Assistenter ska <em>\u00e4ven<\/em> best\u00e4lla <em>Personbevis f\u00f6r anst\u00e4llning<\/em>. <a href=\"https:\/\/skatteverket.se\/privat\/folkbokforing\/bestallpersonbevis.4.18e1b10334ebe8bc80003671.html#!\/valjare\/steg1\" target=\"_blank\" rel=\"noopener\">Finns p\u00e5 skatteverkets hemsida<\/a> och kan best\u00e4llas elektroniskt.<\/li>\n<\/ul>\n<p><a href=\"https:\/\/outlook.office365.com\/owa\/calendar\/Medlemsrekrytering@jag.se\/bookings\/\" target=\"_blank\" rel=\"noopener\"><b>Boka tid f\u00f6r samtal om anordnarbyte.<\/b><\/a><\/p>\n\t\t<\/div>\n<\/section>\n\n\n<section class=\"text-block white  \">\n    <div class=\"block-icon\"><\/div>\n\t<div class=\"inner\">\n\t\t<div class=\"text-block-content\">\n\t\t\t\t\t<h2 class=\"\">Om det g\u00e4ller assistans till dig som \u00e4r vuxen och vill byta anordnare<\/h2>\n\t\t\t\t\t<ul>\n<li>Du som \u00e4r assistansanv\u00e4ndare beh\u00f6ver skicka in ett personbevis.\u00a0<a href=\"https:\/\/skatteverket.se\/privat\/folkbokforing\/bestallpersonbevis.4.18e1b10334ebe8bc80003671.html#!\/valjare\/steg1\" target=\"_blank\" rel=\"noopener\">Det finns p\u00e5 skatteverkets hemsida<\/a> och kan best\u00e4llas elektroniskt.<\/li>\n<li>Om du har en legal f\u00f6retr\u00e4dare beh\u00f6ver vi se <em>godmansf\u00f6rordnandet<\/em> och <a href=\"https:\/\/skatteverket.se\/privat\/folkbokforing\/bestallpersonbevis.4.18e1b10334ebe8bc80003671.html#!\/valjare\/steg1\" target=\"_blank\" rel=\"noopener\">personbevis.<\/a><\/li>\n<li>De som ska jobba som dina assistenter beh\u00f6ver best\u00e4lla <em>Personbevis f\u00f6r anst\u00e4llning.<\/em>  <a href=\"https:\/\/skatteverket.se\/privat\/folkbokforing\/bestallpersonbevis.4.18e1b10334ebe8bc80003671.html#!\/valjare\/steg1\" target=\"_blank\" rel=\"noopener\">Det finns ocks\u00e5 p\u00e5 skatteverkets hemsida<\/a> och kan best\u00e4llas elektroniskt.<\/li>\n<\/ul>\n<p><a href=\"https:\/\/outlook.office365.com\/owa\/calendar\/Medlemsrekrytering@jag.se\/bookings\/\" target=\"_blank\" rel=\"noopener\"><b>Boka tid f\u00f6r samtal om anordnarbyte.<\/b><\/a><\/p>\n\t\t<\/div>\n<\/section>\n\n\n<section class=\"text-block vvb-rose  \">\n    <div class=\"block-icon\"><\/div>\n\t<div class=\"inner\">\n\t\t<div class=\"text-block-content\">\n\t\t\t\t\t<h2 class=\"\">Kontakta oss direkt eller boka tid<\/h2>\n\t\t\t\t\t<p>Kontakta oss g\u00e4rna p\u00e5 <a href=\"tel:+4687893003\">08-789 30 03<\/a> eller mejla p\u00e5 <a href=\"mailto:kontakt@jag.se\">kontakt@jag.se<\/a><\/p>\n<p>Solveig Tillander <a href=\"tel:+46765453042\">076-545 30 42<\/a><br \/>Carina Ingren <a href=\"tel:+46765453030\">076-545 30 30<\/a>\u00a0<br \/>Cecilia Wiest\u00e5l <a href=\"tel:+46765453071\">076-545 30 71<\/a><br \/>Hansine Hjellum <a href=\"tel:+46765453072\">076-545 30 72<\/a><\/p>\n\t\t<\/div>\n<\/section>\n\n\n<section class=\"links-list white-bg\">\n\t<div class=\"inner\">\n\t\t\t\t<ul >\n\t\t\t\t\t\t\t<li><a href=\"https:\/\/outlook.office365.com\/owa\/calendar\/Medlemsrekrytering@jag.se\/bookings\/\">Boka m\u00f6te om byte  av assistansanordnare<\/a><\/li>\n\t\t\t\t\t\t<\/ul>\n\t\t\t\t<\/div>\n<\/section>\n\n\n<section class=\"text-block white  \">\n    <div class=\"block-icon\"><\/div>\n\t<div class=\"inner\">\n\t\t<div class=\"text-block-content\">\n\t\t\t\t\t<h2 class=\"\">Vanlig fr\u00e5gor vid anordnarbyte<\/h2>\n\t\t\t\t\t<h3>Vad beh\u00f6ver jag ha koll p\u00e5 innan jag ringer till er?<\/h3>\n<p>Du beh\u00f6ver egentligen inte f\u00f6rbereda n\u00e5got och kan ringa oss direkt, s\u00e5 g\u00e5r vi igenom allt steg f\u00f6r steg. <strong>Om du vill att processen ska g\u00e5 snabbare<\/strong> kan du ha beslutsunderlag och grundl\u00e4ggande dokument redo.\u00a0<\/p>\n<h3>Beh\u00f6ver min god man eller f\u00f6retr\u00e4dare vara den som ringer?<\/h3>\n<p>Nej, du kan kontakta oss sj\u00e4lv. D\u00e4remot beh\u00f6ver vi ha med god man eller legal f\u00f6retr\u00e4dare om vi ska sluta avtal. <strong>Till en b\u00f6rjan<\/strong> r\u00e4cker det dock att du sj\u00e4lv ringer eller mejlar oss f\u00f6r att starta dialogen.<\/p>\n<p>Med det sagt f\u00e5r en god man, legal f\u00f6retr\u00e4dare, v\u00e5rdnadshavare, eller person som har fullmakt att hj\u00e4lpa dig med fr\u00e5gor som r\u00f6r din person \u00e4r v\u00e4lkommen att vara med vid det f\u00f6rsta samtalet.\u00a0<\/p>\n<h3>Huvudkontoret ligger i Stockholm, m\u00e5ste man komma in till kontoret?<\/h3>\n<p>Nej, det beh\u00f6ver du inte. <strong>Sj\u00e4lvklart<\/strong> \u00e4r du varmt v\u00e4lkommen att bes\u00f6ka oss, och vi tycker det \u00e4r j\u00e4ttekul om du g\u00f6r det. <strong>Samtidigt<\/strong> vet vi att vardagen ofta \u00e4r sv\u00e5r att f\u00e5 ihop. <strong>D\u00e4remot<\/strong> kommer vi g\u00e4rna hem till dig och h\u00e4lsar p\u00e5. <strong>Alternativt<\/strong> kan vi ses digitalt eller b\u00f6rja med ett telefonsamtal, vilket fungerar utm\u00e4rkt.<\/p>\n<h3>Hur g\u00f6r jag om jag vill s\u00e4ga upp avtalet med min nuvarande anordnare?<\/h3>\n<p><strong>F\u00f6rst och fr\u00e4mst<\/strong> b\u00f6r du inte s\u00e4ga upp avtalet med din nuvarande anordnare innan vi tillsammans har best\u00e4mt startdatum f\u00f6r din assistans hos oss. <strong>P\u00e5 s\u00e5 s\u00e4tt<\/strong> s\u00e4kerst\u00e4ller vi att allt \u00e4r p\u00e5 plats n\u00e4r din assistans b\u00f6rjar.<\/p>\n<p><strong>I vissa situationer<\/strong>, till exempel om din anordnare f\u00f6rlorar sitt tillst\u00e5nd, kan det bli br\u00e5ttom. <strong>D\u00e5<\/strong> g\u00f6r vi allt vi kan f\u00f6r att din assistans ska forts\u00e4tta utan avbrott, \u00e4ven om uppstartstiden blir kort.<\/p>\n<p><strong>Att s\u00e4ga upp avtalet<\/strong> \u00e4r en personlig fr\u00e5ga. <strong>I grunden<\/strong> \u00e4r det du som s\u00e4ger upp avtalet, tillsammans med god man, legal f\u00f6retr\u00e4dare eller v\u00e5rdnadshavare. <strong>Samtidigt<\/strong> hj\u00e4lper vi dig g\u00e4rna genom processen. <strong>Vid behov<\/strong> tar vi fram ett skriftligt underlag som du kan skriva under och skicka in. <strong>Eftersom<\/strong> olika anordnare har olika rutiner, st\u00f6ttar vi dig genom varje steg.<\/p>\n<h3>Kan jag ta med mig mina assistenter?<\/h3>\n<p>Ja! De assistenter du tycker om, har skolat in och som h\u00e5ller kvaliteten i assistansen, de v\u00e4rnar vi om att du har med dig. D\u00e5 tappar du inte kompetens i assistansen, det \u00e4r j\u00e4tteviktigt. Vilka som ska med \u00e4r det du som best\u00e4mmer som assistansanv\u00e4ndare.\u00a0<\/p>\n\t\t<\/div>\n<\/section>\n\n\n<section class=\"text-block white  \">\n    <div class=\"block-icon\"><\/div>\n\t<div class=\"inner\">\n\t\t<div class=\"text-block-content\">\n\t\t\t\t\t<h2 class=\"\">Assistans \u00e4r frihet<\/h2>\n\t\t\t\t\t<p>I v\u00e5r realityserie K\u00e4ra assistent m\u00f6ter du assistansanv\u00e4ndare i JAG med sina assistenter, familjer och v\u00e4nner. <a href=\"https:\/\/jag.se\/assistans\/kara-assistent\/\">Se hela serien.<\/a><\/p>\n\t\t<\/div>\n<\/section>\n\n\n\n<figure class=\"wp-block-embed aligncenter is-type-video is-provider-youtube wp-block-embed-youtube wp-embed-aspect-16-9 wp-has-aspect-ratio\"><div class=\"wp-block-embed__wrapper\">\n<iframe loading=\"lazy\" title=\"#K\u00e4raAssistent en realityserie om livet med personlig assistans\" width=\"500\" height=\"281\" src=\"https:\/\/www.youtube.com\/embed\/2LID37xe_90?feature=oembed\" frameborder=\"0\" allow=\"accelerometer; autoplay; clipboard-write; encrypted-media; gyroscope; picture-in-picture; web-share\" referrerpolicy=\"strict-origin-when-cross-origin\" allowfullscreen><\/iframe>\n<\/div><\/figure>\n\n\n<section class=\"text-block white  \">\n    <div class=\"block-icon\"><\/div>\n\t<div class=\"inner\">\n\t\t<div class=\"text-block-content\">\n\t\t\t\t\t<h2 class=\"\">Utan assistans stannar livet<\/h2>\n\t\t\t\t\t<p>F\u00f6r dig som vill engagera dig intressepolitiskt finns <a href=\"\/opinion\" target=\"_blank\" rel=\"noopener\">Riksf\u00f6reningen JAG<\/a> som arbetar med att f\u00f6rsvara r\u00e4tten till assistans f\u00f6r oss som har st\u00f6rst funktionsneds\u00e4ttningar.\u00a0<\/p>\n\t\t<\/div>\n<\/section>\n\n\n<section class=\"links-list white-bg\">\n\t<div class=\"inner\">\n\t\t\t\t<ul >\n\t\t\t\t\t\t\t<li><a href=\"https:\/\/jag.se\/assistans\/yrket-personlig-assistent\/\">Vad g\u00f6r en personlig assistent?<\/a><\/li>\n\t\t\t\t\t\t\t\t<li><a href=\"https:\/\/jag.se\/assistans\/vart-erbjudande\/\">Att ha sin assistans hos oss<\/a><\/li>\n\t\t\t\t\t\t<\/ul>\n\t\t\t\t<\/div>\n<\/section>\n","protected":false},"excerpt":{"rendered":"<p>S\u00e5 byter du assistansanordnare<\/p>\n","protected":false},"author":6,"featured_media":0,"parent":0,"menu_order":39,"comment_status":"closed","ping_status":"closed","template":"","meta":{"footnotes":""},"class_list":["post-3455","page","type-page","status-publish","hentry"],"acf":[],"_links":{"self":[{"href":"https:\/\/jag.se\/assistans\/wp-json\/wp\/v2\/pages\/3455","targetHints":{"allow":["GET"]}}],"collection":[{"href":"https:\/\/jag.se\/assistans\/wp-json\/wp\/v2\/pages"}],"about":[{"href":"https:\/\/jag.se\/assistans\/wp-json\/wp\/v2\/types\/page"}],"author":[{"embeddable":true,"href":"https:\/\/jag.se\/assistans\/wp-json\/wp\/v2\/users\/6"}],"replies":[{"embeddable":true,"href":"https:\/\/jag.se\/assistans\/wp-json\/wp\/v2\/comments?post=3455"}],"version-history":[{"count":115,"href":"https:\/\/jag.se\/assistans\/wp-json\/wp\/v2\/pages\/3455\/revisions"}],"predecessor-version":[{"id":15561,"href":"https:\/\/jag.se\/assistans\/wp-json\/wp\/v2\/pages\/3455\/revisions\/15561"}],"wp:attachment":[{"href":"https:\/\/jag.se\/assistans\/wp-json\/wp\/v2\/media?parent=3455"}],"curies":[{"name":"wp","href":"https:\/\/api.w.org\/{rel}","templated":true}]}}