{"version":"1.0","provider_name":"JAG Opinion","provider_url":"https:\/\/jag.se\/opinion","author_name":"Alexander Alexandrov","author_url":"https:\/\/jag.se\/opinion\/author\/alexander-alexandrov-2-2-2-2-2\/","title":"2017 fyller F\u00f6reningen JAG 25 \u00e5r! - JAG Opinion","type":"rich","width":600,"height":338,"html":"<blockquote class=\"wp-embedded-content\" data-secret=\"Xhp2ttOICR\"><a href=\"https:\/\/jag.se\/opinion\/2017-fyller-foreningen-jag-25-ar\/\">2017 fyller F\u00f6reningen JAG 25 \u00e5r!<\/a><\/blockquote><iframe sandbox=\"allow-scripts\" security=\"restricted\" src=\"https:\/\/jag.se\/opinion\/2017-fyller-foreningen-jag-25-ar\/embed\/#?secret=Xhp2ttOICR\" width=\"600\" height=\"338\" title=\"\u201d2017 fyller F\u00f6reningen JAG 25 \u00e5r!\u201d &ndash; JAG Opinion\" data-secret=\"Xhp2ttOICR\" frameborder=\"0\" marginwidth=\"0\" marginheight=\"0\" scrolling=\"no\" class=\"wp-embedded-content\"><\/iframe><script type=\"text\/javascript\">\n\/* <![CDATA[ *\/\n\/*! This file is auto-generated *\/\n!function(d,l){\"use strict\";l.querySelector&&d.addEventListener&&\"undefined\"!=typeof URL&&(d.wp=d.wp||{},d.wp.receiveEmbedMessage||(d.wp.receiveEmbedMessage=function(e){var t=e.data;if((t||t.secret||t.message||t.value)&&!\/[^a-zA-Z0-9]\/.test(t.secret)){for(var s,r,n,a=l.querySelectorAll('iframe[data-secret=\"'+t.secret+'\"]'),o=l.querySelectorAll('blockquote[data-secret=\"'+t.secret+'\"]'),c=new RegExp(\"^https?:$\",\"i\"),i=0;i<o.length;i++)o[i].style.display=\"none\";for(i=0;i<a.length;i++)s=a[i],e.source===s.contentWindow&&(s.removeAttribute(\"style\"),\"height\"===t.message?(1e3<(r=parseInt(t.value,10))?r=1e3:~~r<200&&(r=200),s.height=r):\"link\"===t.message&&(r=new URL(s.getAttribute(\"src\")),n=new URL(t.value),c.test(n.protocol))&&n.host===r.host&&l.activeElement===s&&(d.top.location.href=t.value))}},d.addEventListener(\"message\",d.wp.receiveEmbedMessage,!1),l.addEventListener(\"DOMContentLoaded\",function(){for(var e,t,s=l.querySelectorAll(\"iframe.wp-embedded-content\"),r=0;r<s.length;r++)(t=(e=s[r]).getAttribute(\"data-secret\"))||(t=Math.random().toString(36).substring(2,12),e.src+=\"#?secret=\"+t,e.setAttribute(\"data-secret\",t)),e.contentWindow.postMessage({message:\"ready\",secret:t},\"*\")},!1)))}(window,document);\n\/\/# sourceURL=https:\/\/jag.se\/opinion\/wp-includes\/js\/wp-embed.min.js\n\/* ]]> *\/\n<\/script>\n","thumbnail_url":"https:\/\/jag.se\/wp-content\/uploads\/sites\/3\/2017\/01\/fest-1.jpg","thumbnail_width":541,"thumbnail_height":244,"description":"Det vill vi naturligtvis fira tillsammans! \u00c5rsm\u00f6tet blev extra festligt och sommarveckan ett superpartaj! Medlemsfester och tr\u00e4ffar kommer att h\u00e5lls i olika delar i landet under \u00e5ret. H\u00e5ll utkik p\u00e5 Facebook och h\u00e4r p\u00e5 hemsidan s\u00e5 ser du vad som \u00e4r p\u00e5 g\u00e5ng. Inl\u00e4gget 2017 fyller F\u00f6reningen JAG 25 \u00e5r! d\u00f6k f\u00f6rst upp p\u00e5 Riksf\u00f6reningen"}