{"version":"1.0","provider_name":"JAG Opinion","provider_url":"https:\/\/jag.se\/opinion","author_name":"Asa Emtelin","author_url":"https:\/\/jag.se\/opinion\/author\/asa-emtelin\/","title":"Arvsfondsmedel f\u00f6r m\u00e5ngfald och inkludering i n\u00e4ringslivet - JAG Opinion","type":"rich","width":600,"height":338,"html":"<blockquote class=\"wp-embedded-content\" data-secret=\"WQRDkTeX13\"><a href=\"https:\/\/jag.se\/opinion\/arvsfondsmedel-for-mangfald-och-inkludering-i-naringslivet\/\">Arvsfondsmedel f\u00f6r m\u00e5ngfald och inkludering i n\u00e4ringslivet<\/a><\/blockquote><iframe sandbox=\"allow-scripts\" security=\"restricted\" src=\"https:\/\/jag.se\/opinion\/arvsfondsmedel-for-mangfald-och-inkludering-i-naringslivet\/embed\/#?secret=WQRDkTeX13\" width=\"600\" height=\"338\" title=\"\u201dArvsfondsmedel f\u00f6r m\u00e5ngfald och inkludering i n\u00e4ringslivet\u201d &ndash; JAG Opinion\" data-secret=\"WQRDkTeX13\" frameborder=\"0\" marginwidth=\"0\" marginheight=\"0\" scrolling=\"no\" class=\"wp-embedded-content\"><\/iframe><script type=\"text\/javascript\">\n\/* <![CDATA[ *\/\n\/*! This file is auto-generated *\/\n!function(d,l){\"use strict\";l.querySelector&&d.addEventListener&&\"undefined\"!=typeof URL&&(d.wp=d.wp||{},d.wp.receiveEmbedMessage||(d.wp.receiveEmbedMessage=function(e){var t=e.data;if((t||t.secret||t.message||t.value)&&!\/[^a-zA-Z0-9]\/.test(t.secret)){for(var s,r,n,a=l.querySelectorAll('iframe[data-secret=\"'+t.secret+'\"]'),o=l.querySelectorAll('blockquote[data-secret=\"'+t.secret+'\"]'),c=new RegExp(\"^https?:$\",\"i\"),i=0;i<o.length;i++)o[i].style.display=\"none\";for(i=0;i<a.length;i++)s=a[i],e.source===s.contentWindow&&(s.removeAttribute(\"style\"),\"height\"===t.message?(1e3<(r=parseInt(t.value,10))?r=1e3:~~r<200&&(r=200),s.height=r):\"link\"===t.message&&(r=new URL(s.getAttribute(\"src\")),n=new URL(t.value),c.test(n.protocol))&&n.host===r.host&&l.activeElement===s&&(d.top.location.href=t.value))}},d.addEventListener(\"message\",d.wp.receiveEmbedMessage,!1),l.addEventListener(\"DOMContentLoaded\",function(){for(var e,t,s=l.querySelectorAll(\"iframe.wp-embedded-content\"),r=0;r<s.length;r++)(t=(e=s[r]).getAttribute(\"data-secret\"))||(t=Math.random().toString(36).substring(2,12),e.src+=\"#?secret=\"+t,e.setAttribute(\"data-secret\",t)),e.contentWindow.postMessage({message:\"ready\",secret:t},\"*\")},!1)))}(window,document);\n\/\/# sourceURL=https:\/\/jag.se\/opinion\/wp-includes\/js\/wp-embed.min.js\n\/* ]]> *\/\n<\/script>\n","thumbnail_url":"https:\/\/jag.se\/opinion\/wp-content\/uploads\/sites\/3\/2024\/03\/Jossan-Olsson_Mora-VVB_webb-1.jpg","thumbnail_width":1179,"thumbnail_height":1179,"description":"Riksf\u00f6reningen JAGs modell Vi vill bidra som arbetar f\u00f6r inkludering och meningsfull syssels\u00e4ttning f\u00f6r personer med stora funktionsneds\u00e4ttningar har beviljats medel fr\u00e5n Allm\u00e4nna arvsfonden. Genom partnerskap med f\u00f6retag och organisationer ska m\u00e4nniskor som st\u00e5r l\u00e5ngt fr\u00e5n arbetsmarknaden kunna bidra p\u00e5 arbetsplatser i st\u00e4llet f\u00f6r att h\u00e4nvisas till kommunala dagliga verksamheter. Medlen ska verka f\u00f6r att"}