{"version":"1.0","provider_name":"JAG Opinion","provider_url":"https:\/\/jag.se\/opinion","author_name":"Kerstin Sellin","author_url":"https:\/\/jag.se\/opinion\/author\/kerstin-sellin-2-2-2-2-2-2-2-2\/","title":"\u00c5rsm\u00f6tesfest med F\u00f6reningen JAG Stockholms l\u00e4n - JAG Opinion","type":"rich","width":600,"height":338,"html":"<blockquote class=\"wp-embedded-content\" data-secret=\"n21Ehzo60R\"><a href=\"https:\/\/jag.se\/opinion\/event\/arsmotesfest-med-foreningen-jag-stockholms-lan\/\">\u00c5rsm\u00f6tesfest med F\u00f6reningen JAG Stockholms l\u00e4n<\/a><\/blockquote><iframe sandbox=\"allow-scripts\" security=\"restricted\" src=\"https:\/\/jag.se\/opinion\/event\/arsmotesfest-med-foreningen-jag-stockholms-lan\/embed\/#?secret=n21Ehzo60R\" width=\"600\" height=\"338\" title=\"\u201d\u00c5rsm\u00f6tesfest med F\u00f6reningen JAG Stockholms l\u00e4n\u201d &ndash; JAG Opinion\" data-secret=\"n21Ehzo60R\" frameborder=\"0\" marginwidth=\"0\" marginheight=\"0\" scrolling=\"no\" class=\"wp-embedded-content\"><\/iframe><script type=\"text\/javascript\">\n\/* <![CDATA[ *\/\n\/*! This file is auto-generated *\/\n!function(d,l){\"use strict\";l.querySelector&&d.addEventListener&&\"undefined\"!=typeof URL&&(d.wp=d.wp||{},d.wp.receiveEmbedMessage||(d.wp.receiveEmbedMessage=function(e){var t=e.data;if((t||t.secret||t.message||t.value)&&!\/[^a-zA-Z0-9]\/.test(t.secret)){for(var s,r,n,a=l.querySelectorAll('iframe[data-secret=\"'+t.secret+'\"]'),o=l.querySelectorAll('blockquote[data-secret=\"'+t.secret+'\"]'),c=new RegExp(\"^https?:$\",\"i\"),i=0;i<o.length;i++)o[i].style.display=\"none\";for(i=0;i<a.length;i++)s=a[i],e.source===s.contentWindow&&(s.removeAttribute(\"style\"),\"height\"===t.message?(1e3<(r=parseInt(t.value,10))?r=1e3:~~r<200&&(r=200),s.height=r):\"link\"===t.message&&(r=new URL(s.getAttribute(\"src\")),n=new URL(t.value),c.test(n.protocol))&&n.host===r.host&&l.activeElement===s&&(d.top.location.href=t.value))}},d.addEventListener(\"message\",d.wp.receiveEmbedMessage,!1),l.addEventListener(\"DOMContentLoaded\",function(){for(var e,t,s=l.querySelectorAll(\"iframe.wp-embedded-content\"),r=0;r<s.length;r++)(t=(e=s[r]).getAttribute(\"data-secret\"))||(t=Math.random().toString(36).substring(2,12),e.src+=\"#?secret=\"+t,e.setAttribute(\"data-secret\",t)),e.contentWindow.postMessage({message:\"ready\",secret:t},\"*\")},!1)))}(window,document);\n\/\/# sourceURL=https:\/\/jag.se\/opinion\/wp-includes\/js\/wp-embed.min.js\n\/* ]]> *\/\n<\/script>\n","thumbnail_url":"https:\/\/jag.se\/opinion\/wp-content\/uploads\/sites\/3\/2025\/03\/JAG-sthlm.jpg","thumbnail_width":960,"thumbnail_height":680,"description":"Vi samlas f\u00f6r att fira att vi \u00e4nnu ett \u00e5r gjort viktiga intressepolitiska insatser och haft s\u00e5 mycket kul tillsammans!Nuvarande styrelse ber\u00e4ttar om \u00e5ret som g\u00e5tt och det ekonomiska resultatet.M\u00f6tet v\u00e4ljer ledam\u00f6ter till styrelsen. Du kan f\u00f6resl\u00e5 n\u00e5gon (som du tillfr\u00e5gat) eller dig sj\u00e4lv till styrelseledamot f\u00f6re, eller under, m\u00f6tet. F\u00f6r att kunna v\u00e4ljas till"}