{"version":"1.0","provider_name":"JAG Opinion","provider_url":"https:\/\/jag.se\/opinion","author_name":"Alexander Alexandrov","author_url":"https:\/\/jag.se\/opinion\/author\/alexander-alexandrov-2-2-2-2-2\/","title":"Flerfunktionsneds\u00e4ttning \u2013 vad inneb\u00e4r det egentligen? - JAG Opinion","type":"rich","width":600,"height":338,"html":"<blockquote class=\"wp-embedded-content\" data-secret=\"pxVBMSTfKX\"><a href=\"https:\/\/jag.se\/opinion\/flerfunktionsnedsattning-vad-innebar-det-egentligen\/\">Flerfunktionsneds\u00e4ttning \u2013 vad inneb\u00e4r det egentligen?<\/a><\/blockquote><iframe sandbox=\"allow-scripts\" security=\"restricted\" src=\"https:\/\/jag.se\/opinion\/flerfunktionsnedsattning-vad-innebar-det-egentligen\/embed\/#?secret=pxVBMSTfKX\" width=\"600\" height=\"338\" title=\"\u201dFlerfunktionsneds\u00e4ttning \u2013 vad inneb\u00e4r det egentligen?\u201d &ndash; JAG Opinion\" data-secret=\"pxVBMSTfKX\" frameborder=\"0\" marginwidth=\"0\" marginheight=\"0\" scrolling=\"no\" class=\"wp-embedded-content\"><\/iframe><script type=\"text\/javascript\">\n\/* <![CDATA[ *\/\n\/*! This file is auto-generated *\/\n!function(d,l){\"use strict\";l.querySelector&&d.addEventListener&&\"undefined\"!=typeof URL&&(d.wp=d.wp||{},d.wp.receiveEmbedMessage||(d.wp.receiveEmbedMessage=function(e){var t=e.data;if((t||t.secret||t.message||t.value)&&!\/[^a-zA-Z0-9]\/.test(t.secret)){for(var s,r,n,a=l.querySelectorAll('iframe[data-secret=\"'+t.secret+'\"]'),o=l.querySelectorAll('blockquote[data-secret=\"'+t.secret+'\"]'),c=new RegExp(\"^https?:$\",\"i\"),i=0;i<o.length;i++)o[i].style.display=\"none\";for(i=0;i<a.length;i++)s=a[i],e.source===s.contentWindow&&(s.removeAttribute(\"style\"),\"height\"===t.message?(1e3<(r=parseInt(t.value,10))?r=1e3:~~r<200&&(r=200),s.height=r):\"link\"===t.message&&(r=new URL(s.getAttribute(\"src\")),n=new URL(t.value),c.test(n.protocol))&&n.host===r.host&&l.activeElement===s&&(d.top.location.href=t.value))}},d.addEventListener(\"message\",d.wp.receiveEmbedMessage,!1),l.addEventListener(\"DOMContentLoaded\",function(){for(var e,t,s=l.querySelectorAll(\"iframe.wp-embedded-content\"),r=0;r<s.length;r++)(t=(e=s[r]).getAttribute(\"data-secret\"))||(t=Math.random().toString(36).substring(2,12),e.src+=\"#?secret=\"+t,e.setAttribute(\"data-secret\",t)),e.contentWindow.postMessage({message:\"ready\",secret:t},\"*\")},!1)))}(window,document);\n\/\/# sourceURL=https:\/\/jag.se\/opinion\/wp-includes\/js\/wp-embed.min.js\n\/* ]]> *\/\n<\/script>\n","thumbnail_url":"https:\/\/jag.se\/opinion\/wp-content\/uploads\/sites\/3\/2019\/12\/anna_strimbold-web-1.jpg","thumbnail_width":200,"thumbnail_height":200,"description":"Ibland anv\u00e4nds \u201dflera funktionsneds\u00e4ttningar\u201d synonymt med \u201dflerfunktionsneds\u00e4ttning\u201d. Men betyder det samma sak? I nul\u00e4get finns inte n\u00e5gon etablerad definition av flerfunktionsneds\u00e4ttning. Socialstyrelsen, som ansvarar f\u00f6r samordning av terminologin inom v\u00e5rd och omsorg, har d\u00e4rf\u00f6r f\u00f6rs\u00f6kt definiera begreppet. De f\u00f6resl\u00e5r att definitionen av flerfunktionsneds\u00e4ttning ska vara en \u201dkombination av mycket sv\u00e5r intellektuell funktionsneds\u00e4ttning och omfattande motorisk"}