{"version":"1.0","provider_name":"JAG Opinion","provider_url":"https:\/\/jag.se\/opinion","author_name":"Alexander Alexandrov","author_url":"https:\/\/jag.se\/opinion\/author\/alexander-alexandrov-2-2-2-2-2\/","title":"Idag b\u00f6rjar lag\u00e4ndringarna om andning och sondm\u00e5ltider g\u00e4lla - JAG Opinion","type":"rich","width":600,"height":338,"html":"<blockquote class=\"wp-embedded-content\" data-secret=\"axNpRThQkc\"><a href=\"https:\/\/jag.se\/opinion\/idag-borjar-lagandringarna-om-andning-och-sondmaltider-galla\/\">Idag b\u00f6rjar lag\u00e4ndringarna om andning och sondm\u00e5ltider g\u00e4lla<\/a><\/blockquote><iframe sandbox=\"allow-scripts\" security=\"restricted\" src=\"https:\/\/jag.se\/opinion\/idag-borjar-lagandringarna-om-andning-och-sondmaltider-galla\/embed\/#?secret=axNpRThQkc\" width=\"600\" height=\"338\" title=\"\u201dIdag b\u00f6rjar lag\u00e4ndringarna om andning och sondm\u00e5ltider g\u00e4lla\u201d &ndash; JAG Opinion\" data-secret=\"axNpRThQkc\" frameborder=\"0\" marginwidth=\"0\" marginheight=\"0\" scrolling=\"no\" class=\"wp-embedded-content\"><\/iframe><script type=\"text\/javascript\">\n\/* <![CDATA[ *\/\n\/*! This file is auto-generated *\/\n!function(d,l){\"use strict\";l.querySelector&&d.addEventListener&&\"undefined\"!=typeof URL&&(d.wp=d.wp||{},d.wp.receiveEmbedMessage||(d.wp.receiveEmbedMessage=function(e){var t=e.data;if((t||t.secret||t.message||t.value)&&!\/[^a-zA-Z0-9]\/.test(t.secret)){for(var s,r,n,a=l.querySelectorAll('iframe[data-secret=\"'+t.secret+'\"]'),o=l.querySelectorAll('blockquote[data-secret=\"'+t.secret+'\"]'),c=new RegExp(\"^https?:$\",\"i\"),i=0;i<o.length;i++)o[i].style.display=\"none\";for(i=0;i<a.length;i++)s=a[i],e.source===s.contentWindow&&(s.removeAttribute(\"style\"),\"height\"===t.message?(1e3<(r=parseInt(t.value,10))?r=1e3:~~r<200&&(r=200),s.height=r):\"link\"===t.message&&(r=new URL(s.getAttribute(\"src\")),n=new URL(t.value),c.test(n.protocol))&&n.host===r.host&&l.activeElement===s&&(d.top.location.href=t.value))}},d.addEventListener(\"message\",d.wp.receiveEmbedMessage,!1),l.addEventListener(\"DOMContentLoaded\",function(){for(var e,t,s=l.querySelectorAll(\"iframe.wp-embedded-content\"),r=0;r<s.length;r++)(t=(e=s[r]).getAttribute(\"data-secret\"))||(t=Math.random().toString(36).substring(2,12),e.src+=\"#?secret=\"+t,e.setAttribute(\"data-secret\",t)),e.contentWindow.postMessage({message:\"ready\",secret:t},\"*\")},!1)))}(window,document);\n\/\/# sourceURL=https:\/\/jag.se\/opinion\/wp-includes\/js\/wp-embed.min.js\n\/* ]]> *\/\n<\/script>\n","thumbnail_url":"https:\/\/jag.se\/wp-content\/uploads\/sites\/3\/2020\/07\/spruta-1.jpg","thumbnail_width":370,"thumbnail_height":277,"description":"Lag\u00e4ndringarna\u00a0inneb\u00e4r i korthet f\u00f6ljande:\u00a0\u00a0 Det f\u00f6rtydligas i LSS 9a \u00a7 att\u00a0behov av hj\u00e4lp med\u00a0andning och\u00a0att\u00a0\u00e4ta via sond\u00a0ing\u00e5r i de\u00a0grundl\u00e4ggande behoven\u00a0oavsett behovens karakt\u00e4r\u00a0 Behov av\u00a0hj\u00e4lp som \u00e4r direkt n\u00f6dv\u00e4ndig\u00a0f\u00f6r att hj\u00e4lp att andas ska kunna ges omfattas av r\u00e4tten till personlig assistans f\u00f6r\u00a0andra personliga behov\u00a0(allts\u00e5 inte grundl\u00e4ggande behov),\u00a0 Behov av hj\u00e4lp med\u00a0\u00e5tg\u00e4rder som \u00e4r direkt n\u00f6dv\u00e4ndiga\u00a0f\u00f6r"}