{"version":"1.0","provider_name":"JAG Opinion","provider_url":"https:\/\/jag.se\/opinion","author_name":"Alexander Alexandrov","author_url":"https:\/\/jag.se\/opinion\/author\/alexander-alexandrov-2-2-2-2-2\/","title":"ISF har fel om personlig assistans med egenv\u00e5rd - JAG Opinion","type":"rich","width":600,"height":338,"html":"<blockquote class=\"wp-embedded-content\" data-secret=\"6qYSFlzErD\"><a href=\"https:\/\/jag.se\/opinion\/isf-har-fel-om-personlig-assistans-med-egenvard\/\">ISF har fel om personlig assistans med egenv\u00e5rd<\/a><\/blockquote><iframe sandbox=\"allow-scripts\" security=\"restricted\" src=\"https:\/\/jag.se\/opinion\/isf-har-fel-om-personlig-assistans-med-egenvard\/embed\/#?secret=6qYSFlzErD\" width=\"600\" height=\"338\" title=\"\u201dISF har fel om personlig assistans med egenv\u00e5rd\u201d &ndash; JAG Opinion\" data-secret=\"6qYSFlzErD\" frameborder=\"0\" marginwidth=\"0\" marginheight=\"0\" scrolling=\"no\" class=\"wp-embedded-content\"><\/iframe><script type=\"text\/javascript\">\n\/* <![CDATA[ *\/\n\/*! This file is auto-generated *\/\n!function(d,l){\"use strict\";l.querySelector&&d.addEventListener&&\"undefined\"!=typeof URL&&(d.wp=d.wp||{},d.wp.receiveEmbedMessage||(d.wp.receiveEmbedMessage=function(e){var t=e.data;if((t||t.secret||t.message||t.value)&&!\/[^a-zA-Z0-9]\/.test(t.secret)){for(var s,r,n,a=l.querySelectorAll('iframe[data-secret=\"'+t.secret+'\"]'),o=l.querySelectorAll('blockquote[data-secret=\"'+t.secret+'\"]'),c=new RegExp(\"^https?:$\",\"i\"),i=0;i<o.length;i++)o[i].style.display=\"none\";for(i=0;i<a.length;i++)s=a[i],e.source===s.contentWindow&&(s.removeAttribute(\"style\"),\"height\"===t.message?(1e3<(r=parseInt(t.value,10))?r=1e3:~~r<200&&(r=200),s.height=r):\"link\"===t.message&&(r=new URL(s.getAttribute(\"src\")),n=new URL(t.value),c.test(n.protocol))&&n.host===r.host&&l.activeElement===s&&(d.top.location.href=t.value))}},d.addEventListener(\"message\",d.wp.receiveEmbedMessage,!1),l.addEventListener(\"DOMContentLoaded\",function(){for(var e,t,s=l.querySelectorAll(\"iframe.wp-embedded-content\"),r=0;r<s.length;r++)(t=(e=s[r]).getAttribute(\"data-secret\"))||(t=Math.random().toString(36).substring(2,12),e.src+=\"#?secret=\"+t,e.setAttribute(\"data-secret\",t)),e.contentWindow.postMessage({message:\"ready\",secret:t},\"*\")},!1)))}(window,document);\n\/\/# sourceURL=https:\/\/jag.se\/opinion\/wp-includes\/js\/wp-embed.min.js\n\/* ]]> *\/\n<\/script>\n","thumbnail_url":"https:\/\/jag.se\/wp-content\/uploads\/sites\/3\/2017\/01\/artikel3-1.jpg","thumbnail_width":541,"thumbnail_height":244,"description":"Assistansers\u00e4ttning beviljas inte f\u00f6r sjukv\u00e5rdande insatser, som sjukv\u00e5rdshuvudmannen ska st\u00e5 f\u00f6r. D\u00e4remot g\u00e4ller r\u00e4tt till assistansers\u00e4ttning f\u00f6r s\u00e5dana uppgifter som den enskilde bed\u00f6mts kunna sk\u00f6ta sj\u00e4lv med hj\u00e4lp av anh\u00f6riga eller personliga assistenter, s\u00e5 kallad egenv\u00e5rd. Under 2016 har F\u00f6rs\u00e4kringskassan inf\u00f6rt en mer restriktiv till\u00e4mpning genom en l\u00e5ngtg\u00e5ende tolkning av ett fyra \u00e5r gammalt domstolsavg\u00f6rande."}