{"version":"1.0","provider_name":"JAG Opinion","provider_url":"https:\/\/jag.se\/opinion","author_name":"Allan Sundberg","author_url":"https:\/\/jag.se\/opinion\/author\/allan-sundberg-2-2-2-2-2-2\/","title":"Ministern h\u00f6rsammar brukarr\u00f6relsens oro - JAG Opinion","type":"rich","width":600,"height":338,"html":"<blockquote class=\"wp-embedded-content\" data-secret=\"nYfAnaytpf\"><a href=\"https:\/\/jag.se\/opinion\/ministern-horsammar-brukarrorelsens-oro\/\">Ministern h\u00f6rsammar brukarr\u00f6relsens oro<\/a><\/blockquote><iframe sandbox=\"allow-scripts\" security=\"restricted\" src=\"https:\/\/jag.se\/opinion\/ministern-horsammar-brukarrorelsens-oro\/embed\/#?secret=nYfAnaytpf\" width=\"600\" height=\"338\" title=\"\u201dMinistern h\u00f6rsammar brukarr\u00f6relsens oro\u201d &ndash; JAG Opinion\" data-secret=\"nYfAnaytpf\" frameborder=\"0\" marginwidth=\"0\" marginheight=\"0\" scrolling=\"no\" class=\"wp-embedded-content\"><\/iframe><script type=\"text\/javascript\">\n\/* <![CDATA[ *\/\n\/*! This file is auto-generated *\/\n!function(d,l){\"use strict\";l.querySelector&&d.addEventListener&&\"undefined\"!=typeof URL&&(d.wp=d.wp||{},d.wp.receiveEmbedMessage||(d.wp.receiveEmbedMessage=function(e){var t=e.data;if((t||t.secret||t.message||t.value)&&!\/[^a-zA-Z0-9]\/.test(t.secret)){for(var s,r,n,a=l.querySelectorAll('iframe[data-secret=\"'+t.secret+'\"]'),o=l.querySelectorAll('blockquote[data-secret=\"'+t.secret+'\"]'),c=new RegExp(\"^https?:$\",\"i\"),i=0;i<o.length;i++)o[i].style.display=\"none\";for(i=0;i<a.length;i++)s=a[i],e.source===s.contentWindow&&(s.removeAttribute(\"style\"),\"height\"===t.message?(1e3<(r=parseInt(t.value,10))?r=1e3:~~r<200&&(r=200),s.height=r):\"link\"===t.message&&(r=new URL(s.getAttribute(\"src\")),n=new URL(t.value),c.test(n.protocol))&&n.host===r.host&&l.activeElement===s&&(d.top.location.href=t.value))}},d.addEventListener(\"message\",d.wp.receiveEmbedMessage,!1),l.addEventListener(\"DOMContentLoaded\",function(){for(var e,t,s=l.querySelectorAll(\"iframe.wp-embedded-content\"),r=0;r<s.length;r++)(t=(e=s[r]).getAttribute(\"data-secret\"))||(t=Math.random().toString(36).substring(2,12),e.src+=\"#?secret=\"+t,e.setAttribute(\"data-secret\",t)),e.contentWindow.postMessage({message:\"ready\",secret:t},\"*\")},!1)))}(window,document);\n\/\/# sourceURL=https:\/\/jag.se\/opinion\/wp-includes\/js\/wp-embed.min.js\n\/* ]]> *\/\n<\/script>\n","thumbnail_url":"https:\/\/jag.se\/wp-content\/uploads\/sites\/3\/2023\/02\/Camilla-Waltersson-Gronvall-e1676967503783.jpg","thumbnail_width":1080,"thumbnail_height":810,"description":"Representanter fr\u00e5n brukarr\u00f6relsen d\u00e4ribland Tim Sundberg, med f\u00f6retr\u00e4dare Allan Sundberg, och Linda Forzelius tr\u00e4ffade p\u00e5 f\u00f6rmiddagen socialtj\u00e4nstminister Camilla Waltersson Gr\u00f6nvall som kallat till m\u00f6te. Ministern ville veta hur oron ser ut bland assistansanv\u00e4ndare p\u00e5 grund av IVOs indragande av Humanas tillst\u00e5nd. Riksf\u00f6reningen JAG framf\u00f6rde en \u00f6nskan om att IVO tillsynar kvalitet utifr\u00e5n m\u00e5len om integritet,"}