{"version":"1.0","provider_name":"JAG Opinion","provider_url":"https:\/\/jag.se\/opinion","author_name":"Kerstin Sellin","author_url":"https:\/\/jag.se\/opinion\/author\/kerstin-sellin-2-2-2-2-2-2-2-2\/","title":"Namninsamlingen \u00f6verl\u00e4mnad till ministern - JAG Opinion","type":"rich","width":600,"height":338,"html":"<blockquote class=\"wp-embedded-content\" data-secret=\"2dCZc3kXzO\"><a href=\"https:\/\/jag.se\/opinion\/namninsamlingen-overlamnad-till-ministern\/\">Namninsamlingen \u00f6verl\u00e4mnad till ministern<\/a><\/blockquote><iframe sandbox=\"allow-scripts\" security=\"restricted\" src=\"https:\/\/jag.se\/opinion\/namninsamlingen-overlamnad-till-ministern\/embed\/#?secret=2dCZc3kXzO\" width=\"600\" height=\"338\" title=\"\u201dNamninsamlingen \u00f6verl\u00e4mnad till ministern\u201d &ndash; JAG Opinion\" data-secret=\"2dCZc3kXzO\" frameborder=\"0\" marginwidth=\"0\" marginheight=\"0\" scrolling=\"no\" class=\"wp-embedded-content\"><\/iframe><script type=\"text\/javascript\">\n\/* <![CDATA[ *\/\n\/*! This file is auto-generated *\/\n!function(d,l){\"use strict\";l.querySelector&&d.addEventListener&&\"undefined\"!=typeof URL&&(d.wp=d.wp||{},d.wp.receiveEmbedMessage||(d.wp.receiveEmbedMessage=function(e){var t=e.data;if((t||t.secret||t.message||t.value)&&!\/[^a-zA-Z0-9]\/.test(t.secret)){for(var s,r,n,a=l.querySelectorAll('iframe[data-secret=\"'+t.secret+'\"]'),o=l.querySelectorAll('blockquote[data-secret=\"'+t.secret+'\"]'),c=new RegExp(\"^https?:$\",\"i\"),i=0;i<o.length;i++)o[i].style.display=\"none\";for(i=0;i<a.length;i++)s=a[i],e.source===s.contentWindow&&(s.removeAttribute(\"style\"),\"height\"===t.message?(1e3<(r=parseInt(t.value,10))?r=1e3:~~r<200&&(r=200),s.height=r):\"link\"===t.message&&(r=new URL(s.getAttribute(\"src\")),n=new URL(t.value),c.test(n.protocol))&&n.host===r.host&&l.activeElement===s&&(d.top.location.href=t.value))}},d.addEventListener(\"message\",d.wp.receiveEmbedMessage,!1),l.addEventListener(\"DOMContentLoaded\",function(){for(var e,t,s=l.querySelectorAll(\"iframe.wp-embedded-content\"),r=0;r<s.length;r++)(t=(e=s[r]).getAttribute(\"data-secret\"))||(t=Math.random().toString(36).substring(2,12),e.src+=\"#?secret=\"+t,e.setAttribute(\"data-secret\",t)),e.contentWindow.postMessage({message:\"ready\",secret:t},\"*\")},!1)))}(window,document);\n\/\/# sourceURL=https:\/\/jag.se\/opinion\/wp-includes\/js\/wp-embed.min.js\n\/* ]]> *\/\n<\/script>\n","thumbnail_url":"https:\/\/jag.se\/wp-content\/uploads\/sites\/3\/2022\/11\/Utanfor-socialdepartementet-dag-3-webb.jpg","thumbnail_width":500,"thumbnail_height":394,"description":"Omkring 3 500 personer skrev p\u00e5 kampanjen Rimliga villkors namninsamling f\u00f6r en h\u00f6jd assistansers\u00e4ttning. Nu har den \u00f6verl\u00e4mnats till den nya regeringen. I snart ett decennium har assistansers\u00e4ttningen till\u00e5tits halka efter l\u00f6ner och \u00f6vriga kostnader. F\u00f6r att komma ifatt m\u00e5ste schablonbeloppet h\u00f6jas fr\u00e5n dagens 319,70 kr per assistanstimme, till minst 350 kr per timme. Ig\u00e5r"}