{"version":"1.0","provider_name":"JAG Opinion","provider_url":"https:\/\/jag.se\/opinion","author_name":"Alexander Alexandrov","author_url":"https:\/\/jag.se\/opinion\/author\/alexander-alexandrov-2-2-2-2-2\/","title":"Nytt lagf\u00f6rslag fr\u00e5n regeringen kring andning och sond\u00e4tning - JAG Opinion","type":"rich","width":600,"height":338,"html":"<blockquote class=\"wp-embedded-content\" data-secret=\"HjDV239j3Z\"><a href=\"https:\/\/jag.se\/opinion\/nytt-lagforslag-fran-regeringen-kring-andning-och-sondatning\/\">Nytt lagf\u00f6rslag fr\u00e5n regeringen kring andning och sond\u00e4tning<\/a><\/blockquote><iframe sandbox=\"allow-scripts\" security=\"restricted\" src=\"https:\/\/jag.se\/opinion\/nytt-lagforslag-fran-regeringen-kring-andning-och-sondatning\/embed\/#?secret=HjDV239j3Z\" width=\"600\" height=\"338\" title=\"\u201dNytt lagf\u00f6rslag fr\u00e5n regeringen kring andning och sond\u00e4tning\u201d &ndash; JAG Opinion\" data-secret=\"HjDV239j3Z\" frameborder=\"0\" marginwidth=\"0\" marginheight=\"0\" scrolling=\"no\" class=\"wp-embedded-content\"><\/iframe><script type=\"text\/javascript\">\n\/* <![CDATA[ *\/\n\/*! This file is auto-generated *\/\n!function(d,l){\"use strict\";l.querySelector&&d.addEventListener&&\"undefined\"!=typeof URL&&(d.wp=d.wp||{},d.wp.receiveEmbedMessage||(d.wp.receiveEmbedMessage=function(e){var t=e.data;if((t||t.secret||t.message||t.value)&&!\/[^a-zA-Z0-9]\/.test(t.secret)){for(var s,r,n,a=l.querySelectorAll('iframe[data-secret=\"'+t.secret+'\"]'),o=l.querySelectorAll('blockquote[data-secret=\"'+t.secret+'\"]'),c=new RegExp(\"^https?:$\",\"i\"),i=0;i<o.length;i++)o[i].style.display=\"none\";for(i=0;i<a.length;i++)s=a[i],e.source===s.contentWindow&&(s.removeAttribute(\"style\"),\"height\"===t.message?(1e3<(r=parseInt(t.value,10))?r=1e3:~~r<200&&(r=200),s.height=r):\"link\"===t.message&&(r=new URL(s.getAttribute(\"src\")),n=new URL(t.value),c.test(n.protocol))&&n.host===r.host&&l.activeElement===s&&(d.top.location.href=t.value))}},d.addEventListener(\"message\",d.wp.receiveEmbedMessage,!1),l.addEventListener(\"DOMContentLoaded\",function(){for(var e,t,s=l.querySelectorAll(\"iframe.wp-embedded-content\"),r=0;r<s.length;r++)(t=(e=s[r]).getAttribute(\"data-secret\"))||(t=Math.random().toString(36).substring(2,12),e.src+=\"#?secret=\"+t,e.setAttribute(\"data-secret\",t)),e.contentWindow.postMessage({message:\"ready\",secret:t},\"*\")},!1)))}(window,document);\n\/\/# sourceURL=https:\/\/jag.se\/opinion\/wp-includes\/js\/wp-embed.min.js\n\/* ]]> *\/\n<\/script>\n","thumbnail_url":"https:\/\/jag.se\/wp-content\/uploads\/sites\/3\/2020\/01\/spruta-1.jpg","thumbnail_width":370,"thumbnail_height":277,"description":"Regeringen har i dag l\u00e4mnat ett f\u00f6rslag till ny lag om andning och sond\u00e4tning till Lagr\u00e5det. Gl\u00e4djande nog konstaterar regeringen att assistans med andning och sond\u00e4tning \u00e4r kritiska f\u00f6r en persons \u00f6verlevnad och att ingen som har behov av detta och omfattas av personkretsen enligt LSS ska g\u00e5 miste om r\u00e4tten till personlig assistans eller"}