{"version":"1.0","provider_name":"JAG Opinion","provider_url":"https:\/\/jag.se\/opinion","author_name":"Kerstin Sellin","author_url":"https:\/\/jag.se\/opinion\/author\/kerstin-sellin-2-2-2-2-2-2-2-2\/","title":"\u200bCyniskt och grymt agerande fr\u00e5n F\u00f6rs\u00e4kringskassan - JAG Opinion","type":"rich","width":600,"height":338,"html":"<blockquote class=\"wp-embedded-content\" data-secret=\"SAM88tUkxx\"><a href=\"https:\/\/jag.se\/opinion\/pressreleases\/cyniskt-och-grymt-agerande-fran-forsakringskassan\/\">\u200bCyniskt och grymt agerande fr\u00e5n F\u00f6rs\u00e4kringskassan<\/a><\/blockquote><iframe sandbox=\"allow-scripts\" security=\"restricted\" src=\"https:\/\/jag.se\/opinion\/pressreleases\/cyniskt-och-grymt-agerande-fran-forsakringskassan\/embed\/#?secret=SAM88tUkxx\" width=\"600\" height=\"338\" title=\"\u201d\u200bCyniskt och grymt agerande fr\u00e5n F\u00f6rs\u00e4kringskassan\u201d &ndash; JAG Opinion\" data-secret=\"SAM88tUkxx\" frameborder=\"0\" marginwidth=\"0\" marginheight=\"0\" scrolling=\"no\" class=\"wp-embedded-content\"><\/iframe><script type=\"text\/javascript\">\n\/* <![CDATA[ *\/\n\/*! This file is auto-generated *\/\n!function(d,l){\"use strict\";l.querySelector&&d.addEventListener&&\"undefined\"!=typeof URL&&(d.wp=d.wp||{},d.wp.receiveEmbedMessage||(d.wp.receiveEmbedMessage=function(e){var t=e.data;if((t||t.secret||t.message||t.value)&&!\/[^a-zA-Z0-9]\/.test(t.secret)){for(var s,r,n,a=l.querySelectorAll('iframe[data-secret=\"'+t.secret+'\"]'),o=l.querySelectorAll('blockquote[data-secret=\"'+t.secret+'\"]'),c=new RegExp(\"^https?:$\",\"i\"),i=0;i<o.length;i++)o[i].style.display=\"none\";for(i=0;i<a.length;i++)s=a[i],e.source===s.contentWindow&&(s.removeAttribute(\"style\"),\"height\"===t.message?(1e3<(r=parseInt(t.value,10))?r=1e3:~~r<200&&(r=200),s.height=r):\"link\"===t.message&&(r=new URL(s.getAttribute(\"src\")),n=new URL(t.value),c.test(n.protocol))&&n.host===r.host&&l.activeElement===s&&(d.top.location.href=t.value))}},d.addEventListener(\"message\",d.wp.receiveEmbedMessage,!1),l.addEventListener(\"DOMContentLoaded\",function(){for(var e,t,s=l.querySelectorAll(\"iframe.wp-embedded-content\"),r=0;r<s.length;r++)(t=(e=s[r]).getAttribute(\"data-secret\"))||(t=Math.random().toString(36).substring(2,12),e.src+=\"#?secret=\"+t,e.setAttribute(\"data-secret\",t)),e.contentWindow.postMessage({message:\"ready\",secret:t},\"*\")},!1)))}(window,document);\n\/\/# sourceURL=https:\/\/jag.se\/opinion\/wp-includes\/js\/wp-embed.min.js\n\/* ]]> *\/\n<\/script>\n","description":"F\u00f6rs\u00e4kringskassan har p\u00e5 en direkt fr\u00e5ga fr\u00e5n F\u00f6reningen JAG svarat att de kommer att neka utbetalning av assistansers\u00e4ttning om den enskildes redovisning\u00a0kommer in f\u00f6r sent. Hittills har f\u00f6ljden av en f\u00f6rsenad redovisning\u00a0blivit en f\u00f6rdr\u00f6jning i utbetalningen av assistansers\u00e4ttningen. Det \u00e4r en k\u00e4nnbar men inte orimlig p\u00e5f\u00f6ljd. Sj\u00e4lvklart har assistansanv\u00e4ndaren efter en tid f\u00e5tt sin ers\u00e4ttning"}