{"version":"1.0","provider_name":"JAG Opinion","provider_url":"https:\/\/jag.se\/opinion","author_name":"Kerstin Sellin","author_url":"https:\/\/jag.se\/opinion\/author\/kerstin-sellin-2-2-2-2-2-2-2-2\/","title":"Idag firar Riksf\u00f6reningen JAG livet! - JAG Opinion","type":"rich","width":600,"height":338,"html":"<blockquote class=\"wp-embedded-content\" data-secret=\"7MIgbsQeEh\"><a href=\"https:\/\/jag.se\/opinion\/pressreleases\/idag-firar-riksforeningen-jag-livet\/\">Idag firar Riksf\u00f6reningen JAG livet!<\/a><\/blockquote><iframe sandbox=\"allow-scripts\" security=\"restricted\" src=\"https:\/\/jag.se\/opinion\/pressreleases\/idag-firar-riksforeningen-jag-livet\/embed\/#?secret=7MIgbsQeEh\" width=\"600\" height=\"338\" title=\"\u201dIdag firar Riksf\u00f6reningen JAG livet!\u201d &ndash; JAG Opinion\" data-secret=\"7MIgbsQeEh\" frameborder=\"0\" marginwidth=\"0\" marginheight=\"0\" scrolling=\"no\" class=\"wp-embedded-content\"><\/iframe><script type=\"text\/javascript\">\n\/* <![CDATA[ *\/\n\/*! This file is auto-generated *\/\n!function(d,l){\"use strict\";l.querySelector&&d.addEventListener&&\"undefined\"!=typeof URL&&(d.wp=d.wp||{},d.wp.receiveEmbedMessage||(d.wp.receiveEmbedMessage=function(e){var t=e.data;if((t||t.secret||t.message||t.value)&&!\/[^a-zA-Z0-9]\/.test(t.secret)){for(var s,r,n,a=l.querySelectorAll('iframe[data-secret=\"'+t.secret+'\"]'),o=l.querySelectorAll('blockquote[data-secret=\"'+t.secret+'\"]'),c=new RegExp(\"^https?:$\",\"i\"),i=0;i<o.length;i++)o[i].style.display=\"none\";for(i=0;i<a.length;i++)s=a[i],e.source===s.contentWindow&&(s.removeAttribute(\"style\"),\"height\"===t.message?(1e3<(r=parseInt(t.value,10))?r=1e3:~~r<200&&(r=200),s.height=r):\"link\"===t.message&&(r=new URL(s.getAttribute(\"src\")),n=new URL(t.value),c.test(n.protocol))&&n.host===r.host&&l.activeElement===s&&(d.top.location.href=t.value))}},d.addEventListener(\"message\",d.wp.receiveEmbedMessage,!1),l.addEventListener(\"DOMContentLoaded\",function(){for(var e,t,s=l.querySelectorAll(\"iframe.wp-embedded-content\"),r=0;r<s.length;r++)(t=(e=s[r]).getAttribute(\"data-secret\"))||(t=Math.random().toString(36).substring(2,12),e.src+=\"#?secret=\"+t,e.setAttribute(\"data-secret\",t)),e.contentWindow.postMessage({message:\"ready\",secret:t},\"*\")},!1)))}(window,document);\n\/\/# sourceURL=https:\/\/jag.se\/opinion\/wp-includes\/js\/wp-embed.min.js\n\/* ]]> *\/\n<\/script>\n","thumbnail_url":"https:\/\/jag.se\/opinion\/wp-content\/uploads\/sites\/3\/2024\/08\/a2b6f4ab2c7d80ad_org-2.jpg","thumbnail_width":960,"thumbnail_height":577,"description":"Karnevalen \u00e4r b\u00e5de en rolig upplevelse och\u00a0samtidigt en intressepolitisk manifestation\u00a0f\u00f6r m\u00e4nskliga r\u00e4ttigheter f\u00f6r personer med stora funktionsneds\u00e4ttningar. Alla kan vara med! Det blir b\u00e5de livemusik med Rrriot Samba och tal av politiker! Fredag 30\/8 15\u201315.30 Samling utanf\u00f6r JAGs kansli, Klara s\u00f6dra kyrkogata 1 i Stockholm 15.30\u201316 Karnevalst\u00e5get g\u00e5r genom Stockholm 16\u201316:30 Musik och tal p\u00e5"}