{"version":"1.0","provider_name":"JAG Opinion","provider_url":"https:\/\/jag.se\/opinion","author_name":"Kerstin Sellin","author_url":"https:\/\/jag.se\/opinion\/author\/kerstin-sellin-2-2-2-2-2-2-2-2\/","title":"JAGs medlemmar tar plats i Almedalen! - JAG Opinion","type":"rich","width":600,"height":338,"html":"<blockquote class=\"wp-embedded-content\" data-secret=\"eDRqTVah6Q\"><a href=\"https:\/\/jag.se\/opinion\/pressreleases\/jags-medlemmar-tar-plats-i-almedalen\/\">JAGs medlemmar tar plats i Almedalen!<\/a><\/blockquote><iframe sandbox=\"allow-scripts\" security=\"restricted\" src=\"https:\/\/jag.se\/opinion\/pressreleases\/jags-medlemmar-tar-plats-i-almedalen\/embed\/#?secret=eDRqTVah6Q\" width=\"600\" height=\"338\" title=\"\u201dJAGs medlemmar tar plats i Almedalen!\u201d &ndash; JAG Opinion\" data-secret=\"eDRqTVah6Q\" frameborder=\"0\" marginwidth=\"0\" marginheight=\"0\" scrolling=\"no\" class=\"wp-embedded-content\"><\/iframe><script type=\"text\/javascript\">\n\/* <![CDATA[ *\/\n\/*! This file is auto-generated *\/\n!function(d,l){\"use strict\";l.querySelector&&d.addEventListener&&\"undefined\"!=typeof URL&&(d.wp=d.wp||{},d.wp.receiveEmbedMessage||(d.wp.receiveEmbedMessage=function(e){var t=e.data;if((t||t.secret||t.message||t.value)&&!\/[^a-zA-Z0-9]\/.test(t.secret)){for(var s,r,n,a=l.querySelectorAll('iframe[data-secret=\"'+t.secret+'\"]'),o=l.querySelectorAll('blockquote[data-secret=\"'+t.secret+'\"]'),c=new RegExp(\"^https?:$\",\"i\"),i=0;i<o.length;i++)o[i].style.display=\"none\";for(i=0;i<a.length;i++)s=a[i],e.source===s.contentWindow&&(s.removeAttribute(\"style\"),\"height\"===t.message?(1e3<(r=parseInt(t.value,10))?r=1e3:~~r<200&&(r=200),s.height=r):\"link\"===t.message&&(r=new URL(s.getAttribute(\"src\")),n=new URL(t.value),c.test(n.protocol))&&n.host===r.host&&l.activeElement===s&&(d.top.location.href=t.value))}},d.addEventListener(\"message\",d.wp.receiveEmbedMessage,!1),l.addEventListener(\"DOMContentLoaded\",function(){for(var e,t,s=l.querySelectorAll(\"iframe.wp-embedded-content\"),r=0;r<s.length;r++)(t=(e=s[r]).getAttribute(\"data-secret\"))||(t=Math.random().toString(36).substring(2,12),e.src+=\"#?secret=\"+t,e.setAttribute(\"data-secret\",t)),e.contentWindow.postMessage({message:\"ready\",secret:t},\"*\")},!1)))}(window,document);\n\/\/# sourceURL=https:\/\/jag.se\/opinion\/wp-includes\/js\/wp-embed.min.js\n\/* ]]> *\/\n<\/script>\n","thumbnail_url":"https:\/\/jag.se\/opinion\/wp-content\/uploads\/sites\/3\/2014\/06\/a76b8c0d5aa12bc0_org-10-scaled.jpg","thumbnail_width":2560,"thumbnail_height":1920,"description":"I \u00e5r samlar F\u00f6reningen JAG sig under fr\u00e5gan \u201dVem ska best\u00e4mma i mitt liv?\u201d\u00a0H\u00e4runder ryms b\u00e5de Independent Livings syns\u00e4tt att det \u00e4r den enskilde som \u00e4r \u201dexpert\u201d p\u00e5 sitt eget liv, r\u00e4tten till en god man som man k\u00e4nner och kan kommunicera med och vad som m\u00e5ste g\u00f6ras f\u00f6r att framtidss\u00e4kra assistansen n\u00e4r det g\u00e4ller"}