{"version":"1.0","provider_name":"JAG Opinion","provider_url":"https:\/\/jag.se\/opinion","author_name":"Kerstin Sellin","author_url":"https:\/\/jag.se\/opinion\/author\/kerstin-sellin-2-2-2-2-2-2-2-2\/","title":"Manifestation f\u00f6r den personliga assistansen - JAG Opinion","type":"rich","width":600,"height":338,"html":"<blockquote class=\"wp-embedded-content\" data-secret=\"0UEuL8DrbO\"><a href=\"https:\/\/jag.se\/opinion\/pressreleases\/manifestation-for-den-personliga-assistansen\/\">Manifestation f\u00f6r den personliga assistansen<\/a><\/blockquote><iframe sandbox=\"allow-scripts\" security=\"restricted\" src=\"https:\/\/jag.se\/opinion\/pressreleases\/manifestation-for-den-personliga-assistansen\/embed\/#?secret=0UEuL8DrbO\" width=\"600\" height=\"338\" title=\"\u201dManifestation f\u00f6r den personliga assistansen\u201d &ndash; JAG Opinion\" data-secret=\"0UEuL8DrbO\" frameborder=\"0\" marginwidth=\"0\" marginheight=\"0\" scrolling=\"no\" class=\"wp-embedded-content\"><\/iframe><script type=\"text\/javascript\">\n\/* <![CDATA[ *\/\n\/*! This file is auto-generated *\/\n!function(d,l){\"use strict\";l.querySelector&&d.addEventListener&&\"undefined\"!=typeof URL&&(d.wp=d.wp||{},d.wp.receiveEmbedMessage||(d.wp.receiveEmbedMessage=function(e){var t=e.data;if((t||t.secret||t.message||t.value)&&!\/[^a-zA-Z0-9]\/.test(t.secret)){for(var s,r,n,a=l.querySelectorAll('iframe[data-secret=\"'+t.secret+'\"]'),o=l.querySelectorAll('blockquote[data-secret=\"'+t.secret+'\"]'),c=new RegExp(\"^https?:$\",\"i\"),i=0;i<o.length;i++)o[i].style.display=\"none\";for(i=0;i<a.length;i++)s=a[i],e.source===s.contentWindow&&(s.removeAttribute(\"style\"),\"height\"===t.message?(1e3<(r=parseInt(t.value,10))?r=1e3:~~r<200&&(r=200),s.height=r):\"link\"===t.message&&(r=new URL(s.getAttribute(\"src\")),n=new URL(t.value),c.test(n.protocol))&&n.host===r.host&&l.activeElement===s&&(d.top.location.href=t.value))}},d.addEventListener(\"message\",d.wp.receiveEmbedMessage,!1),l.addEventListener(\"DOMContentLoaded\",function(){for(var e,t,s=l.querySelectorAll(\"iframe.wp-embedded-content\"),r=0;r<s.length;r++)(t=(e=s[r]).getAttribute(\"data-secret\"))||(t=Math.random().toString(36).substring(2,12),e.src+=\"#?secret=\"+t,e.setAttribute(\"data-secret\",t)),e.contentWindow.postMessage({message:\"ready\",secret:t},\"*\")},!1)))}(window,document);\n\/\/# sourceURL=https:\/\/jag.se\/opinion\/wp-includes\/js\/wp-embed.min.js\n\/* ]]> *\/\n<\/script>\n","thumbnail_url":"https:\/\/jag.se\/opinion\/wp-content\/uploads\/sites\/3\/2022\/09\/892dfcf0595aae7c_org-9.png","thumbnail_width":1200,"thumbnail_height":630,"description":"Ers\u00e4ttningen som staten betalar ut till den som har r\u00e4tt till personlig assistans har under l\u00e5ng tid urholkats, j\u00e4mf\u00f6rt med utvecklingen av l\u00f6ner och andra kostnads\u00f6kningar. Ska vi komma ifatt m\u00e5ste assistansers\u00e4ttningen h\u00f6jas rej\u00e4lt. I samband med att det nu f\u00f6rs f\u00f6rhandlingar om att bilda en ny regering vill de tolv organisationer som st\u00e5r bakom"}