{"version":"1.0","provider_name":"JAG Opinion","provider_url":"https:\/\/jag.se\/opinion","author_name":"Kerstin Sellin","author_url":"https:\/\/jag.se\/opinion\/author\/kerstin-sellin-2-2-2-2-2-2-2-2\/","title":"Ny forskning: funkisf\u00f6r\u00e4ldrar \u00e4r m\u00e4nniskor\u00e4ttsf\u00f6rsvarare - JAG Opinion","type":"rich","width":600,"height":338,"html":"<blockquote class=\"wp-embedded-content\" data-secret=\"VTT5N5SRME\"><a href=\"https:\/\/jag.se\/opinion\/pressreleases\/ny-forskning-funkisforaldrar-ar-manniskorattsforsvarare\/\">Ny forskning: funkisf\u00f6r\u00e4ldrar \u00e4r m\u00e4nniskor\u00e4ttsf\u00f6rsvarare<\/a><\/blockquote><iframe sandbox=\"allow-scripts\" security=\"restricted\" src=\"https:\/\/jag.se\/opinion\/pressreleases\/ny-forskning-funkisforaldrar-ar-manniskorattsforsvarare\/embed\/#?secret=VTT5N5SRME\" width=\"600\" height=\"338\" title=\"\u201dNy forskning: funkisf\u00f6r\u00e4ldrar \u00e4r m\u00e4nniskor\u00e4ttsf\u00f6rsvarare\u201d &ndash; JAG Opinion\" data-secret=\"VTT5N5SRME\" frameborder=\"0\" marginwidth=\"0\" marginheight=\"0\" scrolling=\"no\" class=\"wp-embedded-content\"><\/iframe><script type=\"text\/javascript\">\n\/* <![CDATA[ *\/\n\/*! This file is auto-generated *\/\n!function(d,l){\"use strict\";l.querySelector&&d.addEventListener&&\"undefined\"!=typeof URL&&(d.wp=d.wp||{},d.wp.receiveEmbedMessage||(d.wp.receiveEmbedMessage=function(e){var t=e.data;if((t||t.secret||t.message||t.value)&&!\/[^a-zA-Z0-9]\/.test(t.secret)){for(var s,r,n,a=l.querySelectorAll('iframe[data-secret=\"'+t.secret+'\"]'),o=l.querySelectorAll('blockquote[data-secret=\"'+t.secret+'\"]'),c=new RegExp(\"^https?:$\",\"i\"),i=0;i<o.length;i++)o[i].style.display=\"none\";for(i=0;i<a.length;i++)s=a[i],e.source===s.contentWindow&&(s.removeAttribute(\"style\"),\"height\"===t.message?(1e3<(r=parseInt(t.value,10))?r=1e3:~~r<200&&(r=200),s.height=r):\"link\"===t.message&&(r=new URL(s.getAttribute(\"src\")),n=new URL(t.value),c.test(n.protocol))&&n.host===r.host&&l.activeElement===s&&(d.top.location.href=t.value))}},d.addEventListener(\"message\",d.wp.receiveEmbedMessage,!1),l.addEventListener(\"DOMContentLoaded\",function(){for(var e,t,s=l.querySelectorAll(\"iframe.wp-embedded-content\"),r=0;r<s.length;r++)(t=(e=s[r]).getAttribute(\"data-secret\"))||(t=Math.random().toString(36).substring(2,12),e.src+=\"#?secret=\"+t,e.setAttribute(\"data-secret\",t)),e.contentWindow.postMessage({message:\"ready\",secret:t},\"*\")},!1)))}(window,document);\n\/\/# sourceURL=https:\/\/jag.se\/opinion\/wp-includes\/js\/wp-embed.min.js\n\/* ]]> *\/\n<\/script>\n","thumbnail_url":"https:\/\/jag.se\/opinion\/wp-content\/uploads\/sites\/3\/2018\/07\/974a5086772e4f54_org-12.jpg","thumbnail_width":2084,"thumbnail_height":1973,"description":"P\u00e5 tisdagen presenterade forskaren Matilda Svensson Chowdhury sin p\u00e5g\u00e5ende studie V\u00e4rdet av aktivism: anh\u00f6riga och personlig assistans. Hon har unders\u00f6kt hur f\u00f6r\u00e4ldrar hanterar den situation som uppst\u00e5r n\u00e4r deras vuxna barn f\u00f6rv\u00e4gras de m\u00e4nskliga r\u00e4ttigheter som de har r\u00e4tt till enligt lag. Hon konstaterar att n\u00e4rst\u00e5ende till assistansber\u00e4ttigade personer idag ofta ses som orsak till"}