{"version":"1.0","provider_name":"JAG Opinion","provider_url":"https:\/\/jag.se\/opinion","author_name":"Kerstin Sellin","author_url":"https:\/\/jag.se\/opinion\/author\/kerstin-sellin-2-2-2-2-2-2-2-2\/","title":"Regeringen forts\u00e4tter urholka frihetsreform - JAG Opinion","type":"rich","width":600,"height":338,"html":"<blockquote class=\"wp-embedded-content\" data-secret=\"4qgFpFrEQp\"><a href=\"https:\/\/jag.se\/opinion\/pressreleases\/regeringen-fortsatter-urholka-frihetsreform\/\">Regeringen forts\u00e4tter urholka frihetsreform<\/a><\/blockquote><iframe sandbox=\"allow-scripts\" security=\"restricted\" src=\"https:\/\/jag.se\/opinion\/pressreleases\/regeringen-fortsatter-urholka-frihetsreform\/embed\/#?secret=4qgFpFrEQp\" width=\"600\" height=\"338\" title=\"\u201dRegeringen forts\u00e4tter urholka frihetsreform\u201d &ndash; JAG Opinion\" data-secret=\"4qgFpFrEQp\" frameborder=\"0\" marginwidth=\"0\" marginheight=\"0\" scrolling=\"no\" class=\"wp-embedded-content\"><\/iframe><script type=\"text\/javascript\">\n\/* <![CDATA[ *\/\n\/*! This file is auto-generated *\/\n!function(d,l){\"use strict\";l.querySelector&&d.addEventListener&&\"undefined\"!=typeof URL&&(d.wp=d.wp||{},d.wp.receiveEmbedMessage||(d.wp.receiveEmbedMessage=function(e){var t=e.data;if((t||t.secret||t.message||t.value)&&!\/[^a-zA-Z0-9]\/.test(t.secret)){for(var s,r,n,a=l.querySelectorAll('iframe[data-secret=\"'+t.secret+'\"]'),o=l.querySelectorAll('blockquote[data-secret=\"'+t.secret+'\"]'),c=new RegExp(\"^https?:$\",\"i\"),i=0;i<o.length;i++)o[i].style.display=\"none\";for(i=0;i<a.length;i++)s=a[i],e.source===s.contentWindow&&(s.removeAttribute(\"style\"),\"height\"===t.message?(1e3<(r=parseInt(t.value,10))?r=1e3:~~r<200&&(r=200),s.height=r):\"link\"===t.message&&(r=new URL(s.getAttribute(\"src\")),n=new URL(t.value),c.test(n.protocol))&&n.host===r.host&&l.activeElement===s&&(d.top.location.href=t.value))}},d.addEventListener(\"message\",d.wp.receiveEmbedMessage,!1),l.addEventListener(\"DOMContentLoaded\",function(){for(var e,t,s=l.querySelectorAll(\"iframe.wp-embedded-content\"),r=0;r<s.length;r++)(t=(e=s[r]).getAttribute(\"data-secret\"))||(t=Math.random().toString(36).substring(2,12),e.src+=\"#?secret=\"+t,e.setAttribute(\"data-secret\",t)),e.contentWindow.postMessage({message:\"ready\",secret:t},\"*\")},!1)))}(window,document);\n\/\/# sourceURL=https:\/\/jag.se\/opinion\/wp-includes\/js\/wp-embed.min.js\n\/* ]]> *\/\n<\/script>\n","thumbnail_url":"https:\/\/jag.se\/opinion\/wp-content\/uploads\/sites\/3\/2023\/09\/8ef38527d1f8bbd2_org-10.jpg","thumbnail_width":425,"thumbnail_height":393,"description":"Sveriges regeringar har under det senaste decenniet, med allt f\u00f6r l\u00e5ga \u00e5rliga uppr\u00e4kningar, bidragit till en djup ekonomisk urholkning av assistansers\u00e4ttningen. Schablonbeloppet har halkat l\u00e5ngt efter l\u00f6ne\u00f6kningar och inflation. M\u00e4rket f\u00f6r l\u00f6ne\u00f6kningarna f\u00f6r de kommande tv\u00e5 \u00e5ren ligger p\u00e5 7,4 procent. Med en h\u00f6jning av ers\u00e4ttningen p\u00e5 endast 2,5 procent g\u00e5r kalkylen inte ihop. Hur"}