{"version":"1.0","provider_name":"JAG Opinion","provider_url":"https:\/\/jag.se\/opinion","author_name":"Kerstin Sellin","author_url":"https:\/\/jag.se\/opinion\/author\/kerstin-sellin-2-2-2-2-2-2-2-2\/","title":"Regeringen nonchalerar anv\u00e4ndare av personlig assistans - JAG Opinion","type":"rich","width":600,"height":338,"html":"<blockquote class=\"wp-embedded-content\" data-secret=\"xMtwGTzOvf\"><a href=\"https:\/\/jag.se\/opinion\/pressreleases\/regeringen-nonchalerar-anvandare-av-personlig-assistans\/\">Regeringen nonchalerar anv\u00e4ndare av personlig assistans<\/a><\/blockquote><iframe sandbox=\"allow-scripts\" security=\"restricted\" src=\"https:\/\/jag.se\/opinion\/pressreleases\/regeringen-nonchalerar-anvandare-av-personlig-assistans\/embed\/#?secret=xMtwGTzOvf\" width=\"600\" height=\"338\" title=\"\u201dRegeringen nonchalerar anv\u00e4ndare av personlig assistans\u201d &ndash; JAG Opinion\" data-secret=\"xMtwGTzOvf\" frameborder=\"0\" marginwidth=\"0\" marginheight=\"0\" scrolling=\"no\" class=\"wp-embedded-content\"><\/iframe><script type=\"text\/javascript\">\n\/* <![CDATA[ *\/\n\/*! This file is auto-generated *\/\n!function(d,l){\"use strict\";l.querySelector&&d.addEventListener&&\"undefined\"!=typeof URL&&(d.wp=d.wp||{},d.wp.receiveEmbedMessage||(d.wp.receiveEmbedMessage=function(e){var t=e.data;if((t||t.secret||t.message||t.value)&&!\/[^a-zA-Z0-9]\/.test(t.secret)){for(var s,r,n,a=l.querySelectorAll('iframe[data-secret=\"'+t.secret+'\"]'),o=l.querySelectorAll('blockquote[data-secret=\"'+t.secret+'\"]'),c=new RegExp(\"^https?:$\",\"i\"),i=0;i<o.length;i++)o[i].style.display=\"none\";for(i=0;i<a.length;i++)s=a[i],e.source===s.contentWindow&&(s.removeAttribute(\"style\"),\"height\"===t.message?(1e3<(r=parseInt(t.value,10))?r=1e3:~~r<200&&(r=200),s.height=r):\"link\"===t.message&&(r=new URL(s.getAttribute(\"src\")),n=new URL(t.value),c.test(n.protocol))&&n.host===r.host&&l.activeElement===s&&(d.top.location.href=t.value))}},d.addEventListener(\"message\",d.wp.receiveEmbedMessage,!1),l.addEventListener(\"DOMContentLoaded\",function(){for(var e,t,s=l.querySelectorAll(\"iframe.wp-embedded-content\"),r=0;r<s.length;r++)(t=(e=s[r]).getAttribute(\"data-secret\"))||(t=Math.random().toString(36).substring(2,12),e.src+=\"#?secret=\"+t,e.setAttribute(\"data-secret\",t)),e.contentWindow.postMessage({message:\"ready\",secret:t},\"*\")},!1)))}(window,document);\n\/\/# sourceURL=https:\/\/jag.se\/opinion\/wp-includes\/js\/wp-embed.min.js\n\/* ]]> *\/\n<\/script>\n","description":"F\u00f6reningen JAG \u00e4r starkt oroad \u00f6ver de f\u00f6rslag till f\u00f6r\u00e4ndringar i assistentreformen som nu ligger p\u00e5 regeringens bord. F\u00f6rslagen \u00e4r framtagna utan n\u00e5got samr\u00e5d eller inflytande av organisationer som f\u00f6retr\u00e4der brukare av personlig assistans. F\u00f6r\u00e4ndringar i assistansreformen \u00e4r i allra h\u00f6gsta grad en fr\u00e5ga som ber\u00f6r personer med funktionsneds\u00e4ttning. Reformen \u00e4r helt enkelt livsviktig f\u00f6r"}