{"version":"1.0","provider_name":"JAG Opinion","provider_url":"https:\/\/jag.se\/opinion","author_name":"Kerstin Sellin","author_url":"https:\/\/jag.se\/opinion\/author\/kerstin-sellin-2-2-2-2-2-2-2-2\/","title":"Regeringens neddragningar av assistansen forts\u00e4tter - JAG Opinion","type":"rich","width":600,"height":338,"html":"<blockquote class=\"wp-embedded-content\" data-secret=\"2LC63XI8RZ\"><a href=\"https:\/\/jag.se\/opinion\/pressreleases\/regeringens-neddragningar-av-assistansen-fortsatter\/\">Regeringens neddragningar av assistansen forts\u00e4tter<\/a><\/blockquote><iframe sandbox=\"allow-scripts\" security=\"restricted\" src=\"https:\/\/jag.se\/opinion\/pressreleases\/regeringens-neddragningar-av-assistansen-fortsatter\/embed\/#?secret=2LC63XI8RZ\" width=\"600\" height=\"338\" title=\"\u201dRegeringens neddragningar av assistansen forts\u00e4tter\u201d &ndash; JAG Opinion\" data-secret=\"2LC63XI8RZ\" frameborder=\"0\" marginwidth=\"0\" marginheight=\"0\" scrolling=\"no\" class=\"wp-embedded-content\"><\/iframe><script type=\"text\/javascript\">\n\/* <![CDATA[ *\/\n\/*! This file is auto-generated *\/\n!function(d,l){\"use strict\";l.querySelector&&d.addEventListener&&\"undefined\"!=typeof URL&&(d.wp=d.wp||{},d.wp.receiveEmbedMessage||(d.wp.receiveEmbedMessage=function(e){var t=e.data;if((t||t.secret||t.message||t.value)&&!\/[^a-zA-Z0-9]\/.test(t.secret)){for(var s,r,n,a=l.querySelectorAll('iframe[data-secret=\"'+t.secret+'\"]'),o=l.querySelectorAll('blockquote[data-secret=\"'+t.secret+'\"]'),c=new RegExp(\"^https?:$\",\"i\"),i=0;i<o.length;i++)o[i].style.display=\"none\";for(i=0;i<a.length;i++)s=a[i],e.source===s.contentWindow&&(s.removeAttribute(\"style\"),\"height\"===t.message?(1e3<(r=parseInt(t.value,10))?r=1e3:~~r<200&&(r=200),s.height=r):\"link\"===t.message&&(r=new URL(s.getAttribute(\"src\")),n=new URL(t.value),c.test(n.protocol))&&n.host===r.host&&l.activeElement===s&&(d.top.location.href=t.value))}},d.addEventListener(\"message\",d.wp.receiveEmbedMessage,!1),l.addEventListener(\"DOMContentLoaded\",function(){for(var e,t,s=l.querySelectorAll(\"iframe.wp-embedded-content\"),r=0;r<s.length;r++)(t=(e=s[r]).getAttribute(\"data-secret\"))||(t=Math.random().toString(36).substring(2,12),e.src+=\"#?secret=\"+t,e.setAttribute(\"data-secret\",t)),e.contentWindow.postMessage({message:\"ready\",secret:t},\"*\")},!1)))}(window,document);\n\/\/# sourceURL=https:\/\/jag.se\/opinion\/wp-includes\/js\/wp-embed.min.js\n\/* ]]> *\/\n<\/script>\n","thumbnail_url":"https:\/\/jag.se\/opinion\/wp-content\/uploads\/sites\/3\/2016\/09\/930678e97b5feb41_org-11.png","thumbnail_width":400,"thumbnail_height":350,"description":"I budgetpropositionen som offentliggjordes idag finns ocks\u00e5 2017 \u00e5rs h\u00f6jning av assistansers\u00e4ttningen. Regeringen v\u00e4ljer att endast h\u00f6ja timbeloppet med tre kronor, vilket \u00e4r en h\u00f6jning med endast 1,05 procent.\u00a0Det \u00e4r den l\u00e4gsta justeringen n\u00e5gonsin, och bara ungef\u00e4r tv\u00e5 tredjedelar av den h\u00f6jning som regeringen f\u00f6rra \u00e5ret aviserade f\u00f6r resten av mandatperioden. Trots att l\u00f6ne\u00f6kningarna ligger"}