{"version":"1.0","provider_name":"JAG Opinion","provider_url":"https:\/\/jag.se\/opinion","author_name":"Kerstin Sellin","author_url":"https:\/\/jag.se\/opinion\/author\/kerstin-sellin-2-2-2-2-2-2-2-2\/","title":"Riksf\u00f6reningen JAG avstyrker LSS-utredningen - JAG Opinion","type":"rich","width":600,"height":338,"html":"<blockquote class=\"wp-embedded-content\" data-secret=\"ZSrnL8PTNL\"><a href=\"https:\/\/jag.se\/opinion\/pressreleases\/riksforeningen-jag-avstyrker-lss-utredningen\/\">Riksf\u00f6reningen JAG avstyrker LSS-utredningen<\/a><\/blockquote><iframe sandbox=\"allow-scripts\" security=\"restricted\" src=\"https:\/\/jag.se\/opinion\/pressreleases\/riksforeningen-jag-avstyrker-lss-utredningen\/embed\/#?secret=ZSrnL8PTNL\" width=\"600\" height=\"338\" title=\"\u201dRiksf\u00f6reningen JAG avstyrker LSS-utredningen\u201d &ndash; JAG Opinion\" data-secret=\"ZSrnL8PTNL\" frameborder=\"0\" marginwidth=\"0\" marginheight=\"0\" scrolling=\"no\" class=\"wp-embedded-content\"><\/iframe><script type=\"text\/javascript\">\n\/* <![CDATA[ *\/\n\/*! This file is auto-generated *\/\n!function(d,l){\"use strict\";l.querySelector&&d.addEventListener&&\"undefined\"!=typeof URL&&(d.wp=d.wp||{},d.wp.receiveEmbedMessage||(d.wp.receiveEmbedMessage=function(e){var t=e.data;if((t||t.secret||t.message||t.value)&&!\/[^a-zA-Z0-9]\/.test(t.secret)){for(var s,r,n,a=l.querySelectorAll('iframe[data-secret=\"'+t.secret+'\"]'),o=l.querySelectorAll('blockquote[data-secret=\"'+t.secret+'\"]'),c=new RegExp(\"^https?:$\",\"i\"),i=0;i<o.length;i++)o[i].style.display=\"none\";for(i=0;i<a.length;i++)s=a[i],e.source===s.contentWindow&&(s.removeAttribute(\"style\"),\"height\"===t.message?(1e3<(r=parseInt(t.value,10))?r=1e3:~~r<200&&(r=200),s.height=r):\"link\"===t.message&&(r=new URL(s.getAttribute(\"src\")),n=new URL(t.value),c.test(n.protocol))&&n.host===r.host&&l.activeElement===s&&(d.top.location.href=t.value))}},d.addEventListener(\"message\",d.wp.receiveEmbedMessage,!1),l.addEventListener(\"DOMContentLoaded\",function(){for(var e,t,s=l.querySelectorAll(\"iframe.wp-embedded-content\"),r=0;r<s.length;r++)(t=(e=s[r]).getAttribute(\"data-secret\"))||(t=Math.random().toString(36).substring(2,12),e.src+=\"#?secret=\"+t,e.setAttribute(\"data-secret\",t)),e.contentWindow.postMessage({message:\"ready\",secret:t},\"*\")},!1)))}(window,document);\n\/\/# sourceURL=https:\/\/jag.se\/opinion\/wp-includes\/js\/wp-embed.min.js\n\/* ]]> *\/\n<\/script>\n","thumbnail_url":"https:\/\/jag.se\/opinion\/wp-content\/uploads\/sites\/3\/2020\/11\/92faad14c1b11464_org-12.jpg","thumbnail_width":600,"thumbnail_height":550,"description":"Utredningen \u00e4r ett allvarligt hot mot assistansanv\u00e4ndare med intellektuell och omfattande funktionsneds\u00e4ttning som har behovet ing\u00e5ende kunskap om individen. Hela utredningen pr\u00e4glas av en djup bristande kvalitet. Flera f\u00f6rslag, om de g\u00e5r igenom, skulle direkt leda till att m\u00e5nga f\u00f6rlorar sin assistans och blir h\u00e4nvisade till institutionsboenden. En stark inskr\u00e4nkning i m\u00e4nniskors r\u00e4tt till ett"}