{"version":"1.0","provider_name":"JAG Opinion","provider_url":"https:\/\/jag.se\/opinion","author_name":"Kerstin Sellin","author_url":"https:\/\/jag.se\/opinion\/author\/kerstin-sellin-2-2-2-2-2-2-2-2\/","title":"Riksf\u00f6reningen JAG f\u00e5r MR-priset - JAG Opinion","type":"rich","width":600,"height":338,"html":"<blockquote class=\"wp-embedded-content\" data-secret=\"d3UKmF9vWC\"><a href=\"https:\/\/jag.se\/opinion\/pressreleases\/riksforeningen-jag-far-mr-priset\/\">Riksf\u00f6reningen JAG f\u00e5r MR-priset<\/a><\/blockquote><iframe sandbox=\"allow-scripts\" security=\"restricted\" src=\"https:\/\/jag.se\/opinion\/pressreleases\/riksforeningen-jag-far-mr-priset\/embed\/#?secret=d3UKmF9vWC\" width=\"600\" height=\"338\" title=\"\u201dRiksf\u00f6reningen JAG f\u00e5r MR-priset\u201d &ndash; JAG Opinion\" data-secret=\"d3UKmF9vWC\" frameborder=\"0\" marginwidth=\"0\" marginheight=\"0\" scrolling=\"no\" class=\"wp-embedded-content\"><\/iframe><script type=\"text\/javascript\">\n\/* <![CDATA[ *\/\n\/*! This file is auto-generated *\/\n!function(d,l){\"use strict\";l.querySelector&&d.addEventListener&&\"undefined\"!=typeof URL&&(d.wp=d.wp||{},d.wp.receiveEmbedMessage||(d.wp.receiveEmbedMessage=function(e){var t=e.data;if((t||t.secret||t.message||t.value)&&!\/[^a-zA-Z0-9]\/.test(t.secret)){for(var s,r,n,a=l.querySelectorAll('iframe[data-secret=\"'+t.secret+'\"]'),o=l.querySelectorAll('blockquote[data-secret=\"'+t.secret+'\"]'),c=new RegExp(\"^https?:$\",\"i\"),i=0;i<o.length;i++)o[i].style.display=\"none\";for(i=0;i<a.length;i++)s=a[i],e.source===s.contentWindow&&(s.removeAttribute(\"style\"),\"height\"===t.message?(1e3<(r=parseInt(t.value,10))?r=1e3:~~r<200&&(r=200),s.height=r):\"link\"===t.message&&(r=new URL(s.getAttribute(\"src\")),n=new URL(t.value),c.test(n.protocol))&&n.host===r.host&&l.activeElement===s&&(d.top.location.href=t.value))}},d.addEventListener(\"message\",d.wp.receiveEmbedMessage,!1),l.addEventListener(\"DOMContentLoaded\",function(){for(var e,t,s=l.querySelectorAll(\"iframe.wp-embedded-content\"),r=0;r<s.length;r++)(t=(e=s[r]).getAttribute(\"data-secret\"))||(t=Math.random().toString(36).substring(2,12),e.src+=\"#?secret=\"+t,e.setAttribute(\"data-secret\",t)),e.contentWindow.postMessage({message:\"ready\",secret:t},\"*\")},!1)))}(window,document);\n\/\/# sourceURL=https:\/\/jag.se\/opinion\/wp-includes\/js\/wp-embed.min.js\n\/* ]]> *\/\n<\/script>\n","thumbnail_url":"https:\/\/jag.se\/opinion\/wp-content\/uploads\/sites\/3\/2021\/12\/af8b6ca0c1613990_org-9.jpg","thumbnail_width":850,"thumbnail_height":1003,"description":"\u2013 Vi \u00e4r f\u00f6rst\u00e5s glada att v\u00e5rt arbete uppm\u00e4rksammas, och att v\u00e5r kamp \u00e4r synlig f\u00f6r andra. Men vi \u00e4r framf\u00f6r allt glada f\u00f6r just det h\u00e4r priset, s\u00e4ger Magnus And\u00e9n, ordf\u00f6rande i Riksf\u00f6reningen JAG, genom sin gode man. Att FN-f\u00f6reningen sett att det vi k\u00e4mpar f\u00f6r \u00e4r just m\u00e4nskliga r\u00e4ttigheter. Motiveringen lyder, \u201dRiksf\u00f6reningen JAGs"}