{"version":"1.0","provider_name":"JAG Opinion","provider_url":"https:\/\/jag.se\/opinion","author_name":"Kerstin Sellin","author_url":"https:\/\/jag.se\/opinion\/author\/kerstin-sellin-2-2-2-2-2-2-2-2\/","title":"Riksf\u00f6reningen JAG ger LSS-utredaren underk\u00e4nt - JAG Opinion","type":"rich","width":600,"height":338,"html":"<blockquote class=\"wp-embedded-content\" data-secret=\"NQcv4E67UV\"><a href=\"https:\/\/jag.se\/opinion\/pressreleases\/riksforeningen-jag-ger-lss-utredaren-underkant\/\">Riksf\u00f6reningen JAG ger LSS-utredaren underk\u00e4nt<\/a><\/blockquote><iframe sandbox=\"allow-scripts\" security=\"restricted\" src=\"https:\/\/jag.se\/opinion\/pressreleases\/riksforeningen-jag-ger-lss-utredaren-underkant\/embed\/#?secret=NQcv4E67UV\" width=\"600\" height=\"338\" title=\"\u201dRiksf\u00f6reningen JAG ger LSS-utredaren underk\u00e4nt\u201d &ndash; JAG Opinion\" data-secret=\"NQcv4E67UV\" frameborder=\"0\" marginwidth=\"0\" marginheight=\"0\" scrolling=\"no\" class=\"wp-embedded-content\"><\/iframe><script type=\"text\/javascript\">\n\/* <![CDATA[ *\/\n\/*! This file is auto-generated *\/\n!function(d,l){\"use strict\";l.querySelector&&d.addEventListener&&\"undefined\"!=typeof URL&&(d.wp=d.wp||{},d.wp.receiveEmbedMessage||(d.wp.receiveEmbedMessage=function(e){var t=e.data;if((t||t.secret||t.message||t.value)&&!\/[^a-zA-Z0-9]\/.test(t.secret)){for(var s,r,n,a=l.querySelectorAll('iframe[data-secret=\"'+t.secret+'\"]'),o=l.querySelectorAll('blockquote[data-secret=\"'+t.secret+'\"]'),c=new RegExp(\"^https?:$\",\"i\"),i=0;i<o.length;i++)o[i].style.display=\"none\";for(i=0;i<a.length;i++)s=a[i],e.source===s.contentWindow&&(s.removeAttribute(\"style\"),\"height\"===t.message?(1e3<(r=parseInt(t.value,10))?r=1e3:~~r<200&&(r=200),s.height=r):\"link\"===t.message&&(r=new URL(s.getAttribute(\"src\")),n=new URL(t.value),c.test(n.protocol))&&n.host===r.host&&l.activeElement===s&&(d.top.location.href=t.value))}},d.addEventListener(\"message\",d.wp.receiveEmbedMessage,!1),l.addEventListener(\"DOMContentLoaded\",function(){for(var e,t,s=l.querySelectorAll(\"iframe.wp-embedded-content\"),r=0;r<s.length;r++)(t=(e=s[r]).getAttribute(\"data-secret\"))||(t=Math.random().toString(36).substring(2,12),e.src+=\"#?secret=\"+t,e.setAttribute(\"data-secret\",t)),e.contentWindow.postMessage({message:\"ready\",secret:t},\"*\")},!1)))}(window,document);\n\/\/# sourceURL=https:\/\/jag.se\/opinion\/wp-includes\/js\/wp-embed.min.js\n\/* ]]> *\/\n<\/script>\n","thumbnail_url":"https:\/\/jag.se\/opinion\/wp-content\/uploads\/sites\/3\/2019\/01\/b72cf907eb1769a6_org-12-scaled.jpg","thumbnail_width":2560,"thumbnail_height":1079,"description":"Idag \u00f6verl\u00e4mnade den s\u00e4rskilda utredaren Gunilla Malmborg \u00f6ver &#8221;Utredningen om \u00f6versyn av insatser enligt LSS och assistansers\u00e4ttningen&#8221; till \u00f6verg\u00e5ngsregeringen. Utredningen vittnar tyv\u00e4rr om djup okunskap om hur personlig assistans fungerar b\u00e5de f\u00f6r barn och personer med psykiska funktionsneds\u00e4ttningar. Utredningen f\u00f6resl\u00e5r att bara behov som \u00e4r praktiska ska ber\u00e4ttiga till assistans. Det skulle drabba personer med"}