{"version":"1.0","provider_name":"JAG Opinion","provider_url":"https:\/\/jag.se\/opinion","author_name":"Kerstin Sellin","author_url":"https:\/\/jag.se\/opinion\/author\/kerstin-sellin-2-2-2-2-2-2-2-2\/","title":"Riksf\u00f6reningen JAG protesterar - Sverige g\u00e5r bakl\u00e4nges - JAG Opinion","type":"rich","width":600,"height":338,"html":"<blockquote class=\"wp-embedded-content\" data-secret=\"qojdgGXH4n\"><a href=\"https:\/\/jag.se\/opinion\/pressreleases\/riksforeningen-jag-protesterar-sverige-gar-baklanges\/\">Riksf\u00f6reningen JAG protesterar &#8211; Sverige g\u00e5r bakl\u00e4nges<\/a><\/blockquote><iframe sandbox=\"allow-scripts\" security=\"restricted\" src=\"https:\/\/jag.se\/opinion\/pressreleases\/riksforeningen-jag-protesterar-sverige-gar-baklanges\/embed\/#?secret=qojdgGXH4n\" width=\"600\" height=\"338\" title=\"\u201dRiksf\u00f6reningen JAG protesterar &#8211; Sverige g\u00e5r bakl\u00e4nges\u201d &ndash; JAG Opinion\" data-secret=\"qojdgGXH4n\" frameborder=\"0\" marginwidth=\"0\" marginheight=\"0\" scrolling=\"no\" class=\"wp-embedded-content\"><\/iframe><script type=\"text\/javascript\">\n\/* <![CDATA[ *\/\n\/*! This file is auto-generated *\/\n!function(d,l){\"use strict\";l.querySelector&&d.addEventListener&&\"undefined\"!=typeof URL&&(d.wp=d.wp||{},d.wp.receiveEmbedMessage||(d.wp.receiveEmbedMessage=function(e){var t=e.data;if((t||t.secret||t.message||t.value)&&!\/[^a-zA-Z0-9]\/.test(t.secret)){for(var s,r,n,a=l.querySelectorAll('iframe[data-secret=\"'+t.secret+'\"]'),o=l.querySelectorAll('blockquote[data-secret=\"'+t.secret+'\"]'),c=new RegExp(\"^https?:$\",\"i\"),i=0;i<o.length;i++)o[i].style.display=\"none\";for(i=0;i<a.length;i++)s=a[i],e.source===s.contentWindow&&(s.removeAttribute(\"style\"),\"height\"===t.message?(1e3<(r=parseInt(t.value,10))?r=1e3:~~r<200&&(r=200),s.height=r):\"link\"===t.message&&(r=new URL(s.getAttribute(\"src\")),n=new URL(t.value),c.test(n.protocol))&&n.host===r.host&&l.activeElement===s&&(d.top.location.href=t.value))}},d.addEventListener(\"message\",d.wp.receiveEmbedMessage,!1),l.addEventListener(\"DOMContentLoaded\",function(){for(var e,t,s=l.querySelectorAll(\"iframe.wp-embedded-content\"),r=0;r<s.length;r++)(t=(e=s[r]).getAttribute(\"data-secret\"))||(t=Math.random().toString(36).substring(2,12),e.src+=\"#?secret=\"+t,e.setAttribute(\"data-secret\",t)),e.contentWindow.postMessage({message:\"ready\",secret:t},\"*\")},!1)))}(window,document);\n\/\/# sourceURL=https:\/\/jag.se\/opinion\/wp-includes\/js\/wp-embed.min.js\n\/* ]]> *\/\n<\/script>\n","thumbnail_url":"https:\/\/jag.se\/opinion\/wp-content\/uploads\/sites\/3\/2019\/12\/b40aef3599bba8c2_org-9.jpg","thumbnail_width":1535,"thumbnail_height":867,"description":"\u2013 Fler och fler personer med funktionsneds\u00e4ttning f\u00f6rlorar sin assistans och tvingas bo p\u00e5 institution. Sm\u00e5 barn v\u00e4xer upp p\u00e5 barnhem.\u00a0Sverige g\u00e5r bakl\u00e4nges, tillbaka till institutionerna s\u00e4ger Cecilia Blanck, verksamhetsansvarig p\u00e5 Riksf\u00f6reningen JAG. Tack vare personlig assistans \u00e4r livet v\u00e4rt att leva \u00e4ven med omfattande funktionsneds\u00e4ttningar. Med personlig assistans kan personer med funktionsneds\u00e4ttningar leva ett"}