{"version":"1.0","provider_name":"JAG Opinion","provider_url":"https:\/\/jag.se\/opinion","author_name":"Kerstin Sellin","author_url":"https:\/\/jag.se\/opinion\/author\/kerstin-sellin-2-2-2-2-2-2-2-2\/","title":"Stor oro efter f\u00f6rslag i ISF-rapport - JAG Opinion","type":"rich","width":600,"height":338,"html":"<blockquote class=\"wp-embedded-content\" data-secret=\"XI3wqNY1pS\"><a href=\"https:\/\/jag.se\/opinion\/pressreleases\/stor-oro-efter-forslag-i-isf-rapport\/\">Stor oro efter f\u00f6rslag i ISF-rapport<\/a><\/blockquote><iframe sandbox=\"allow-scripts\" security=\"restricted\" src=\"https:\/\/jag.se\/opinion\/pressreleases\/stor-oro-efter-forslag-i-isf-rapport\/embed\/#?secret=XI3wqNY1pS\" width=\"600\" height=\"338\" title=\"\u201dStor oro efter f\u00f6rslag i ISF-rapport\u201d &ndash; JAG Opinion\" data-secret=\"XI3wqNY1pS\" frameborder=\"0\" marginwidth=\"0\" marginheight=\"0\" scrolling=\"no\" class=\"wp-embedded-content\"><\/iframe><script type=\"text\/javascript\">\n\/* <![CDATA[ *\/\n\/*! This file is auto-generated *\/\n!function(d,l){\"use strict\";l.querySelector&&d.addEventListener&&\"undefined\"!=typeof URL&&(d.wp=d.wp||{},d.wp.receiveEmbedMessage||(d.wp.receiveEmbedMessage=function(e){var t=e.data;if((t||t.secret||t.message||t.value)&&!\/[^a-zA-Z0-9]\/.test(t.secret)){for(var s,r,n,a=l.querySelectorAll('iframe[data-secret=\"'+t.secret+'\"]'),o=l.querySelectorAll('blockquote[data-secret=\"'+t.secret+'\"]'),c=new RegExp(\"^https?:$\",\"i\"),i=0;i<o.length;i++)o[i].style.display=\"none\";for(i=0;i<a.length;i++)s=a[i],e.source===s.contentWindow&&(s.removeAttribute(\"style\"),\"height\"===t.message?(1e3<(r=parseInt(t.value,10))?r=1e3:~~r<200&&(r=200),s.height=r):\"link\"===t.message&&(r=new URL(s.getAttribute(\"src\")),n=new URL(t.value),c.test(n.protocol))&&n.host===r.host&&l.activeElement===s&&(d.top.location.href=t.value))}},d.addEventListener(\"message\",d.wp.receiveEmbedMessage,!1),l.addEventListener(\"DOMContentLoaded\",function(){for(var e,t,s=l.querySelectorAll(\"iframe.wp-embedded-content\"),r=0;r<s.length;r++)(t=(e=s[r]).getAttribute(\"data-secret\"))||(t=Math.random().toString(36).substring(2,12),e.src+=\"#?secret=\"+t,e.setAttribute(\"data-secret\",t)),e.contentWindow.postMessage({message:\"ready\",secret:t},\"*\")},!1)))}(window,document);\n\/\/# sourceURL=https:\/\/jag.se\/opinion\/wp-includes\/js\/wp-embed.min.js\n\/* ]]> *\/\n<\/script>\n","thumbnail_url":"https:\/\/jag.se\/opinion\/wp-content\/uploads\/sites\/3\/2025\/01\/a4534be8bfdc21ae_org-1-scaled.jpg","thumbnail_width":1709,"thumbnail_height":2560,"description":"Ompr\u00f6vningsstoppet, som g\u00e4ller idag, har sedan 2018 r\u00e4ddat m\u00e5nga personer fr\u00e5n att falla ur assistansen p\u00e5 grund av den r\u00e4ttspraxis som r\u00e5der nu, baserat p\u00e5 ett antal uppm\u00e4rksammade domar om behovsbesd\u00f6mning f\u00f6r assistansers\u00e4ttning. Ingen vet hur konsekvenserna skulle se ut om ompr\u00f6vningsstoppet nu tas bort. En konsekvensanalys \u00e4r absolut n\u00f6dv\u00e4ndig att genomf\u00f6ra innan en f\u00f6r\u00e4ndring"}