{"version":"1.0","provider_name":"JAG Opinion","provider_url":"https:\/\/jag.se\/opinion","author_name":"Kerstin Sellin","author_url":"https:\/\/jag.se\/opinion\/author\/kerstin-sellin-2-2-2-2-2-2-2-2\/","title":"Tusentals namnunderskrifter l\u00e4mnades till F\u00f6rs\u00e4kringskassan - JAG Opinion","type":"rich","width":600,"height":338,"html":"<blockquote class=\"wp-embedded-content\" data-secret=\"eWUg0wfdNu\"><a href=\"https:\/\/jag.se\/opinion\/pressreleases\/tusentals-namnunderskrifter-lamnades-till-forsakringskassan\/\">Tusentals namnunderskrifter l\u00e4mnades till F\u00f6rs\u00e4kringskassan<\/a><\/blockquote><iframe sandbox=\"allow-scripts\" security=\"restricted\" src=\"https:\/\/jag.se\/opinion\/pressreleases\/tusentals-namnunderskrifter-lamnades-till-forsakringskassan\/embed\/#?secret=eWUg0wfdNu\" width=\"600\" height=\"338\" title=\"\u201dTusentals namnunderskrifter l\u00e4mnades till F\u00f6rs\u00e4kringskassan\u201d &ndash; JAG Opinion\" data-secret=\"eWUg0wfdNu\" frameborder=\"0\" marginwidth=\"0\" marginheight=\"0\" scrolling=\"no\" class=\"wp-embedded-content\"><\/iframe><script type=\"text\/javascript\">\n\/* <![CDATA[ *\/\n\/*! This file is auto-generated *\/\n!function(d,l){\"use strict\";l.querySelector&&d.addEventListener&&\"undefined\"!=typeof URL&&(d.wp=d.wp||{},d.wp.receiveEmbedMessage||(d.wp.receiveEmbedMessage=function(e){var t=e.data;if((t||t.secret||t.message||t.value)&&!\/[^a-zA-Z0-9]\/.test(t.secret)){for(var s,r,n,a=l.querySelectorAll('iframe[data-secret=\"'+t.secret+'\"]'),o=l.querySelectorAll('blockquote[data-secret=\"'+t.secret+'\"]'),c=new RegExp(\"^https?:$\",\"i\"),i=0;i<o.length;i++)o[i].style.display=\"none\";for(i=0;i<a.length;i++)s=a[i],e.source===s.contentWindow&&(s.removeAttribute(\"style\"),\"height\"===t.message?(1e3<(r=parseInt(t.value,10))?r=1e3:~~r<200&&(r=200),s.height=r):\"link\"===t.message&&(r=new URL(s.getAttribute(\"src\")),n=new URL(t.value),c.test(n.protocol))&&n.host===r.host&&l.activeElement===s&&(d.top.location.href=t.value))}},d.addEventListener(\"message\",d.wp.receiveEmbedMessage,!1),l.addEventListener(\"DOMContentLoaded\",function(){for(var e,t,s=l.querySelectorAll(\"iframe.wp-embedded-content\"),r=0;r<s.length;r++)(t=(e=s[r]).getAttribute(\"data-secret\"))||(t=Math.random().toString(36).substring(2,12),e.src+=\"#?secret=\"+t,e.setAttribute(\"data-secret\",t)),e.contentWindow.postMessage({message:\"ready\",secret:t},\"*\")},!1)))}(window,document);\n\/\/# sourceURL=https:\/\/jag.se\/opinion\/wp-includes\/js\/wp-embed.min.js\n\/* ]]> *\/\n<\/script>\n","thumbnail_url":"https:\/\/jag.se\/opinion\/wp-content\/uploads\/sites\/3\/2016\/05\/82eca49d9b31bcff_org-11-scaled.jpg","thumbnail_width":2560,"thumbnail_height":1920,"description":"Idag demonstrerade ett hundratal personer utanf\u00f6r F\u00f6rs\u00e4kringskassanshuvudkontor i Stockholm. En delegation fr\u00e5n demonstrationen bj\u00f6ds in till F\u00f6rs\u00e4kringskassan f\u00f6r ett kort m\u00f6te d\u00e4r man l\u00e4mnade \u00f6ver namnunderskrifterna fr\u00e5n petitionen \u201dR\u00e4dda assistansen!\u201d till F\u00f6rs\u00e4kringskassan. Demonstrationen och namninsamlingen \u00e4r en protest mot att det f\u00f6rh\u00f6jda timbeloppet i assistansers\u00e4ttningen till personer med funktionsneds\u00e4ttning fr\u00e5n och med oktober ska redovisas"}