{"version":"1.0","provider_name":"JAG Opinion","provider_url":"https:\/\/jag.se\/opinion","author_name":"Kerstin Sellin","author_url":"https:\/\/jag.se\/opinion\/author\/kerstin-sellin-2-2-2-2-2-2-2-2\/","title":"Utst\u00e4llning visar att alla kan bidra - JAG Opinion","type":"rich","width":600,"height":338,"html":"<blockquote class=\"wp-embedded-content\" data-secret=\"cpRDYa2wP3\"><a href=\"https:\/\/jag.se\/opinion\/pressreleases\/utstallning-visar-att-alla-kan-bidra\/\">Utst\u00e4llning visar att alla kan bidra<\/a><\/blockquote><iframe sandbox=\"allow-scripts\" security=\"restricted\" src=\"https:\/\/jag.se\/opinion\/pressreleases\/utstallning-visar-att-alla-kan-bidra\/embed\/#?secret=cpRDYa2wP3\" width=\"600\" height=\"338\" title=\"\u201dUtst\u00e4llning visar att alla kan bidra\u201d &ndash; JAG Opinion\" data-secret=\"cpRDYa2wP3\" frameborder=\"0\" marginwidth=\"0\" marginheight=\"0\" scrolling=\"no\" class=\"wp-embedded-content\"><\/iframe><script type=\"text\/javascript\">\n\/* <![CDATA[ *\/\n\/*! This file is auto-generated *\/\n!function(d,l){\"use strict\";l.querySelector&&d.addEventListener&&\"undefined\"!=typeof URL&&(d.wp=d.wp||{},d.wp.receiveEmbedMessage||(d.wp.receiveEmbedMessage=function(e){var t=e.data;if((t||t.secret||t.message||t.value)&&!\/[^a-zA-Z0-9]\/.test(t.secret)){for(var s,r,n,a=l.querySelectorAll('iframe[data-secret=\"'+t.secret+'\"]'),o=l.querySelectorAll('blockquote[data-secret=\"'+t.secret+'\"]'),c=new RegExp(\"^https?:$\",\"i\"),i=0;i<o.length;i++)o[i].style.display=\"none\";for(i=0;i<a.length;i++)s=a[i],e.source===s.contentWindow&&(s.removeAttribute(\"style\"),\"height\"===t.message?(1e3<(r=parseInt(t.value,10))?r=1e3:~~r<200&&(r=200),s.height=r):\"link\"===t.message&&(r=new URL(s.getAttribute(\"src\")),n=new URL(t.value),c.test(n.protocol))&&n.host===r.host&&l.activeElement===s&&(d.top.location.href=t.value))}},d.addEventListener(\"message\",d.wp.receiveEmbedMessage,!1),l.addEventListener(\"DOMContentLoaded\",function(){for(var e,t,s=l.querySelectorAll(\"iframe.wp-embedded-content\"),r=0;r<s.length;r++)(t=(e=s[r]).getAttribute(\"data-secret\"))||(t=Math.random().toString(36).substring(2,12),e.src+=\"#?secret=\"+t,e.setAttribute(\"data-secret\",t)),e.contentWindow.postMessage({message:\"ready\",secret:t},\"*\")},!1)))}(window,document);\n\/\/# sourceURL=https:\/\/jag.se\/opinion\/wp-includes\/js\/wp-embed.min.js\n\/* ]]> *\/\n<\/script>\n","thumbnail_url":"https:\/\/jag.se\/opinion\/wp-content\/uploads\/sites\/3\/2025\/02\/8a0ef9a57bafb67c_org-1.jpg","thumbnail_width":1828,"thumbnail_height":1219,"description":"Vad betyder arbete f\u00f6r dig? F\u00f6r medarbetare i Vi vill bidra, personer med stora funktionsneds\u00e4ttningar, varav en avser den intellektuella f\u00f6rm\u00e5gan, handlar det om gemenskap, mening och att k\u00e4nna sig beh\u00f6vd.\u00a0Ett arbetsliv f\u00f6r alla.\u00a0 Utst\u00e4llningen port\u00e4tterar ber\u00e4ttelser fr\u00e5n verkliga arbetsplatser. Det\u00a0handlar om riktiga arbetsuppgifter \u2013 inte skyddade verkst\u00e4der eller sysslor utan mening. \u2013 P\u00e5 arbetsplatser"}