{"version":"1.0","provider_name":"JAG Opinion","provider_url":"https:\/\/jag.se\/opinion","author_name":"Kerstin Sellin","author_url":"https:\/\/jag.se\/opinion\/author\/kerstin-sellin-2-2-2-2-2-2-2-2\/","title":"V\u00e5ra protester hj\u00e4lpte - politikerna backar! - JAG Opinion","type":"rich","width":600,"height":338,"html":"<blockquote class=\"wp-embedded-content\" data-secret=\"AzQWiBh2eE\"><a href=\"https:\/\/jag.se\/opinion\/pressreleases\/vara-protester-hjalpte-politikerna-backar\/\">V\u00e5ra protester hj\u00e4lpte &#8211; politikerna backar!<\/a><\/blockquote><iframe sandbox=\"allow-scripts\" security=\"restricted\" src=\"https:\/\/jag.se\/opinion\/pressreleases\/vara-protester-hjalpte-politikerna-backar\/embed\/#?secret=AzQWiBh2eE\" width=\"600\" height=\"338\" title=\"\u201dV\u00e5ra protester hj\u00e4lpte &#8211; politikerna backar!\u201d &ndash; JAG Opinion\" data-secret=\"AzQWiBh2eE\" frameborder=\"0\" marginwidth=\"0\" marginheight=\"0\" scrolling=\"no\" class=\"wp-embedded-content\"><\/iframe><script type=\"text\/javascript\">\n\/* <![CDATA[ *\/\n\/*! This file is auto-generated *\/\n!function(d,l){\"use strict\";l.querySelector&&d.addEventListener&&\"undefined\"!=typeof URL&&(d.wp=d.wp||{},d.wp.receiveEmbedMessage||(d.wp.receiveEmbedMessage=function(e){var t=e.data;if((t||t.secret||t.message||t.value)&&!\/[^a-zA-Z0-9]\/.test(t.secret)){for(var s,r,n,a=l.querySelectorAll('iframe[data-secret=\"'+t.secret+'\"]'),o=l.querySelectorAll('blockquote[data-secret=\"'+t.secret+'\"]'),c=new RegExp(\"^https?:$\",\"i\"),i=0;i<o.length;i++)o[i].style.display=\"none\";for(i=0;i<a.length;i++)s=a[i],e.source===s.contentWindow&&(s.removeAttribute(\"style\"),\"height\"===t.message?(1e3<(r=parseInt(t.value,10))?r=1e3:~~r<200&&(r=200),s.height=r):\"link\"===t.message&&(r=new URL(s.getAttribute(\"src\")),n=new URL(t.value),c.test(n.protocol))&&n.host===r.host&&l.activeElement===s&&(d.top.location.href=t.value))}},d.addEventListener(\"message\",d.wp.receiveEmbedMessage,!1),l.addEventListener(\"DOMContentLoaded\",function(){for(var e,t,s=l.querySelectorAll(\"iframe.wp-embedded-content\"),r=0;r<s.length;r++)(t=(e=s[r]).getAttribute(\"data-secret\"))||(t=Math.random().toString(36).substring(2,12),e.src+=\"#?secret=\"+t,e.setAttribute(\"data-secret\",t)),e.contentWindow.postMessage({message:\"ready\",secret:t},\"*\")},!1)))}(window,document);\n\/\/# sourceURL=https:\/\/jag.se\/opinion\/wp-includes\/js\/wp-embed.min.js\n\/* ]]> *\/\n<\/script>\n","description":"I ett mejl fr\u00e5n bitr socialborgarr\u00e5det Ewa Samuelsson st\u00e5r det: \u201dJag \u00e4r \u00f6dmjuk inf\u00f6r de synpunkter som du har framf\u00f6rt om f\u00f6r\u00e4ndrad ers\u00e4ttning f\u00f6r brukare som har med sig personlig assistent i daglig verksamhet. Vi har inom Alliansen i Stockholms Stadshus d\u00e4rf\u00f6r beslutat att ta fram en l\u00f6sning som inneb\u00e4r att ers\u00e4ttningsniv\u00e5erna bibeh\u00e5lls f\u00f6r daglig"}