{"version":"1.0","provider_name":"JAG Opinion","provider_url":"https:\/\/jag.se\/opinion","author_name":"Kerstin Sellin","author_url":"https:\/\/jag.se\/opinion\/author\/kerstin-sellin-2-2-2-2-2-2-2-2\/","title":"Vet du vem jag \u00e4r? - JAG Opinion","type":"rich","width":600,"height":338,"html":"<blockquote class=\"wp-embedded-content\" data-secret=\"5HWCsPCXoR\"><a href=\"https:\/\/jag.se\/opinion\/pressreleases\/vet-du-vem-jag-ar-2\/\">Vet du vem jag \u00e4r?<\/a><\/blockquote><iframe sandbox=\"allow-scripts\" security=\"restricted\" src=\"https:\/\/jag.se\/opinion\/pressreleases\/vet-du-vem-jag-ar-2\/embed\/#?secret=5HWCsPCXoR\" width=\"600\" height=\"338\" title=\"\u201dVet du vem jag \u00e4r?\u201d &ndash; JAG Opinion\" data-secret=\"5HWCsPCXoR\" frameborder=\"0\" marginwidth=\"0\" marginheight=\"0\" scrolling=\"no\" class=\"wp-embedded-content\"><\/iframe><script type=\"text\/javascript\">\n\/* <![CDATA[ *\/\n\/*! This file is auto-generated *\/\n!function(d,l){\"use strict\";l.querySelector&&d.addEventListener&&\"undefined\"!=typeof URL&&(d.wp=d.wp||{},d.wp.receiveEmbedMessage||(d.wp.receiveEmbedMessage=function(e){var t=e.data;if((t||t.secret||t.message||t.value)&&!\/[^a-zA-Z0-9]\/.test(t.secret)){for(var s,r,n,a=l.querySelectorAll('iframe[data-secret=\"'+t.secret+'\"]'),o=l.querySelectorAll('blockquote[data-secret=\"'+t.secret+'\"]'),c=new RegExp(\"^https?:$\",\"i\"),i=0;i<o.length;i++)o[i].style.display=\"none\";for(i=0;i<a.length;i++)s=a[i],e.source===s.contentWindow&&(s.removeAttribute(\"style\"),\"height\"===t.message?(1e3<(r=parseInt(t.value,10))?r=1e3:~~r<200&&(r=200),s.height=r):\"link\"===t.message&&(r=new URL(s.getAttribute(\"src\")),n=new URL(t.value),c.test(n.protocol))&&n.host===r.host&&l.activeElement===s&&(d.top.location.href=t.value))}},d.addEventListener(\"message\",d.wp.receiveEmbedMessage,!1),l.addEventListener(\"DOMContentLoaded\",function(){for(var e,t,s=l.querySelectorAll(\"iframe.wp-embedded-content\"),r=0;r<s.length;r++)(t=(e=s[r]).getAttribute(\"data-secret\"))||(t=Math.random().toString(36).substring(2,12),e.src+=\"#?secret=\"+t,e.setAttribute(\"data-secret\",t)),e.contentWindow.postMessage({message:\"ready\",secret:t},\"*\")},!1)))}(window,document);\n\/\/# sourceURL=https:\/\/jag.se\/opinion\/wp-includes\/js\/wp-embed.min.js\n\/* ]]> *\/\n<\/script>\n","thumbnail_url":"https:\/\/jag.se\/opinion\/wp-content\/uploads\/sites\/3\/2013\/03\/95252870ce93e7f4_org-11.jpg","thumbnail_width":716,"thumbnail_height":422,"description":"Tillsammans med sina personliga assistenter och arbetsledare p\u00e5 den dagliga verksamheten har man\u00a0skapat musik och dans f\u00f6r denna sp\u00e4nnande och unika f\u00f6rest\u00e4llning. F\u00f6rest\u00e4llningen gl\u00e4ntar p\u00e5 d\u00f6rren till n\u00e5gra m\u00e4nniskors liv. Med dans och musik gestaltas det unika, men ocks\u00e5 det allm\u00e4nm\u00e4nskliga. Vem best\u00e4mmer vem jag \u00e4r, vad jag tycker och vill med mitt liv? Blir"}