{"version":"1.0","provider_name":"JAG Opinion","provider_url":"https:\/\/jag.se\/opinion","author_name":"Kerstin Sellin","author_url":"https:\/\/jag.se\/opinion\/author\/kerstin-sellin-2-2-2-2-2-2-2-2\/","title":"Riksf\u00f6reningen JAG - 30 \u00e5r p\u00e5 barrikaderna! - JAG Opinion","type":"rich","width":600,"height":338,"html":"<blockquote class=\"wp-embedded-content\" data-secret=\"szqbbLAzkg\"><a href=\"https:\/\/jag.se\/opinion\/riksforeningen-jag-30-ar-pa-barrikaderna\/\">Riksf\u00f6reningen JAG &#8211; 30 \u00e5r p\u00e5 barrikaderna!<\/a><\/blockquote><iframe sandbox=\"allow-scripts\" security=\"restricted\" src=\"https:\/\/jag.se\/opinion\/riksforeningen-jag-30-ar-pa-barrikaderna\/embed\/#?secret=szqbbLAzkg\" width=\"600\" height=\"338\" title=\"\u201dRiksf\u00f6reningen JAG &#8211; 30 \u00e5r p\u00e5 barrikaderna!\u201d &ndash; JAG Opinion\" data-secret=\"szqbbLAzkg\" frameborder=\"0\" marginwidth=\"0\" marginheight=\"0\" scrolling=\"no\" class=\"wp-embedded-content\"><\/iframe><script type=\"text\/javascript\">\n\/* <![CDATA[ *\/\n\/*! This file is auto-generated *\/\n!function(d,l){\"use strict\";l.querySelector&&d.addEventListener&&\"undefined\"!=typeof URL&&(d.wp=d.wp||{},d.wp.receiveEmbedMessage||(d.wp.receiveEmbedMessage=function(e){var t=e.data;if((t||t.secret||t.message||t.value)&&!\/[^a-zA-Z0-9]\/.test(t.secret)){for(var s,r,n,a=l.querySelectorAll('iframe[data-secret=\"'+t.secret+'\"]'),o=l.querySelectorAll('blockquote[data-secret=\"'+t.secret+'\"]'),c=new RegExp(\"^https?:$\",\"i\"),i=0;i<o.length;i++)o[i].style.display=\"none\";for(i=0;i<a.length;i++)s=a[i],e.source===s.contentWindow&&(s.removeAttribute(\"style\"),\"height\"===t.message?(1e3<(r=parseInt(t.value,10))?r=1e3:~~r<200&&(r=200),s.height=r):\"link\"===t.message&&(r=new URL(s.getAttribute(\"src\")),n=new URL(t.value),c.test(n.protocol))&&n.host===r.host&&l.activeElement===s&&(d.top.location.href=t.value))}},d.addEventListener(\"message\",d.wp.receiveEmbedMessage,!1),l.addEventListener(\"DOMContentLoaded\",function(){for(var e,t,s=l.querySelectorAll(\"iframe.wp-embedded-content\"),r=0;r<s.length;r++)(t=(e=s[r]).getAttribute(\"data-secret\"))||(t=Math.random().toString(36).substring(2,12),e.src+=\"#?secret=\"+t,e.setAttribute(\"data-secret\",t)),e.contentWindow.postMessage({message:\"ready\",secret:t},\"*\")},!1)))}(window,document);\n\/\/# sourceURL=https:\/\/jag.se\/opinion\/wp-includes\/js\/wp-embed.min.js\n\/* ]]> *\/\n<\/script>\n","thumbnail_url":"https:\/\/jag.se\/wp-content\/uploads\/sites\/3\/2022\/12\/Forsta-styrelsen-1992.jpg","thumbnail_width":630,"thumbnail_height":503,"description":"1992 startades F\u00f6reningen JAG av en liten men mycket beslutsam grupp personer som alla hade mycket stora funktionsneds\u00e4ttningar. De, och deras n\u00e4rst\u00e5ende som hj\u00e4lpte dem att starta f\u00f6reningen, hade l\u00e4rt k\u00e4nna varandra i FUBs flerhandikappgrupp. De k\u00e4nde att de beh\u00f6vde en egen f\u00f6rening som kunde arbeta helhj\u00e4rtat med de fr\u00e5gor som betydde mest f\u00f6r dem"}