{"id":21670,"date":"2023-04-11T12:37:36","date_gmt":"2023-04-11T12:37:36","guid":{"rendered":"https:\/\/jag.se\/opinion\/?post_type=events&#038;p=21670"},"modified":"2023-04-11T12:37:39","modified_gmt":"2023-04-11T12:37:39","slug":"foreningen-jag-stockholm-deltar-pa-fritidsmassa-i-nacka-27-5","status":"publish","type":"events","link":"https:\/\/jag.se\/opinion\/event\/foreningen-jag-stockholm-deltar-pa-fritidsmassa-i-nacka-27-5\/","title":{"rendered":"F\u00f6reningen JAG Stockholm deltar p\u00e5 fritidsm\u00e4ssa i Nacka 27\/5"},"content":{"rendered":"\n<p>L\u00f6rdag 27 maj h\u00e5ller <a href=\"https:\/\/minfritid.nu\/\" target=\"_blank\" rel=\"noreferrer noopener\">Nacka kommun en fritidsm\u00e4ssa f\u00f6r personer med funktionsneds\u00e4ttning<\/a> p\u00e5 Myrsj\u00f6 IP i Orminge.\u00a0 Det finns m\u00e5nga prova-p\u00e5 tillf\u00e4llen i olika idrotter, men \u00e4ven dans, teater, skapande och annat. F\u00f6reningen JAG Stockholm \u00e4r med som m\u00e4ssutst\u00e4llare f\u00f6r att visa att intressepolitiskt arbete ocks\u00e5 \u00e4r ett roligt, viktigt och givande fritidsintresse!\u00a0<\/p>\n","protected":false},"featured_media":0,"menu_order":90,"template":"","class_list":["post-21670","events","type-events","status-publish","hentry"],"acf":[],"yoast_head":"<!-- This site is optimized with the Yoast SEO plugin v21.3 - https:\/\/yoast.com\/wordpress\/plugins\/seo\/ -->\n<title>F\u00f6reningen JAG Stockholm deltar p\u00e5 fritidsm\u00e4ssa i Nacka 27\/5 - JAG Opinion<\/title>\n<meta name=\"robots\" content=\"index, follow, max-snippet:-1, max-image-preview:large, max-video-preview:-1\" \/>\n<link rel=\"canonical\" href=\"https:\/\/jag.se\/opinion\/event\/foreningen-jag-stockholm-deltar-pa-fritidsmassa-i-nacka-27-5\/\" \/>\n<meta property=\"og:locale\" content=\"sv_SE\" \/>\n<meta property=\"og:type\" content=\"article\" \/>\n<meta property=\"og:title\" content=\"F\u00f6reningen JAG Stockholm deltar p\u00e5 fritidsm\u00e4ssa i Nacka 27\/5 - JAG Opinion\" \/>\n<meta property=\"og:description\" content=\"L\u00f6rdag 27 maj h\u00e5ller Nacka kommun en fritidsm\u00e4ssa f\u00f6r personer med funktionsneds\u00e4ttning p\u00e5 Myrsj\u00f6 IP i Orminge.\u00a0 Det finns m\u00e5nga prova-p\u00e5 tillf\u00e4llen i olika idrotter, men \u00e4ven dans, teater, skapande och annat. F\u00f6reningen JAG Stockholm \u00e4r med som m\u00e4ssutst\u00e4llare f\u00f6r att visa att intressepolitiskt arbete ocks\u00e5 \u00e4r ett roligt, viktigt och givande fritidsintresse!\u00a0\" \/>\n<meta property=\"og:url\" content=\"https:\/\/jag.se\/opinion\/event\/foreningen-jag-stockholm-deltar-pa-fritidsmassa-i-nacka-27-5\/\" \/>\n<meta property=\"og:site_name\" content=\"JAG Opinion\" \/>\n<meta property=\"article:modified_time\" content=\"2023-04-11T12:37:39+00:00\" \/>\n<meta name=\"twitter:card\" content=\"summary_large_image\" \/>\n<meta name=\"twitter:label1\" content=\"Ber\u00e4knad l\u00e4stid\" \/>\n\t<meta name=\"twitter:data1\" content=\"1 minut\" \/>\n<script type=\"application\/ld+json\" class=\"yoast-schema-graph\">{\"@context\":\"https:\/\/schema.org\",\"@graph\":[{\"@type\":\"WebPage\",\"@id\":\"https:\/\/jag.se\/opinion\/event\/foreningen-jag-stockholm-deltar-pa-fritidsmassa-i-nacka-27-5\/\",\"url\":\"https:\/\/jag.se\/opinion\/event\/foreningen-jag-stockholm-deltar-pa-fritidsmassa-i-nacka-27-5\/\",\"name\":\"F\u00f6reningen JAG Stockholm deltar p\u00e5 fritidsm\u00e4ssa i Nacka 27\/5 - JAG Opinion\",\"isPartOf\":{\"@id\":\"https:\/\/jag.se\/opinion\/#website\"},\"datePublished\":\"2023-04-11T12:37:36+00:00\",\"dateModified\":\"2023-04-11T12:37:39+00:00\",\"breadcrumb\":{\"@id\":\"https:\/\/jag.se\/opinion\/event\/foreningen-jag-stockholm-deltar-pa-fritidsmassa-i-nacka-27-5\/#breadcrumb\"},\"inLanguage\":\"sv-SE\",\"potentialAction\":[{\"@type\":\"ReadAction\",\"target\":[\"https:\/\/jag.se\/opinion\/event\/foreningen-jag-stockholm-deltar-pa-fritidsmassa-i-nacka-27-5\/\"]}]},{\"@type\":\"BreadcrumbList\",\"@id\":\"https:\/\/jag.se\/opinion\/event\/foreningen-jag-stockholm-deltar-pa-fritidsmassa-i-nacka-27-5\/#breadcrumb\",\"itemListElement\":[{\"@type\":\"ListItem\",\"position\":1,\"name\":\"JAG start\",\"item\":\"https:\/\/jag.se\"},{\"@type\":\"ListItem\",\"position\":2,\"name\":\"Riksf\u00f6reningen JAG\",\"item\":\"https:\/\/jag.se\/opinion\/\"},{\"@type\":\"ListItem\",\"position\":3,\"name\":\"Event\",\"item\":\"https:\/\/jag.se\/opinion\/event\/\"},{\"@type\":\"ListItem\",\"position\":4,\"name\":\"F\u00f6reningen JAG Stockholm deltar p\u00e5 fritidsm\u00e4ssa i Nacka 27\/5\"}]},{\"@type\":\"WebSite\",\"@id\":\"https:\/\/jag.se\/opinion\/#website\",\"url\":\"https:\/\/jag.se\/opinion\/\",\"name\":\"JAG Opinion\",\"description\":\"\",\"potentialAction\":[{\"@type\":\"SearchAction\",\"target\":{\"@type\":\"EntryPoint\",\"urlTemplate\":\"https:\/\/jag.se\/opinion\/?s={search_term_string}\"},\"query-input\":\"required name=search_term_string\"}],\"inLanguage\":\"sv-SE\"}]}<\/script>\n<!-- \/ Yoast SEO plugin. -->","yoast_head_json":{"title":"F\u00f6reningen JAG Stockholm deltar p\u00e5 fritidsm\u00e4ssa i Nacka 27\/5 - JAG Opinion","robots":{"index":"index","follow":"follow","max-snippet":"max-snippet:-1","max-image-preview":"max-image-preview:large","max-video-preview":"max-video-preview:-1"},"canonical":"https:\/\/jag.se\/opinion\/event\/foreningen-jag-stockholm-deltar-pa-fritidsmassa-i-nacka-27-5\/","og_locale":"sv_SE","og_type":"article","og_title":"F\u00f6reningen JAG Stockholm deltar p\u00e5 fritidsm\u00e4ssa i Nacka 27\/5 - JAG Opinion","og_description":"L\u00f6rdag 27 maj h\u00e5ller Nacka kommun en fritidsm\u00e4ssa f\u00f6r personer med funktionsneds\u00e4ttning p\u00e5 Myrsj\u00f6 IP i Orminge.\u00a0 Det finns m\u00e5nga prova-p\u00e5 tillf\u00e4llen i olika idrotter, men \u00e4ven dans, teater, skapande och annat. F\u00f6reningen JAG Stockholm \u00e4r med som m\u00e4ssutst\u00e4llare f\u00f6r att visa att intressepolitiskt arbete ocks\u00e5 \u00e4r ett roligt, viktigt och givande fritidsintresse!\u00a0","og_url":"https:\/\/jag.se\/opinion\/event\/foreningen-jag-stockholm-deltar-pa-fritidsmassa-i-nacka-27-5\/","og_site_name":"JAG Opinion","article_modified_time":"2023-04-11T12:37:39+00:00","twitter_card":"summary_large_image","twitter_misc":{"Ber\u00e4knad l\u00e4stid":"1 minut"},"schema":{"@context":"https:\/\/schema.org","@graph":[{"@type":"WebPage","@id":"https:\/\/jag.se\/opinion\/event\/foreningen-jag-stockholm-deltar-pa-fritidsmassa-i-nacka-27-5\/","url":"https:\/\/jag.se\/opinion\/event\/foreningen-jag-stockholm-deltar-pa-fritidsmassa-i-nacka-27-5\/","name":"F\u00f6reningen JAG Stockholm deltar p\u00e5 fritidsm\u00e4ssa i Nacka 27\/5 - JAG Opinion","isPartOf":{"@id":"https:\/\/jag.se\/opinion\/#website"},"datePublished":"2023-04-11T12:37:36+00:00","dateModified":"2023-04-11T12:37:39+00:00","breadcrumb":{"@id":"https:\/\/jag.se\/opinion\/event\/foreningen-jag-stockholm-deltar-pa-fritidsmassa-i-nacka-27-5\/#breadcrumb"},"inLanguage":"sv-SE","potentialAction":[{"@type":"ReadAction","target":["https:\/\/jag.se\/opinion\/event\/foreningen-jag-stockholm-deltar-pa-fritidsmassa-i-nacka-27-5\/"]}]},{"@type":"BreadcrumbList","@id":"https:\/\/jag.se\/opinion\/event\/foreningen-jag-stockholm-deltar-pa-fritidsmassa-i-nacka-27-5\/#breadcrumb","itemListElement":[{"@type":"ListItem","position":1,"name":"JAG start","item":"https:\/\/jag.se"},{"@type":"ListItem","position":2,"name":"Riksf\u00f6reningen JAG","item":"https:\/\/jag.se\/opinion\/"},{"@type":"ListItem","position":3,"name":"Event","item":"https:\/\/jag.se\/opinion\/event\/"},{"@type":"ListItem","position":4,"name":"F\u00f6reningen JAG Stockholm deltar p\u00e5 fritidsm\u00e4ssa i Nacka 27\/5"}]},{"@type":"WebSite","@id":"https:\/\/jag.se\/opinion\/#website","url":"https:\/\/jag.se\/opinion\/","name":"JAG Opinion","description":"","potentialAction":[{"@type":"SearchAction","target":{"@type":"EntryPoint","urlTemplate":"https:\/\/jag.se\/opinion\/?s={search_term_string}"},"query-input":"required name=search_term_string"}],"inLanguage":"sv-SE"}]}},"_links":{"self":[{"href":"https:\/\/jag.se\/opinion\/wp-json\/wp\/v2\/events\/21670","targetHints":{"allow":["GET"]}}],"collection":[{"href":"https:\/\/jag.se\/opinion\/wp-json\/wp\/v2\/events"}],"about":[{"href":"https:\/\/jag.se\/opinion\/wp-json\/wp\/v2\/types\/events"}],"wp:attachment":[{"href":"https:\/\/jag.se\/opinion\/wp-json\/wp\/v2\/media?parent=21670"}],"curies":[{"name":"wp","href":"https:\/\/api.w.org\/{rel}","templated":true}]}}