{"id":22660,"date":"2023-05-29T07:28:00","date_gmt":"2023-05-29T07:28:00","guid":{"rendered":"https:\/\/jag.se\/opinion\/?post_type=events&#038;p=22660"},"modified":"2023-05-29T07:29:31","modified_gmt":"2023-05-29T07:29:31","slug":"jag-traff-pa-karlsborgs-fastning-med-foreningen-jag-vastra-gotaland-19-6","status":"publish","type":"events","link":"https:\/\/jag.se\/opinion\/event\/jag-traff-pa-karlsborgs-fastning-med-foreningen-jag-vastra-gotaland-19-6\/","title":{"rendered":"JAG-tr\u00e4ff p\u00e5 Karlsborgs f\u00e4stning med F\u00f6reningen JAG V\u00e4stra G\u00f6taland 19\/6"},"content":{"rendered":"\n<p>Tr\u00e4ffa nya och k\u00e4nda JAG kompisar p\u00e5 Karlsborgs f\u00e4stning med F\u00f6reningen JAG V\u00e4stra G\u00f6taland m\u00e5ndag 19 juni kl 12.00. Samling p\u00e5 parkeringen vid f\u00e4stningskyrkan\/museet.<\/p>\n\n\n\n<figure class=\"wp-block-image size-full\"><img loading=\"lazy\" decoding=\"async\" width=\"559\" height=\"419\" src=\"https:\/\/jag.se\/opinion\/wp-content\/uploads\/sites\/3\/2023\/05\/Karlsborgs-fastning.jpg\" alt=\"\" class=\"wp-image-22661\" srcset=\"https:\/\/jag.se\/opinion\/wp-content\/uploads\/sites\/3\/2023\/05\/Karlsborgs-fastning.jpg 559w, https:\/\/jag.se\/opinion\/wp-content\/uploads\/sites\/3\/2023\/05\/Karlsborgs-fastning-300x225.jpg 300w, https:\/\/jag.se\/opinion\/wp-content\/uploads\/sites\/3\/2023\/05\/Karlsborgs-fastning-133x100.jpg 133w, https:\/\/jag.se\/opinion\/wp-content\/uploads\/sites\/3\/2023\/05\/Karlsborgs-fastning-120x90.jpg 120w, https:\/\/jag.se\/opinion\/wp-content\/uploads\/sites\/3\/2023\/05\/Karlsborgs-fastning-540x405.jpg 540w, https:\/\/jag.se\/opinion\/wp-content\/uploads\/sites\/3\/2023\/05\/Karlsborgs-fastning-150x112.jpg 150w, https:\/\/jag.se\/opinion\/wp-content\/uploads\/sites\/3\/2023\/05\/Karlsborgs-fastning-311x233.jpg 311w, https:\/\/jag.se\/opinion\/wp-content\/uploads\/sites\/3\/2023\/05\/Karlsborgs-fastning-369x277.jpg 369w, https:\/\/jag.se\/opinion\/wp-content\/uploads\/sites\/3\/2023\/05\/Karlsborgs-fastning-374x280.jpg 374w, https:\/\/jag.se\/opinion\/wp-content\/uploads\/sites\/3\/2023\/05\/Karlsborgs-fastning-67x50.jpg 67w\" sizes=\"auto, (max-width: 559px) 100vw, 559px\" \/><\/figure>\n\n\n\n<p>Anm\u00e4l dig senast 15 juni via sms till Anna Grosch, 073-584 03 94 eller Rigmor Jonsson, 070-572 46 20.<\/p>\n\n\n\n<p>F\u00f6reningen JAG V\u00e4stra G\u00f6taland bjuder p\u00e5 intr\u00e4de till museet som har bra tillg\u00e4nglighet f\u00f6r \u201drullar\u201d<\/p>\n\n\n\n<p>Vi bjuder p\u00e5 picknicklunch, tunnbr\u00f6dsrullar med olika r\u00f6ror, dricka och fika. M\u00f6jlighet finns att g\u00e5 runt p\u00e5 f\u00e4stningsomr\u00e5det<\/p>\n\n\n\n<p>F\u00f6r mer information och fr\u00e5gor, kontakta Anna eller Rigmor.<\/p>\n\n\n\n<p>\u00c4r du inte medlem?<\/p>\n\n\n\n<p><a href=\"https:\/\/jag.se\/opinion\/bli-medlem\/\" target=\"_blank\" rel=\"noreferrer noopener\">Om du inte redan \u00e4r medlem i Riksf\u00f6reningen JAG och F\u00f6reningen JAG V\u00e4stra G\u00f6taland kan du registrera medlemskap h\u00e4r. <\/a>Om du \u00e4r medlem i riksf\u00f6reningen men inte i F\u00f6reningen JAG V\u00e4stra G\u00f6taland, skicka ett mejl till Linnea Nystr\u00f6m, <a href=\"mailto:linnea.nystrom@jag.se\">linnea.nystrom@jag.se<\/a> \u00a0s\u00e5 hj\u00e4lper hon dig!<\/p>\n\n\n\n<p>V\u00e4stra G\u00f6talands styrelse h\u00e4lsar alla v\u00e4lkomna!<\/p>\n","protected":false},"featured_media":0,"menu_order":86,"template":"","class_list":["post-22660","events","type-events","status-publish","hentry"],"acf":[],"yoast_head":"<!-- This site is optimized with the Yoast SEO plugin v21.3 - https:\/\/yoast.com\/wordpress\/plugins\/seo\/ -->\n<title>JAG-tr\u00e4ff p\u00e5 Karlsborgs f\u00e4stning med F\u00f6reningen JAG V\u00e4stra G\u00f6taland 19\/6 - JAG Opinion<\/title>\n<meta name=\"robots\" content=\"index, follow, max-snippet:-1, max-image-preview:large, max-video-preview:-1\" \/>\n<link rel=\"canonical\" href=\"https:\/\/jag.se\/opinion\/event\/jag-traff-pa-karlsborgs-fastning-med-foreningen-jag-vastra-gotaland-19-6\/\" \/>\n<meta property=\"og:locale\" content=\"sv_SE\" \/>\n<meta property=\"og:type\" content=\"article\" \/>\n<meta property=\"og:title\" content=\"JAG-tr\u00e4ff p\u00e5 Karlsborgs f\u00e4stning med F\u00f6reningen JAG V\u00e4stra G\u00f6taland 19\/6 - JAG Opinion\" \/>\n<meta property=\"og:description\" content=\"Tr\u00e4ffa nya och k\u00e4nda JAG kompisar p\u00e5 Karlsborgs f\u00e4stning med F\u00f6reningen JAG V\u00e4stra G\u00f6taland m\u00e5ndag 19 juni kl 12.00. Samling p\u00e5 parkeringen vid f\u00e4stningskyrkan\/museet. Anm\u00e4l dig senast 15 juni via sms till Anna Grosch, 073-584 03 94 eller Rigmor Jonsson, 070-572 46 20. F\u00f6reningen JAG V\u00e4stra G\u00f6taland bjuder p\u00e5 intr\u00e4de till museet som har bra\" \/>\n<meta property=\"og:url\" content=\"https:\/\/jag.se\/opinion\/event\/jag-traff-pa-karlsborgs-fastning-med-foreningen-jag-vastra-gotaland-19-6\/\" \/>\n<meta property=\"og:site_name\" content=\"JAG Opinion\" \/>\n<meta property=\"article:modified_time\" content=\"2023-05-29T07:29:31+00:00\" \/>\n<meta property=\"og:image\" content=\"https:\/\/jag.se\/opinion\/wp-content\/uploads\/sites\/3\/2023\/05\/Karlsborgs-fastning.jpg\" \/>\n<meta name=\"twitter:card\" content=\"summary_large_image\" \/>\n<meta name=\"twitter:label1\" content=\"Ber\u00e4knad l\u00e4stid\" \/>\n\t<meta name=\"twitter:data1\" content=\"1 minut\" \/>\n<script type=\"application\/ld+json\" class=\"yoast-schema-graph\">{\"@context\":\"https:\/\/schema.org\",\"@graph\":[{\"@type\":\"WebPage\",\"@id\":\"https:\/\/jag.se\/opinion\/event\/jag-traff-pa-karlsborgs-fastning-med-foreningen-jag-vastra-gotaland-19-6\/\",\"url\":\"https:\/\/jag.se\/opinion\/event\/jag-traff-pa-karlsborgs-fastning-med-foreningen-jag-vastra-gotaland-19-6\/\",\"name\":\"JAG-tr\u00e4ff p\u00e5 Karlsborgs f\u00e4stning med F\u00f6reningen JAG V\u00e4stra G\u00f6taland 19\/6 - JAG Opinion\",\"isPartOf\":{\"@id\":\"https:\/\/jag.se\/opinion\/#website\"},\"datePublished\":\"2023-05-29T07:28:00+00:00\",\"dateModified\":\"2023-05-29T07:29:31+00:00\",\"breadcrumb\":{\"@id\":\"https:\/\/jag.se\/opinion\/event\/jag-traff-pa-karlsborgs-fastning-med-foreningen-jag-vastra-gotaland-19-6\/#breadcrumb\"},\"inLanguage\":\"sv-SE\",\"potentialAction\":[{\"@type\":\"ReadAction\",\"target\":[\"https:\/\/jag.se\/opinion\/event\/jag-traff-pa-karlsborgs-fastning-med-foreningen-jag-vastra-gotaland-19-6\/\"]}]},{\"@type\":\"BreadcrumbList\",\"@id\":\"https:\/\/jag.se\/opinion\/event\/jag-traff-pa-karlsborgs-fastning-med-foreningen-jag-vastra-gotaland-19-6\/#breadcrumb\",\"itemListElement\":[{\"@type\":\"ListItem\",\"position\":1,\"name\":\"JAG start\",\"item\":\"https:\/\/jag.se\"},{\"@type\":\"ListItem\",\"position\":2,\"name\":\"Riksf\u00f6reningen JAG\",\"item\":\"https:\/\/jag.se\/opinion\/\"},{\"@type\":\"ListItem\",\"position\":3,\"name\":\"Event\",\"item\":\"https:\/\/jag.se\/opinion\/event\/\"},{\"@type\":\"ListItem\",\"position\":4,\"name\":\"JAG-tr\u00e4ff p\u00e5 Karlsborgs f\u00e4stning med F\u00f6reningen JAG V\u00e4stra G\u00f6taland 19\/6\"}]},{\"@type\":\"WebSite\",\"@id\":\"https:\/\/jag.se\/opinion\/#website\",\"url\":\"https:\/\/jag.se\/opinion\/\",\"name\":\"JAG Opinion\",\"description\":\"\",\"potentialAction\":[{\"@type\":\"SearchAction\",\"target\":{\"@type\":\"EntryPoint\",\"urlTemplate\":\"https:\/\/jag.se\/opinion\/?s={search_term_string}\"},\"query-input\":\"required name=search_term_string\"}],\"inLanguage\":\"sv-SE\"}]}<\/script>\n<!-- \/ Yoast SEO plugin. -->","yoast_head_json":{"title":"JAG-tr\u00e4ff p\u00e5 Karlsborgs f\u00e4stning med F\u00f6reningen JAG V\u00e4stra G\u00f6taland 19\/6 - JAG Opinion","robots":{"index":"index","follow":"follow","max-snippet":"max-snippet:-1","max-image-preview":"max-image-preview:large","max-video-preview":"max-video-preview:-1"},"canonical":"https:\/\/jag.se\/opinion\/event\/jag-traff-pa-karlsborgs-fastning-med-foreningen-jag-vastra-gotaland-19-6\/","og_locale":"sv_SE","og_type":"article","og_title":"JAG-tr\u00e4ff p\u00e5 Karlsborgs f\u00e4stning med F\u00f6reningen JAG V\u00e4stra G\u00f6taland 19\/6 - JAG Opinion","og_description":"Tr\u00e4ffa nya och k\u00e4nda JAG kompisar p\u00e5 Karlsborgs f\u00e4stning med F\u00f6reningen JAG V\u00e4stra G\u00f6taland m\u00e5ndag 19 juni kl 12.00. Samling p\u00e5 parkeringen vid f\u00e4stningskyrkan\/museet. Anm\u00e4l dig senast 15 juni via sms till Anna Grosch, 073-584 03 94 eller Rigmor Jonsson, 070-572 46 20. F\u00f6reningen JAG V\u00e4stra G\u00f6taland bjuder p\u00e5 intr\u00e4de till museet som har bra","og_url":"https:\/\/jag.se\/opinion\/event\/jag-traff-pa-karlsborgs-fastning-med-foreningen-jag-vastra-gotaland-19-6\/","og_site_name":"JAG Opinion","article_modified_time":"2023-05-29T07:29:31+00:00","og_image":[{"url":"https:\/\/jag.se\/opinion\/wp-content\/uploads\/sites\/3\/2023\/05\/Karlsborgs-fastning.jpg"}],"twitter_card":"summary_large_image","twitter_misc":{"Ber\u00e4knad l\u00e4stid":"1 minut"},"schema":{"@context":"https:\/\/schema.org","@graph":[{"@type":"WebPage","@id":"https:\/\/jag.se\/opinion\/event\/jag-traff-pa-karlsborgs-fastning-med-foreningen-jag-vastra-gotaland-19-6\/","url":"https:\/\/jag.se\/opinion\/event\/jag-traff-pa-karlsborgs-fastning-med-foreningen-jag-vastra-gotaland-19-6\/","name":"JAG-tr\u00e4ff p\u00e5 Karlsborgs f\u00e4stning med F\u00f6reningen JAG V\u00e4stra G\u00f6taland 19\/6 - JAG Opinion","isPartOf":{"@id":"https:\/\/jag.se\/opinion\/#website"},"datePublished":"2023-05-29T07:28:00+00:00","dateModified":"2023-05-29T07:29:31+00:00","breadcrumb":{"@id":"https:\/\/jag.se\/opinion\/event\/jag-traff-pa-karlsborgs-fastning-med-foreningen-jag-vastra-gotaland-19-6\/#breadcrumb"},"inLanguage":"sv-SE","potentialAction":[{"@type":"ReadAction","target":["https:\/\/jag.se\/opinion\/event\/jag-traff-pa-karlsborgs-fastning-med-foreningen-jag-vastra-gotaland-19-6\/"]}]},{"@type":"BreadcrumbList","@id":"https:\/\/jag.se\/opinion\/event\/jag-traff-pa-karlsborgs-fastning-med-foreningen-jag-vastra-gotaland-19-6\/#breadcrumb","itemListElement":[{"@type":"ListItem","position":1,"name":"JAG start","item":"https:\/\/jag.se"},{"@type":"ListItem","position":2,"name":"Riksf\u00f6reningen JAG","item":"https:\/\/jag.se\/opinion\/"},{"@type":"ListItem","position":3,"name":"Event","item":"https:\/\/jag.se\/opinion\/event\/"},{"@type":"ListItem","position":4,"name":"JAG-tr\u00e4ff p\u00e5 Karlsborgs f\u00e4stning med F\u00f6reningen JAG V\u00e4stra G\u00f6taland 19\/6"}]},{"@type":"WebSite","@id":"https:\/\/jag.se\/opinion\/#website","url":"https:\/\/jag.se\/opinion\/","name":"JAG Opinion","description":"","potentialAction":[{"@type":"SearchAction","target":{"@type":"EntryPoint","urlTemplate":"https:\/\/jag.se\/opinion\/?s={search_term_string}"},"query-input":"required name=search_term_string"}],"inLanguage":"sv-SE"}]}},"_links":{"self":[{"href":"https:\/\/jag.se\/opinion\/wp-json\/wp\/v2\/events\/22660","targetHints":{"allow":["GET"]}}],"collection":[{"href":"https:\/\/jag.se\/opinion\/wp-json\/wp\/v2\/events"}],"about":[{"href":"https:\/\/jag.se\/opinion\/wp-json\/wp\/v2\/types\/events"}],"wp:attachment":[{"href":"https:\/\/jag.se\/opinion\/wp-json\/wp\/v2\/media?parent=22660"}],"curies":[{"name":"wp","href":"https:\/\/api.w.org\/{rel}","templated":true}]}}