{"id":22731,"date":"2023-06-07T07:08:45","date_gmt":"2023-06-07T07:08:45","guid":{"rendered":"https:\/\/jag.se\/opinion\/?post_type=events&#038;p=22731"},"modified":"2023-08-22T07:18:44","modified_gmt":"2023-08-22T07:18:44","slug":"jags-sommarvecka-med-festivalkarneval","status":"publish","type":"events","link":"https:\/\/jag.se\/opinion\/event\/jags-sommarvecka-med-festivalkarneval\/","title":{"rendered":"JAGs sommarvecka i Stockholm"},"content":{"rendered":"\n<p>Under Sommarveckan i Stockholm 31\/8 \u2013 2\/9 syns vi och visar att livet \u00e4r v\u00e4rt att leva \u00e4ven f\u00f6r personer med stora funktionsneds\u00e4ttningar. JAGs festivalkarneval l\u00f6rdag 2\/9 \u00e4r b\u00e5de en intressepolitisk manifestation och en rolig upplevelse som alla kan vara med p\u00e5. <\/p>\n\n\n\n<p class=\"has-text-align-center\"><a href=\"https:\/\/sv-se.eu.invajo.com\/event\/jag\/sommarveckamedfestivalkarneval\" target=\"_blank\" rel=\"noreferrer noopener\">L\u00e4s mer och anm\u00e4l dig h\u00e4r!<\/a><\/p>\n\n\n\n<div style=\"height:0px\" aria-hidden=\"true\" class=\"wp-block-spacer\"><\/div>\n\n\n\n<figure class=\"wp-block-gallery has-nested-images columns-default is-cropped wp-block-gallery-1 is-layout-flex wp-block-gallery-is-layout-flex\">\n<figure class=\"wp-block-image size-large\"><img loading=\"lazy\" decoding=\"async\" width=\"1024\" height=\"457\" data-id=\"22839\" src=\"https:\/\/jag.se\/opinion\/wp-content\/uploads\/sites\/3\/2023\/06\/Sommarveckan-TEXT-1024x457.jpg\" alt=\"\" class=\"wp-image-22839\" srcset=\"https:\/\/jag.se\/opinion\/wp-content\/uploads\/sites\/3\/2023\/06\/Sommarveckan-TEXT-1024x457.jpg 1024w, https:\/\/jag.se\/opinion\/wp-content\/uploads\/sites\/3\/2023\/06\/Sommarveckan-TEXT-300x134.jpg 300w, https:\/\/jag.se\/opinion\/wp-content\/uploads\/sites\/3\/2023\/06\/Sommarveckan-TEXT-768x343.jpg 768w, https:\/\/jag.se\/opinion\/wp-content\/uploads\/sites\/3\/2023\/06\/Sommarveckan-TEXT-1536x686.jpg 1536w, https:\/\/jag.se\/opinion\/wp-content\/uploads\/sites\/3\/2023\/06\/Sommarveckan-TEXT-224x100.jpg 224w, https:\/\/jag.se\/opinion\/wp-content\/uploads\/sites\/3\/2023\/06\/Sommarveckan-TEXT-120x54.jpg 120w, https:\/\/jag.se\/opinion\/wp-content\/uploads\/sites\/3\/2023\/06\/Sommarveckan-TEXT-540x241.jpg 540w, https:\/\/jag.se\/opinion\/wp-content\/uploads\/sites\/3\/2023\/06\/Sommarveckan-TEXT-601x268.jpg 601w, https:\/\/jag.se\/opinion\/wp-content\/uploads\/sites\/3\/2023\/06\/Sommarveckan-TEXT-150x67.jpg 150w, https:\/\/jag.se\/opinion\/wp-content\/uploads\/sites\/3\/2023\/06\/Sommarveckan-TEXT-311x139.jpg 311w, https:\/\/jag.se\/opinion\/wp-content\/uploads\/sites\/3\/2023\/06\/Sommarveckan-TEXT-369x165.jpg 369w, https:\/\/jag.se\/opinion\/wp-content\/uploads\/sites\/3\/2023\/06\/Sommarveckan-TEXT-374x167.jpg 374w, https:\/\/jag.se\/opinion\/wp-content\/uploads\/sites\/3\/2023\/06\/Sommarveckan-TEXT-112x50.jpg 112w, https:\/\/jag.se\/opinion\/wp-content\/uploads\/sites\/3\/2023\/06\/Sommarveckan-TEXT-1255x560.jpg 1255w, https:\/\/jag.se\/opinion\/wp-content\/uploads\/sites\/3\/2023\/06\/Sommarveckan-TEXT.jpg 1920w\" sizes=\"auto, (max-width: 1024px) 100vw, 1024px\" \/><\/figure>\n<\/figure>\n\n\n\n<h2 class=\"wp-block-heading has-text-align-center\">FAQ<\/h2>\n\n\n\n<div class=\"schema-faq wp-block-yoast-faq-block\"><div class=\"schema-faq-section\" id=\"faq-question-1686304871041\"><strong class=\"schema-faq-question\">Var ligger JAGs kansli?<\/strong> <p class=\"schema-faq-answer\">I centrala Stockholm p\u00e5 Klara S\u00f6dra kyrkogata 1, 111 52 Stockholm.  <br\/><br\/><br\/><\/p> <\/div> <div class=\"schema-faq-section\" id=\"faq-question-1686318470645\"><strong class=\"schema-faq-question\">Vem v\u00e4nder sig aktiviteterna till?<\/strong> <p class=\"schema-faq-answer\">Medlemmar i Riksf\u00f6reningen JAG och Brukarkooperativet JAG. Undantaget \u00e4r l\u00f6rdagens karnevalsparad som alla \u00e4r v\u00e4lkomna att vara med p\u00e5.<br\/><br\/><br\/><\/p> <\/div> <div class=\"schema-faq-section\" id=\"faq-question-1686317886226\"><strong class=\"schema-faq-question\">Hur tar man sig till kansliet kollektivt?<\/strong> <p class=\"schema-faq-answer\">Man kan ta tunnelbana, pendelt\u00e5g, buss eller sp\u00e5rvagn. Station: T-centralen eller Centralstationen. <br\/><br\/><\/p> <\/div> <\/div>\n\n\n<div class=\"wp-block-image\">\n<figure class=\"aligncenter size-large\"><img loading=\"lazy\" decoding=\"async\" width=\"1024\" height=\"681\" src=\"https:\/\/jag.se\/opinion\/wp-content\/uploads\/sites\/3\/2012\/06\/9956715cb5f3c58d_org-3-scaled-1024x681.jpg\" alt=\"\" class=\"wp-image-22588\" srcset=\"https:\/\/jag.se\/opinion\/wp-content\/uploads\/sites\/3\/2012\/06\/9956715cb5f3c58d_org-3-scaled-1024x681.jpg 1024w, https:\/\/jag.se\/opinion\/wp-content\/uploads\/sites\/3\/2012\/06\/9956715cb5f3c58d_org-3-scaled-300x200.jpg 300w, https:\/\/jag.se\/opinion\/wp-content\/uploads\/sites\/3\/2012\/06\/9956715cb5f3c58d_org-3-scaled-768x511.jpg 768w, https:\/\/jag.se\/opinion\/wp-content\/uploads\/sites\/3\/2012\/06\/9956715cb5f3c58d_org-3-scaled-1536x1022.jpg 1536w, https:\/\/jag.se\/opinion\/wp-content\/uploads\/sites\/3\/2012\/06\/9956715cb5f3c58d_org-3-scaled-2048x1362.jpg 2048w, https:\/\/jag.se\/opinion\/wp-content\/uploads\/sites\/3\/2012\/06\/9956715cb5f3c58d_org-3-scaled-1920x1277.jpg 1920w, https:\/\/jag.se\/opinion\/wp-content\/uploads\/sites\/3\/2012\/06\/9956715cb5f3c58d_org-3-scaled-150x100.jpg 150w, https:\/\/jag.se\/opinion\/wp-content\/uploads\/sites\/3\/2012\/06\/9956715cb5f3c58d_org-3-scaled-120x80.jpg 120w, https:\/\/jag.se\/opinion\/wp-content\/uploads\/sites\/3\/2012\/06\/9956715cb5f3c58d_org-3-scaled-540x359.jpg 540w, https:\/\/jag.se\/opinion\/wp-content\/uploads\/sites\/3\/2012\/06\/9956715cb5f3c58d_org-3-scaled-601x400.jpg 601w, https:\/\/jag.se\/opinion\/wp-content\/uploads\/sites\/3\/2012\/06\/9956715cb5f3c58d_org-3-scaled-311x207.jpg 311w, https:\/\/jag.se\/opinion\/wp-content\/uploads\/sites\/3\/2012\/06\/9956715cb5f3c58d_org-3-scaled-369x245.jpg 369w, https:\/\/jag.se\/opinion\/wp-content\/uploads\/sites\/3\/2012\/06\/9956715cb5f3c58d_org-3-scaled-374x249.jpg 374w, https:\/\/jag.se\/opinion\/wp-content\/uploads\/sites\/3\/2012\/06\/9956715cb5f3c58d_org-3-scaled-419x280.jpg 419w, https:\/\/jag.se\/opinion\/wp-content\/uploads\/sites\/3\/2012\/06\/9956715cb5f3c58d_org-3-scaled-75x50.jpg 75w, https:\/\/jag.se\/opinion\/wp-content\/uploads\/sites\/3\/2012\/06\/9956715cb5f3c58d_org-3-scaled-842x560.jpg 842w\" sizes=\"auto, (max-width: 1024px) 100vw, 1024px\" \/><\/figure>\n<\/div>","protected":false},"featured_media":0,"menu_order":85,"template":"","class_list":["post-22731","events","type-events","status-publish","hentry"],"acf":[],"yoast_head":"<!-- This site is optimized with the Yoast SEO plugin v21.3 - https:\/\/yoast.com\/wordpress\/plugins\/seo\/ -->\n<title>JAGs sommarvecka i Stockholm - JAG Opinion<\/title>\n<meta name=\"robots\" content=\"index, follow, max-snippet:-1, max-image-preview:large, max-video-preview:-1\" \/>\n<link rel=\"canonical\" href=\"https:\/\/jag.se\/opinion\/event\/jags-sommarvecka-med-festivalkarneval\/\" \/>\n<meta property=\"og:locale\" content=\"sv_SE\" \/>\n<meta property=\"og:type\" content=\"article\" \/>\n<meta property=\"og:title\" content=\"JAGs sommarvecka i Stockholm - JAG Opinion\" \/>\n<meta property=\"og:description\" content=\"Under Sommarveckan i Stockholm 31\/8 \u2013 2\/9 syns vi och visar att livet \u00e4r v\u00e4rt att leva \u00e4ven f\u00f6r personer med stora funktionsneds\u00e4ttningar. JAGs festivalkarneval l\u00f6rdag 2\/9 \u00e4r b\u00e5de en intressepolitisk manifestation och en rolig upplevelse som alla kan vara med p\u00e5. L\u00e4s mer och anm\u00e4l dig h\u00e4r! FAQ\" \/>\n<meta property=\"og:url\" content=\"https:\/\/jag.se\/opinion\/event\/jags-sommarvecka-med-festivalkarneval\/\" \/>\n<meta property=\"og:site_name\" content=\"JAG Opinion\" \/>\n<meta property=\"article:modified_time\" content=\"2023-08-22T07:18:44+00:00\" \/>\n<meta property=\"og:image\" content=\"https:\/\/jag.se\/opinion\/wp-content\/uploads\/sites\/3\/2023\/06\/Sommarveckan-TEXT-1024x457.jpg\" \/>\n<meta name=\"twitter:card\" content=\"summary_large_image\" \/>\n<meta name=\"twitter:label1\" content=\"Ber\u00e4knad l\u00e4stid\" \/>\n\t<meta name=\"twitter:data1\" content=\"1 minut\" \/>\n<script type=\"application\/ld+json\" class=\"yoast-schema-graph\">{\"@context\":\"https:\/\/schema.org\",\"@graph\":[{\"@type\":[\"WebPage\",\"FAQPage\"],\"@id\":\"https:\/\/jag.se\/opinion\/event\/jags-sommarvecka-med-festivalkarneval\/\",\"url\":\"https:\/\/jag.se\/opinion\/event\/jags-sommarvecka-med-festivalkarneval\/\",\"name\":\"JAGs sommarvecka i Stockholm - JAG Opinion\",\"isPartOf\":{\"@id\":\"https:\/\/jag.se\/opinion\/#website\"},\"datePublished\":\"2023-06-07T07:08:45+00:00\",\"dateModified\":\"2023-08-22T07:18:44+00:00\",\"breadcrumb\":{\"@id\":\"https:\/\/jag.se\/opinion\/event\/jags-sommarvecka-med-festivalkarneval\/#breadcrumb\"},\"mainEntity\":[{\"@id\":\"https:\/\/jag.se\/opinion\/event\/jags-sommarvecka-med-festivalkarneval\/#faq-question-1686304871041\"},{\"@id\":\"https:\/\/jag.se\/opinion\/event\/jags-sommarvecka-med-festivalkarneval\/#faq-question-1686318470645\"},{\"@id\":\"https:\/\/jag.se\/opinion\/event\/jags-sommarvecka-med-festivalkarneval\/#faq-question-1686317886226\"}],\"inLanguage\":\"sv-SE\",\"potentialAction\":[{\"@type\":\"ReadAction\",\"target\":[\"https:\/\/jag.se\/opinion\/event\/jags-sommarvecka-med-festivalkarneval\/\"]}]},{\"@type\":\"BreadcrumbList\",\"@id\":\"https:\/\/jag.se\/opinion\/event\/jags-sommarvecka-med-festivalkarneval\/#breadcrumb\",\"itemListElement\":[{\"@type\":\"ListItem\",\"position\":1,\"name\":\"JAG start\",\"item\":\"https:\/\/jag.se\"},{\"@type\":\"ListItem\",\"position\":2,\"name\":\"Riksf\u00f6reningen JAG\",\"item\":\"https:\/\/jag.se\/opinion\/\"},{\"@type\":\"ListItem\",\"position\":3,\"name\":\"Event\",\"item\":\"https:\/\/jag.se\/opinion\/event\/\"},{\"@type\":\"ListItem\",\"position\":4,\"name\":\"JAGs sommarvecka i Stockholm\"}]},{\"@type\":\"WebSite\",\"@id\":\"https:\/\/jag.se\/opinion\/#website\",\"url\":\"https:\/\/jag.se\/opinion\/\",\"name\":\"JAG Opinion\",\"description\":\"\",\"potentialAction\":[{\"@type\":\"SearchAction\",\"target\":{\"@type\":\"EntryPoint\",\"urlTemplate\":\"https:\/\/jag.se\/opinion\/?s={search_term_string}\"},\"query-input\":\"required name=search_term_string\"}],\"inLanguage\":\"sv-SE\"},{\"@type\":\"Question\",\"@id\":\"https:\/\/jag.se\/opinion\/event\/jags-sommarvecka-med-festivalkarneval\/#faq-question-1686304871041\",\"position\":1,\"url\":\"https:\/\/jag.se\/opinion\/event\/jags-sommarvecka-med-festivalkarneval\/#faq-question-1686304871041\",\"name\":\"Var ligger JAGs kansli?\",\"answerCount\":1,\"acceptedAnswer\":{\"@type\":\"Answer\",\"text\":\"I centrala Stockholm p\u00e5 Klara S\u00f6dra kyrkogata 1, 111 52 Stockholm.  <br\/><br\/><br\/>\",\"inLanguage\":\"sv-SE\"},\"inLanguage\":\"sv-SE\"},{\"@type\":\"Question\",\"@id\":\"https:\/\/jag.se\/opinion\/event\/jags-sommarvecka-med-festivalkarneval\/#faq-question-1686318470645\",\"position\":2,\"url\":\"https:\/\/jag.se\/opinion\/event\/jags-sommarvecka-med-festivalkarneval\/#faq-question-1686318470645\",\"name\":\"Vem v\u00e4nder sig aktiviteterna till?\",\"answerCount\":1,\"acceptedAnswer\":{\"@type\":\"Answer\",\"text\":\"Medlemmar i Riksf\u00f6reningen JAG och Brukarkooperativet JAG. Undantaget \u00e4r l\u00f6rdagens karnevalsparad som alla \u00e4r v\u00e4lkomna att vara med p\u00e5.<br\/><br\/><br\/>\",\"inLanguage\":\"sv-SE\"},\"inLanguage\":\"sv-SE\"},{\"@type\":\"Question\",\"@id\":\"https:\/\/jag.se\/opinion\/event\/jags-sommarvecka-med-festivalkarneval\/#faq-question-1686317886226\",\"position\":3,\"url\":\"https:\/\/jag.se\/opinion\/event\/jags-sommarvecka-med-festivalkarneval\/#faq-question-1686317886226\",\"name\":\"Hur tar man sig till kansliet kollektivt?\",\"answerCount\":1,\"acceptedAnswer\":{\"@type\":\"Answer\",\"text\":\"Man kan ta tunnelbana, pendelt\u00e5g, buss eller sp\u00e5rvagn. Station: T-centralen eller Centralstationen. <br\/><br\/>\",\"inLanguage\":\"sv-SE\"},\"inLanguage\":\"sv-SE\"}]}<\/script>\n<!-- \/ Yoast SEO plugin. -->","yoast_head_json":{"title":"JAGs sommarvecka i Stockholm - JAG Opinion","robots":{"index":"index","follow":"follow","max-snippet":"max-snippet:-1","max-image-preview":"max-image-preview:large","max-video-preview":"max-video-preview:-1"},"canonical":"https:\/\/jag.se\/opinion\/event\/jags-sommarvecka-med-festivalkarneval\/","og_locale":"sv_SE","og_type":"article","og_title":"JAGs sommarvecka i Stockholm - JAG Opinion","og_description":"Under Sommarveckan i Stockholm 31\/8 \u2013 2\/9 syns vi och visar att livet \u00e4r v\u00e4rt att leva \u00e4ven f\u00f6r personer med stora funktionsneds\u00e4ttningar. JAGs festivalkarneval l\u00f6rdag 2\/9 \u00e4r b\u00e5de en intressepolitisk manifestation och en rolig upplevelse som alla kan vara med p\u00e5. L\u00e4s mer och anm\u00e4l dig h\u00e4r! FAQ","og_url":"https:\/\/jag.se\/opinion\/event\/jags-sommarvecka-med-festivalkarneval\/","og_site_name":"JAG Opinion","article_modified_time":"2023-08-22T07:18:44+00:00","og_image":[{"url":"https:\/\/jag.se\/opinion\/wp-content\/uploads\/sites\/3\/2023\/06\/Sommarveckan-TEXT-1024x457.jpg"}],"twitter_card":"summary_large_image","twitter_misc":{"Ber\u00e4knad l\u00e4stid":"1 minut"},"schema":{"@context":"https:\/\/schema.org","@graph":[{"@type":["WebPage","FAQPage"],"@id":"https:\/\/jag.se\/opinion\/event\/jags-sommarvecka-med-festivalkarneval\/","url":"https:\/\/jag.se\/opinion\/event\/jags-sommarvecka-med-festivalkarneval\/","name":"JAGs sommarvecka i Stockholm - JAG Opinion","isPartOf":{"@id":"https:\/\/jag.se\/opinion\/#website"},"datePublished":"2023-06-07T07:08:45+00:00","dateModified":"2023-08-22T07:18:44+00:00","breadcrumb":{"@id":"https:\/\/jag.se\/opinion\/event\/jags-sommarvecka-med-festivalkarneval\/#breadcrumb"},"mainEntity":[{"@id":"https:\/\/jag.se\/opinion\/event\/jags-sommarvecka-med-festivalkarneval\/#faq-question-1686304871041"},{"@id":"https:\/\/jag.se\/opinion\/event\/jags-sommarvecka-med-festivalkarneval\/#faq-question-1686318470645"},{"@id":"https:\/\/jag.se\/opinion\/event\/jags-sommarvecka-med-festivalkarneval\/#faq-question-1686317886226"}],"inLanguage":"sv-SE","potentialAction":[{"@type":"ReadAction","target":["https:\/\/jag.se\/opinion\/event\/jags-sommarvecka-med-festivalkarneval\/"]}]},{"@type":"BreadcrumbList","@id":"https:\/\/jag.se\/opinion\/event\/jags-sommarvecka-med-festivalkarneval\/#breadcrumb","itemListElement":[{"@type":"ListItem","position":1,"name":"JAG start","item":"https:\/\/jag.se"},{"@type":"ListItem","position":2,"name":"Riksf\u00f6reningen JAG","item":"https:\/\/jag.se\/opinion\/"},{"@type":"ListItem","position":3,"name":"Event","item":"https:\/\/jag.se\/opinion\/event\/"},{"@type":"ListItem","position":4,"name":"JAGs sommarvecka i Stockholm"}]},{"@type":"WebSite","@id":"https:\/\/jag.se\/opinion\/#website","url":"https:\/\/jag.se\/opinion\/","name":"JAG Opinion","description":"","potentialAction":[{"@type":"SearchAction","target":{"@type":"EntryPoint","urlTemplate":"https:\/\/jag.se\/opinion\/?s={search_term_string}"},"query-input":"required name=search_term_string"}],"inLanguage":"sv-SE"},{"@type":"Question","@id":"https:\/\/jag.se\/opinion\/event\/jags-sommarvecka-med-festivalkarneval\/#faq-question-1686304871041","position":1,"url":"https:\/\/jag.se\/opinion\/event\/jags-sommarvecka-med-festivalkarneval\/#faq-question-1686304871041","name":"Var ligger JAGs kansli?","answerCount":1,"acceptedAnswer":{"@type":"Answer","text":"I centrala Stockholm p\u00e5 Klara S\u00f6dra kyrkogata 1, 111 52 Stockholm.  <br\/><br\/><br\/>","inLanguage":"sv-SE"},"inLanguage":"sv-SE"},{"@type":"Question","@id":"https:\/\/jag.se\/opinion\/event\/jags-sommarvecka-med-festivalkarneval\/#faq-question-1686318470645","position":2,"url":"https:\/\/jag.se\/opinion\/event\/jags-sommarvecka-med-festivalkarneval\/#faq-question-1686318470645","name":"Vem v\u00e4nder sig aktiviteterna till?","answerCount":1,"acceptedAnswer":{"@type":"Answer","text":"Medlemmar i Riksf\u00f6reningen JAG och Brukarkooperativet JAG. Undantaget \u00e4r l\u00f6rdagens karnevalsparad som alla \u00e4r v\u00e4lkomna att vara med p\u00e5.<br\/><br\/><br\/>","inLanguage":"sv-SE"},"inLanguage":"sv-SE"},{"@type":"Question","@id":"https:\/\/jag.se\/opinion\/event\/jags-sommarvecka-med-festivalkarneval\/#faq-question-1686317886226","position":3,"url":"https:\/\/jag.se\/opinion\/event\/jags-sommarvecka-med-festivalkarneval\/#faq-question-1686317886226","name":"Hur tar man sig till kansliet kollektivt?","answerCount":1,"acceptedAnswer":{"@type":"Answer","text":"Man kan ta tunnelbana, pendelt\u00e5g, buss eller sp\u00e5rvagn. Station: T-centralen eller Centralstationen. <br\/><br\/>","inLanguage":"sv-SE"},"inLanguage":"sv-SE"}]}},"_links":{"self":[{"href":"https:\/\/jag.se\/opinion\/wp-json\/wp\/v2\/events\/22731","targetHints":{"allow":["GET"]}}],"collection":[{"href":"https:\/\/jag.se\/opinion\/wp-json\/wp\/v2\/events"}],"about":[{"href":"https:\/\/jag.se\/opinion\/wp-json\/wp\/v2\/types\/events"}],"wp:attachment":[{"href":"https:\/\/jag.se\/opinion\/wp-json\/wp\/v2\/media?parent=22731"}],"curies":[{"name":"wp","href":"https:\/\/api.w.org\/{rel}","templated":true}]}}