{"id":22811,"date":"2023-07-19T13:18:21","date_gmt":"2023-07-19T13:18:21","guid":{"rendered":"https:\/\/jag.se\/opinion\/?post_type=events&#038;p=22811"},"modified":"2023-08-22T07:17:36","modified_gmt":"2023-08-22T07:17:36","slug":"jags-karnevalsparad","status":"publish","type":"events","link":"https:\/\/jag.se\/opinion\/event\/jags-karnevalsparad\/","title":{"rendered":"JAGs Karnevalsparad genom Stockholm!"},"content":{"rendered":"\n<h3 class=\"wp-block-heading has-text-align-center\">L\u00f6rdagen den 2\/9 2023<\/h3>\n\n\n\n<p class=\"has-text-align-center\">H\u00e4ng med p\u00e5 JAGs karnevalsparad genom centrala Stockholm! <br><br>Den 2 september visar vi att livet \u00e4r v\u00e4rt att leva \u00e4ven f\u00f6r oss med stora funktionsneds\u00e4ttningar. Karnevalsparaden \u00e4r b\u00e5de en en rolig upplevelse som alla kan vara med p\u00e5 och en intressepolitisk manifestation. <\/p>\n\n\n\n<p class=\"has-text-align-center\">Paraden b\u00f6rjar utanf\u00f6r JAGs kansli och g\u00e5r till Raoul Wallenbergs torg vid Nybroplan.<\/p>\n\n\n\n<p class=\"has-text-align-center\"><strong>14.30: <\/strong>Samling vid JAGs kansli, Klara S\u00f6dra kyrkogata 1 i Stockholm<br><strong>15.00:<\/strong> Karnevalsparaden g\u00e5r till Raoul Wallenbergs torg vid Nybroplan. D\u00e4r blir det musik och tal fram till ca kl 16.15<br><br><a href=\"https:\/\/fb.me\/e\/wOrt6RUX\">Anm\u00e4l dig g\u00e4rna till Facebook-eventet<\/a><\/p>\n\n\n\n<div style=\"height:0px\" aria-hidden=\"true\" class=\"wp-block-spacer\"><\/div>\n\n\n\n<figure class=\"wp-block-gallery has-nested-images columns-default is-cropped wp-block-gallery-1 is-layout-flex wp-block-gallery-is-layout-flex\">\n<figure class=\"wp-block-image size-large\"><img loading=\"lazy\" decoding=\"async\" width=\"1024\" height=\"681\" data-id=\"22588\" src=\"https:\/\/jag.se\/opinion\/wp-content\/uploads\/sites\/3\/2012\/06\/9956715cb5f3c58d_org-3-scaled-1024x681.jpg\" alt=\"\" class=\"wp-image-22588\" srcset=\"https:\/\/jag.se\/opinion\/wp-content\/uploads\/sites\/3\/2012\/06\/9956715cb5f3c58d_org-3-scaled-1024x681.jpg 1024w, https:\/\/jag.se\/opinion\/wp-content\/uploads\/sites\/3\/2012\/06\/9956715cb5f3c58d_org-3-scaled-300x200.jpg 300w, https:\/\/jag.se\/opinion\/wp-content\/uploads\/sites\/3\/2012\/06\/9956715cb5f3c58d_org-3-scaled-768x511.jpg 768w, https:\/\/jag.se\/opinion\/wp-content\/uploads\/sites\/3\/2012\/06\/9956715cb5f3c58d_org-3-scaled-1536x1022.jpg 1536w, https:\/\/jag.se\/opinion\/wp-content\/uploads\/sites\/3\/2012\/06\/9956715cb5f3c58d_org-3-scaled-2048x1362.jpg 2048w, https:\/\/jag.se\/opinion\/wp-content\/uploads\/sites\/3\/2012\/06\/9956715cb5f3c58d_org-3-scaled-1920x1277.jpg 1920w, https:\/\/jag.se\/opinion\/wp-content\/uploads\/sites\/3\/2012\/06\/9956715cb5f3c58d_org-3-scaled-150x100.jpg 150w, https:\/\/jag.se\/opinion\/wp-content\/uploads\/sites\/3\/2012\/06\/9956715cb5f3c58d_org-3-scaled-120x80.jpg 120w, https:\/\/jag.se\/opinion\/wp-content\/uploads\/sites\/3\/2012\/06\/9956715cb5f3c58d_org-3-scaled-540x359.jpg 540w, https:\/\/jag.se\/opinion\/wp-content\/uploads\/sites\/3\/2012\/06\/9956715cb5f3c58d_org-3-scaled-601x400.jpg 601w, https:\/\/jag.se\/opinion\/wp-content\/uploads\/sites\/3\/2012\/06\/9956715cb5f3c58d_org-3-scaled-311x207.jpg 311w, https:\/\/jag.se\/opinion\/wp-content\/uploads\/sites\/3\/2012\/06\/9956715cb5f3c58d_org-3-scaled-369x245.jpg 369w, https:\/\/jag.se\/opinion\/wp-content\/uploads\/sites\/3\/2012\/06\/9956715cb5f3c58d_org-3-scaled-374x249.jpg 374w, https:\/\/jag.se\/opinion\/wp-content\/uploads\/sites\/3\/2012\/06\/9956715cb5f3c58d_org-3-scaled-419x280.jpg 419w, https:\/\/jag.se\/opinion\/wp-content\/uploads\/sites\/3\/2012\/06\/9956715cb5f3c58d_org-3-scaled-75x50.jpg 75w, https:\/\/jag.se\/opinion\/wp-content\/uploads\/sites\/3\/2012\/06\/9956715cb5f3c58d_org-3-scaled-842x560.jpg 842w\" sizes=\"auto, (max-width: 1024px) 100vw, 1024px\" \/><\/figure>\n\n\n\n<figure class=\"wp-block-image size-large\"><img decoding=\"async\" data-id=\"22810\" src=\"https:\/\/jag.se\/opinion\/wp-content\/uploads\/sites\/3\/2023\/06\/Tim-trummar-1-3.jpg\" alt=\"\" class=\"wp-image-22810\"\/><\/figure>\n<\/figure>\n\n\n\n<div style=\"height:0px\" aria-hidden=\"true\" class=\"wp-block-spacer\"><\/div>\n\n\n\n<p>Under paraden kommer <strong><a href=\"https:\/\/superstarorkestar.com\/\">Superstar Orkestar<\/a> <\/strong>att spela romsk partymusik fr\u00e5n Balkan, titta p\u00e5 filmen f\u00f6r att f\u00e5 ett smakprov! Videon \u00e4r fr\u00e5n JAGs \u00e5rsm\u00f6te 2022.<\/p>\n\n\n\n<figure class=\"wp-block-embed is-type-video is-provider-youtube wp-block-embed-youtube wp-embed-aspect-4-3 wp-has-aspect-ratio\"><div class=\"wp-block-embed__wrapper\">\nhttps:\/\/youtu.be\/M1snCappP6M\n<\/div><\/figure>\n\n\n\n<div style=\"height:0px\" aria-hidden=\"true\" class=\"wp-block-spacer\"><\/div>\n\n\n\n<p><\/p>\n","protected":false},"featured_media":22817,"menu_order":84,"template":"","class_list":["post-22811","events","type-events","status-publish","has-post-thumbnail","hentry"],"acf":[],"yoast_head":"<!-- This site is optimized with the Yoast SEO plugin v21.3 - https:\/\/yoast.com\/wordpress\/plugins\/seo\/ -->\n<title>JAGs Karnevalsparad genom Stockholm! - JAG Opinion<\/title>\n<meta name=\"description\" content=\"H\u00e4ng med p\u00e5 JAGs karnevalsparad genom centrala Stockholm! Den 2 september visar vi att livet \u00e4r v\u00e4rt att leva \u00e4ven f\u00f6r oss med stora funktionsneds\u00e4ttningar.\" \/>\n<meta name=\"robots\" content=\"index, follow, max-snippet:-1, max-image-preview:large, max-video-preview:-1\" \/>\n<link rel=\"canonical\" href=\"https:\/\/jag.se\/opinion\/event\/jags-karnevalsparad\/\" \/>\n<meta property=\"og:locale\" content=\"sv_SE\" \/>\n<meta property=\"og:type\" content=\"article\" \/>\n<meta property=\"og:title\" content=\"JAGs Karnevalsparad genom Stockholm! - JAG Opinion\" \/>\n<meta property=\"og:description\" content=\"H\u00e4ng med p\u00e5 JAGs karnevalsparad genom centrala Stockholm! Den 2 september visar vi att livet \u00e4r v\u00e4rt att leva \u00e4ven f\u00f6r oss med stora funktionsneds\u00e4ttningar.\" \/>\n<meta property=\"og:url\" content=\"https:\/\/jag.se\/opinion\/event\/jags-karnevalsparad\/\" \/>\n<meta property=\"og:site_name\" content=\"JAG Opinion\" \/>\n<meta property=\"article:modified_time\" content=\"2023-08-22T07:17:36+00:00\" \/>\n<meta property=\"og:image\" content=\"https:\/\/jag.se\/opinion\/wp-content\/uploads\/sites\/3\/2023\/06\/2022_08_18_Erika_Berens-scaled.jpg\" \/>\n\t<meta property=\"og:image:width\" content=\"2560\" \/>\n\t<meta property=\"og:image:height\" content=\"1920\" \/>\n\t<meta property=\"og:image:type\" content=\"image\/jpeg\" \/>\n<meta name=\"twitter:card\" content=\"summary_large_image\" \/>\n<meta name=\"twitter:label1\" content=\"Ber\u00e4knad l\u00e4stid\" \/>\n\t<meta name=\"twitter:data1\" content=\"1 minut\" \/>\n<script type=\"application\/ld+json\" class=\"yoast-schema-graph\">{\"@context\":\"https:\/\/schema.org\",\"@graph\":[{\"@type\":\"WebPage\",\"@id\":\"https:\/\/jag.se\/opinion\/event\/jags-karnevalsparad\/\",\"url\":\"https:\/\/jag.se\/opinion\/event\/jags-karnevalsparad\/\",\"name\":\"JAGs Karnevalsparad genom Stockholm! - JAG Opinion\",\"isPartOf\":{\"@id\":\"https:\/\/jag.se\/opinion\/#website\"},\"datePublished\":\"2023-07-19T13:18:21+00:00\",\"dateModified\":\"2023-08-22T07:17:36+00:00\",\"description\":\"H\u00e4ng med p\u00e5 JAGs karnevalsparad genom centrala Stockholm! Den 2 september visar vi att livet \u00e4r v\u00e4rt att leva \u00e4ven f\u00f6r oss med stora funktionsneds\u00e4ttningar.\",\"breadcrumb\":{\"@id\":\"https:\/\/jag.se\/opinion\/event\/jags-karnevalsparad\/#breadcrumb\"},\"inLanguage\":\"sv-SE\",\"potentialAction\":[{\"@type\":\"ReadAction\",\"target\":[\"https:\/\/jag.se\/opinion\/event\/jags-karnevalsparad\/\"]}]},{\"@type\":\"BreadcrumbList\",\"@id\":\"https:\/\/jag.se\/opinion\/event\/jags-karnevalsparad\/#breadcrumb\",\"itemListElement\":[{\"@type\":\"ListItem\",\"position\":1,\"name\":\"JAG start\",\"item\":\"https:\/\/jag.se\"},{\"@type\":\"ListItem\",\"position\":2,\"name\":\"Riksf\u00f6reningen JAG\",\"item\":\"https:\/\/jag.se\/opinion\/\"},{\"@type\":\"ListItem\",\"position\":3,\"name\":\"Event\",\"item\":\"https:\/\/jag.se\/opinion\/event\/\"},{\"@type\":\"ListItem\",\"position\":4,\"name\":\"JAGs Karnevalsparad genom Stockholm!\"}]},{\"@type\":\"WebSite\",\"@id\":\"https:\/\/jag.se\/opinion\/#website\",\"url\":\"https:\/\/jag.se\/opinion\/\",\"name\":\"JAG Opinion\",\"description\":\"\",\"potentialAction\":[{\"@type\":\"SearchAction\",\"target\":{\"@type\":\"EntryPoint\",\"urlTemplate\":\"https:\/\/jag.se\/opinion\/?s={search_term_string}\"},\"query-input\":\"required name=search_term_string\"}],\"inLanguage\":\"sv-SE\"}]}<\/script>\n<!-- \/ Yoast SEO plugin. -->","yoast_head_json":{"title":"JAGs Karnevalsparad genom Stockholm! - JAG Opinion","description":"H\u00e4ng med p\u00e5 JAGs karnevalsparad genom centrala Stockholm! Den 2 september visar vi att livet \u00e4r v\u00e4rt att leva \u00e4ven f\u00f6r oss med stora funktionsneds\u00e4ttningar.","robots":{"index":"index","follow":"follow","max-snippet":"max-snippet:-1","max-image-preview":"max-image-preview:large","max-video-preview":"max-video-preview:-1"},"canonical":"https:\/\/jag.se\/opinion\/event\/jags-karnevalsparad\/","og_locale":"sv_SE","og_type":"article","og_title":"JAGs Karnevalsparad genom Stockholm! - JAG Opinion","og_description":"H\u00e4ng med p\u00e5 JAGs karnevalsparad genom centrala Stockholm! Den 2 september visar vi att livet \u00e4r v\u00e4rt att leva \u00e4ven f\u00f6r oss med stora funktionsneds\u00e4ttningar.","og_url":"https:\/\/jag.se\/opinion\/event\/jags-karnevalsparad\/","og_site_name":"JAG Opinion","article_modified_time":"2023-08-22T07:17:36+00:00","og_image":[{"width":2560,"height":1920,"url":"https:\/\/jag.se\/opinion\/wp-content\/uploads\/sites\/3\/2023\/06\/2022_08_18_Erika_Berens-scaled.jpg","type":"image\/jpeg"}],"twitter_card":"summary_large_image","twitter_misc":{"Ber\u00e4knad l\u00e4stid":"1 minut"},"schema":{"@context":"https:\/\/schema.org","@graph":[{"@type":"WebPage","@id":"https:\/\/jag.se\/opinion\/event\/jags-karnevalsparad\/","url":"https:\/\/jag.se\/opinion\/event\/jags-karnevalsparad\/","name":"JAGs Karnevalsparad genom Stockholm! - JAG Opinion","isPartOf":{"@id":"https:\/\/jag.se\/opinion\/#website"},"datePublished":"2023-07-19T13:18:21+00:00","dateModified":"2023-08-22T07:17:36+00:00","description":"H\u00e4ng med p\u00e5 JAGs karnevalsparad genom centrala Stockholm! Den 2 september visar vi att livet \u00e4r v\u00e4rt att leva \u00e4ven f\u00f6r oss med stora funktionsneds\u00e4ttningar.","breadcrumb":{"@id":"https:\/\/jag.se\/opinion\/event\/jags-karnevalsparad\/#breadcrumb"},"inLanguage":"sv-SE","potentialAction":[{"@type":"ReadAction","target":["https:\/\/jag.se\/opinion\/event\/jags-karnevalsparad\/"]}]},{"@type":"BreadcrumbList","@id":"https:\/\/jag.se\/opinion\/event\/jags-karnevalsparad\/#breadcrumb","itemListElement":[{"@type":"ListItem","position":1,"name":"JAG start","item":"https:\/\/jag.se"},{"@type":"ListItem","position":2,"name":"Riksf\u00f6reningen JAG","item":"https:\/\/jag.se\/opinion\/"},{"@type":"ListItem","position":3,"name":"Event","item":"https:\/\/jag.se\/opinion\/event\/"},{"@type":"ListItem","position":4,"name":"JAGs Karnevalsparad genom Stockholm!"}]},{"@type":"WebSite","@id":"https:\/\/jag.se\/opinion\/#website","url":"https:\/\/jag.se\/opinion\/","name":"JAG Opinion","description":"","potentialAction":[{"@type":"SearchAction","target":{"@type":"EntryPoint","urlTemplate":"https:\/\/jag.se\/opinion\/?s={search_term_string}"},"query-input":"required name=search_term_string"}],"inLanguage":"sv-SE"}]}},"_links":{"self":[{"href":"https:\/\/jag.se\/opinion\/wp-json\/wp\/v2\/events\/22811","targetHints":{"allow":["GET"]}}],"collection":[{"href":"https:\/\/jag.se\/opinion\/wp-json\/wp\/v2\/events"}],"about":[{"href":"https:\/\/jag.se\/opinion\/wp-json\/wp\/v2\/types\/events"}],"wp:featuredmedia":[{"embeddable":true,"href":"https:\/\/jag.se\/opinion\/wp-json\/wp\/v2\/media\/22817"}],"wp:attachment":[{"href":"https:\/\/jag.se\/opinion\/wp-json\/wp\/v2\/media?parent=22811"}],"curies":[{"name":"wp","href":"https:\/\/api.w.org\/{rel}","templated":true}]}}