{"id":22982,"date":"2023-09-23T09:07:52","date_gmt":"2023-09-23T09:07:52","guid":{"rendered":"https:\/\/jag.se\/opinion\/?post_type=events&#038;p=22982"},"modified":"2023-09-23T09:08:56","modified_gmt":"2023-09-23T09:08:56","slug":"halloweenfest-pa-jags-traffpunkt-i-tibro","status":"publish","type":"events","link":"https:\/\/jag.se\/opinion\/event\/halloweenfest-pa-jags-traffpunkt-i-tibro\/","title":{"rendered":"Halloweenfest p\u00e5 JAGs tr\u00e4ffpunkt i Tibro"},"content":{"rendered":"\n<p>F\u00f6reningen JAG V\u00e4stra G\u00f6taland anordnar Halloweenfest m\u00e5ndag 30 oktober kl 12\u201316.\u00a0<\/p>\n\n\n\n<p>Vi bjuder p\u00e5 sp\u00f6kig mat och umg\u00e5s, den som vill kan kl\u00e4 ut sig. Anm\u00e4l dig till Rigmor senast 25 oktober via sms 070-572 46 20 med namn p\u00e5 dig och medf\u00f6ljande assistent samt eventuell allergi.<\/p>\n\n\n\n<p>V\u00e4lkommen!<\/p>\n","protected":false},"featured_media":0,"menu_order":83,"template":"","class_list":["post-22982","events","type-events","status-publish","hentry"],"acf":[],"yoast_head":"<!-- This site is optimized with the Yoast SEO plugin v21.3 - https:\/\/yoast.com\/wordpress\/plugins\/seo\/ -->\n<title>Halloweenfest p\u00e5 JAGs tr\u00e4ffpunkt i Tibro - JAG Opinion<\/title>\n<meta name=\"robots\" content=\"index, follow, max-snippet:-1, max-image-preview:large, max-video-preview:-1\" \/>\n<link rel=\"canonical\" href=\"https:\/\/jag.se\/opinion\/event\/halloweenfest-pa-jags-traffpunkt-i-tibro\/\" \/>\n<meta property=\"og:locale\" content=\"sv_SE\" \/>\n<meta property=\"og:type\" content=\"article\" \/>\n<meta property=\"og:title\" content=\"Halloweenfest p\u00e5 JAGs tr\u00e4ffpunkt i Tibro - JAG Opinion\" \/>\n<meta property=\"og:description\" content=\"F\u00f6reningen JAG V\u00e4stra G\u00f6taland anordnar Halloweenfest m\u00e5ndag 30 oktober kl 12\u201316.\u00a0 Vi bjuder p\u00e5 sp\u00f6kig mat och umg\u00e5s, den som vill kan kl\u00e4 ut sig. Anm\u00e4l dig till Rigmor senast 25 oktober via sms 070-572 46 20 med namn p\u00e5 dig och medf\u00f6ljande assistent samt eventuell allergi. V\u00e4lkommen!\" \/>\n<meta property=\"og:url\" content=\"https:\/\/jag.se\/opinion\/event\/halloweenfest-pa-jags-traffpunkt-i-tibro\/\" \/>\n<meta property=\"og:site_name\" content=\"JAG Opinion\" \/>\n<meta property=\"article:modified_time\" content=\"2023-09-23T09:08:56+00:00\" \/>\n<meta name=\"twitter:card\" content=\"summary_large_image\" \/>\n<meta name=\"twitter:label1\" content=\"Ber\u00e4knad l\u00e4stid\" \/>\n\t<meta name=\"twitter:data1\" content=\"1 minut\" \/>\n<script type=\"application\/ld+json\" class=\"yoast-schema-graph\">{\"@context\":\"https:\/\/schema.org\",\"@graph\":[{\"@type\":\"WebPage\",\"@id\":\"https:\/\/jag.se\/opinion\/event\/halloweenfest-pa-jags-traffpunkt-i-tibro\/\",\"url\":\"https:\/\/jag.se\/opinion\/event\/halloweenfest-pa-jags-traffpunkt-i-tibro\/\",\"name\":\"Halloweenfest p\u00e5 JAGs tr\u00e4ffpunkt i Tibro - JAG Opinion\",\"isPartOf\":{\"@id\":\"https:\/\/jag.se\/opinion\/#website\"},\"datePublished\":\"2023-09-23T09:07:52+00:00\",\"dateModified\":\"2023-09-23T09:08:56+00:00\",\"breadcrumb\":{\"@id\":\"https:\/\/jag.se\/opinion\/event\/halloweenfest-pa-jags-traffpunkt-i-tibro\/#breadcrumb\"},\"inLanguage\":\"sv-SE\",\"potentialAction\":[{\"@type\":\"ReadAction\",\"target\":[\"https:\/\/jag.se\/opinion\/event\/halloweenfest-pa-jags-traffpunkt-i-tibro\/\"]}]},{\"@type\":\"BreadcrumbList\",\"@id\":\"https:\/\/jag.se\/opinion\/event\/halloweenfest-pa-jags-traffpunkt-i-tibro\/#breadcrumb\",\"itemListElement\":[{\"@type\":\"ListItem\",\"position\":1,\"name\":\"JAG start\",\"item\":\"https:\/\/jag.se\"},{\"@type\":\"ListItem\",\"position\":2,\"name\":\"Riksf\u00f6reningen JAG\",\"item\":\"https:\/\/jag.se\/opinion\/\"},{\"@type\":\"ListItem\",\"position\":3,\"name\":\"Event\",\"item\":\"https:\/\/jag.se\/opinion\/event\/\"},{\"@type\":\"ListItem\",\"position\":4,\"name\":\"Halloweenfest p\u00e5 JAGs tr\u00e4ffpunkt i Tibro\"}]},{\"@type\":\"WebSite\",\"@id\":\"https:\/\/jag.se\/opinion\/#website\",\"url\":\"https:\/\/jag.se\/opinion\/\",\"name\":\"JAG Opinion\",\"description\":\"\",\"potentialAction\":[{\"@type\":\"SearchAction\",\"target\":{\"@type\":\"EntryPoint\",\"urlTemplate\":\"https:\/\/jag.se\/opinion\/?s={search_term_string}\"},\"query-input\":\"required name=search_term_string\"}],\"inLanguage\":\"sv-SE\"}]}<\/script>\n<!-- \/ Yoast SEO plugin. -->","yoast_head_json":{"title":"Halloweenfest p\u00e5 JAGs tr\u00e4ffpunkt i Tibro - JAG Opinion","robots":{"index":"index","follow":"follow","max-snippet":"max-snippet:-1","max-image-preview":"max-image-preview:large","max-video-preview":"max-video-preview:-1"},"canonical":"https:\/\/jag.se\/opinion\/event\/halloweenfest-pa-jags-traffpunkt-i-tibro\/","og_locale":"sv_SE","og_type":"article","og_title":"Halloweenfest p\u00e5 JAGs tr\u00e4ffpunkt i Tibro - JAG Opinion","og_description":"F\u00f6reningen JAG V\u00e4stra G\u00f6taland anordnar Halloweenfest m\u00e5ndag 30 oktober kl 12\u201316.\u00a0 Vi bjuder p\u00e5 sp\u00f6kig mat och umg\u00e5s, den som vill kan kl\u00e4 ut sig. Anm\u00e4l dig till Rigmor senast 25 oktober via sms 070-572 46 20 med namn p\u00e5 dig och medf\u00f6ljande assistent samt eventuell allergi. V\u00e4lkommen!","og_url":"https:\/\/jag.se\/opinion\/event\/halloweenfest-pa-jags-traffpunkt-i-tibro\/","og_site_name":"JAG Opinion","article_modified_time":"2023-09-23T09:08:56+00:00","twitter_card":"summary_large_image","twitter_misc":{"Ber\u00e4knad l\u00e4stid":"1 minut"},"schema":{"@context":"https:\/\/schema.org","@graph":[{"@type":"WebPage","@id":"https:\/\/jag.se\/opinion\/event\/halloweenfest-pa-jags-traffpunkt-i-tibro\/","url":"https:\/\/jag.se\/opinion\/event\/halloweenfest-pa-jags-traffpunkt-i-tibro\/","name":"Halloweenfest p\u00e5 JAGs tr\u00e4ffpunkt i Tibro - JAG Opinion","isPartOf":{"@id":"https:\/\/jag.se\/opinion\/#website"},"datePublished":"2023-09-23T09:07:52+00:00","dateModified":"2023-09-23T09:08:56+00:00","breadcrumb":{"@id":"https:\/\/jag.se\/opinion\/event\/halloweenfest-pa-jags-traffpunkt-i-tibro\/#breadcrumb"},"inLanguage":"sv-SE","potentialAction":[{"@type":"ReadAction","target":["https:\/\/jag.se\/opinion\/event\/halloweenfest-pa-jags-traffpunkt-i-tibro\/"]}]},{"@type":"BreadcrumbList","@id":"https:\/\/jag.se\/opinion\/event\/halloweenfest-pa-jags-traffpunkt-i-tibro\/#breadcrumb","itemListElement":[{"@type":"ListItem","position":1,"name":"JAG start","item":"https:\/\/jag.se"},{"@type":"ListItem","position":2,"name":"Riksf\u00f6reningen JAG","item":"https:\/\/jag.se\/opinion\/"},{"@type":"ListItem","position":3,"name":"Event","item":"https:\/\/jag.se\/opinion\/event\/"},{"@type":"ListItem","position":4,"name":"Halloweenfest p\u00e5 JAGs tr\u00e4ffpunkt i Tibro"}]},{"@type":"WebSite","@id":"https:\/\/jag.se\/opinion\/#website","url":"https:\/\/jag.se\/opinion\/","name":"JAG Opinion","description":"","potentialAction":[{"@type":"SearchAction","target":{"@type":"EntryPoint","urlTemplate":"https:\/\/jag.se\/opinion\/?s={search_term_string}"},"query-input":"required name=search_term_string"}],"inLanguage":"sv-SE"}]}},"_links":{"self":[{"href":"https:\/\/jag.se\/opinion\/wp-json\/wp\/v2\/events\/22982","targetHints":{"allow":["GET"]}}],"collection":[{"href":"https:\/\/jag.se\/opinion\/wp-json\/wp\/v2\/events"}],"about":[{"href":"https:\/\/jag.se\/opinion\/wp-json\/wp\/v2\/types\/events"}],"wp:attachment":[{"href":"https:\/\/jag.se\/opinion\/wp-json\/wp\/v2\/media?parent=22982"}],"curies":[{"name":"wp","href":"https:\/\/api.w.org\/{rel}","templated":true}]}}