{"id":23003,"date":"2023-10-17T06:51:41","date_gmt":"2023-10-17T06:51:41","guid":{"rendered":"https:\/\/jag.se\/opinion\/?post_type=events&#038;p=23003"},"modified":"2023-10-17T06:51:44","modified_gmt":"2023-10-17T06:51:44","slug":"nyarsdagsfest-med-foreningen-jag-vastra-gotaland","status":"publish","type":"events","link":"https:\/\/jag.se\/opinion\/event\/nyarsdagsfest-med-foreningen-jag-vastra-gotaland\/","title":{"rendered":"Ny\u00e5rsdagsfest med F\u00f6reningen JAG V\u00e4stra G\u00f6taland"},"content":{"rendered":"\n<p>F\u00f6reningen JAG V\u00e4stra G\u00f6taland firar att \u00e5ret 2024 \u00e4r h\u00e4r!<\/p>\n\n\n\n<p>N\u00e4r: M\u00e5ndag 1 januari 2024 kl 12\u201316<\/p>\n\n\n\n<p>Vi \u00e4ter festmat och kanske m\u00e5lar vi in det nya \u00e5ret, har vi tur spelar Berra f\u00f6r oss.<\/p>\n\n\n\n<p>Anm\u00e4l dig senast 27 december via sms till Rigmor 070-572 46 20 med namn p\u00e5 dig och medf\u00f6ljande assistent samt eventuell allergi.<\/p>\n\n\n\n<p>Var: i JAG-lokalen p\u00e5 Mariestadsv\u00e4gen 29 i Tibro.<\/p>\n\n\n\n<p>Beh\u00f6ver du mer information, kontakta Rigmor, tel 070-572 46 20 eller Anna, tel 073-584 03 94.<\/p>\n\n\n\n<p>V\u00e4lkomna \u00f6nskar styrelsen i F\u00f6reningen JAG V\u00e4stra G\u00f6taland!<\/p>\n","protected":false},"featured_media":0,"menu_order":76,"template":"","class_list":["post-23003","events","type-events","status-publish","hentry"],"acf":[],"yoast_head":"<!-- This site is optimized with the Yoast SEO plugin v21.3 - https:\/\/yoast.com\/wordpress\/plugins\/seo\/ -->\n<title>Ny\u00e5rsdagsfest med F\u00f6reningen JAG V\u00e4stra G\u00f6taland - JAG Opinion<\/title>\n<meta name=\"robots\" content=\"index, follow, max-snippet:-1, max-image-preview:large, max-video-preview:-1\" \/>\n<link rel=\"canonical\" href=\"https:\/\/jag.se\/opinion\/event\/nyarsdagsfest-med-foreningen-jag-vastra-gotaland\/\" \/>\n<meta property=\"og:locale\" content=\"sv_SE\" \/>\n<meta property=\"og:type\" content=\"article\" \/>\n<meta property=\"og:title\" content=\"Ny\u00e5rsdagsfest med F\u00f6reningen JAG V\u00e4stra G\u00f6taland - JAG Opinion\" \/>\n<meta property=\"og:description\" content=\"F\u00f6reningen JAG V\u00e4stra G\u00f6taland firar att \u00e5ret 2024 \u00e4r h\u00e4r! N\u00e4r: M\u00e5ndag 1 januari 2024 kl 12\u201316 Vi \u00e4ter festmat och kanske m\u00e5lar vi in det nya \u00e5ret, har vi tur spelar Berra f\u00f6r oss. Anm\u00e4l dig senast 27 december via sms till Rigmor 070-572 46 20 med namn p\u00e5 dig och medf\u00f6ljande assistent samt\" \/>\n<meta property=\"og:url\" content=\"https:\/\/jag.se\/opinion\/event\/nyarsdagsfest-med-foreningen-jag-vastra-gotaland\/\" \/>\n<meta property=\"og:site_name\" content=\"JAG Opinion\" \/>\n<meta property=\"article:modified_time\" content=\"2023-10-17T06:51:44+00:00\" \/>\n<meta name=\"twitter:card\" content=\"summary_large_image\" \/>\n<meta name=\"twitter:label1\" content=\"Ber\u00e4knad l\u00e4stid\" \/>\n\t<meta name=\"twitter:data1\" content=\"1 minut\" \/>\n<script type=\"application\/ld+json\" class=\"yoast-schema-graph\">{\"@context\":\"https:\/\/schema.org\",\"@graph\":[{\"@type\":\"WebPage\",\"@id\":\"https:\/\/jag.se\/opinion\/event\/nyarsdagsfest-med-foreningen-jag-vastra-gotaland\/\",\"url\":\"https:\/\/jag.se\/opinion\/event\/nyarsdagsfest-med-foreningen-jag-vastra-gotaland\/\",\"name\":\"Ny\u00e5rsdagsfest med F\u00f6reningen JAG V\u00e4stra G\u00f6taland - JAG Opinion\",\"isPartOf\":{\"@id\":\"https:\/\/jag.se\/opinion\/#website\"},\"datePublished\":\"2023-10-17T06:51:41+00:00\",\"dateModified\":\"2023-10-17T06:51:44+00:00\",\"breadcrumb\":{\"@id\":\"https:\/\/jag.se\/opinion\/event\/nyarsdagsfest-med-foreningen-jag-vastra-gotaland\/#breadcrumb\"},\"inLanguage\":\"sv-SE\",\"potentialAction\":[{\"@type\":\"ReadAction\",\"target\":[\"https:\/\/jag.se\/opinion\/event\/nyarsdagsfest-med-foreningen-jag-vastra-gotaland\/\"]}]},{\"@type\":\"BreadcrumbList\",\"@id\":\"https:\/\/jag.se\/opinion\/event\/nyarsdagsfest-med-foreningen-jag-vastra-gotaland\/#breadcrumb\",\"itemListElement\":[{\"@type\":\"ListItem\",\"position\":1,\"name\":\"JAG start\",\"item\":\"https:\/\/jag.se\"},{\"@type\":\"ListItem\",\"position\":2,\"name\":\"Riksf\u00f6reningen JAG\",\"item\":\"https:\/\/jag.se\/opinion\/\"},{\"@type\":\"ListItem\",\"position\":3,\"name\":\"Event\",\"item\":\"https:\/\/jag.se\/opinion\/event\/\"},{\"@type\":\"ListItem\",\"position\":4,\"name\":\"Ny\u00e5rsdagsfest med F\u00f6reningen JAG V\u00e4stra G\u00f6taland\"}]},{\"@type\":\"WebSite\",\"@id\":\"https:\/\/jag.se\/opinion\/#website\",\"url\":\"https:\/\/jag.se\/opinion\/\",\"name\":\"JAG Opinion\",\"description\":\"\",\"potentialAction\":[{\"@type\":\"SearchAction\",\"target\":{\"@type\":\"EntryPoint\",\"urlTemplate\":\"https:\/\/jag.se\/opinion\/?s={search_term_string}\"},\"query-input\":\"required name=search_term_string\"}],\"inLanguage\":\"sv-SE\"}]}<\/script>\n<!-- \/ Yoast SEO plugin. -->","yoast_head_json":{"title":"Ny\u00e5rsdagsfest med F\u00f6reningen JAG V\u00e4stra G\u00f6taland - JAG Opinion","robots":{"index":"index","follow":"follow","max-snippet":"max-snippet:-1","max-image-preview":"max-image-preview:large","max-video-preview":"max-video-preview:-1"},"canonical":"https:\/\/jag.se\/opinion\/event\/nyarsdagsfest-med-foreningen-jag-vastra-gotaland\/","og_locale":"sv_SE","og_type":"article","og_title":"Ny\u00e5rsdagsfest med F\u00f6reningen JAG V\u00e4stra G\u00f6taland - JAG Opinion","og_description":"F\u00f6reningen JAG V\u00e4stra G\u00f6taland firar att \u00e5ret 2024 \u00e4r h\u00e4r! N\u00e4r: M\u00e5ndag 1 januari 2024 kl 12\u201316 Vi \u00e4ter festmat och kanske m\u00e5lar vi in det nya \u00e5ret, har vi tur spelar Berra f\u00f6r oss. Anm\u00e4l dig senast 27 december via sms till Rigmor 070-572 46 20 med namn p\u00e5 dig och medf\u00f6ljande assistent samt","og_url":"https:\/\/jag.se\/opinion\/event\/nyarsdagsfest-med-foreningen-jag-vastra-gotaland\/","og_site_name":"JAG Opinion","article_modified_time":"2023-10-17T06:51:44+00:00","twitter_card":"summary_large_image","twitter_misc":{"Ber\u00e4knad l\u00e4stid":"1 minut"},"schema":{"@context":"https:\/\/schema.org","@graph":[{"@type":"WebPage","@id":"https:\/\/jag.se\/opinion\/event\/nyarsdagsfest-med-foreningen-jag-vastra-gotaland\/","url":"https:\/\/jag.se\/opinion\/event\/nyarsdagsfest-med-foreningen-jag-vastra-gotaland\/","name":"Ny\u00e5rsdagsfest med F\u00f6reningen JAG V\u00e4stra G\u00f6taland - JAG Opinion","isPartOf":{"@id":"https:\/\/jag.se\/opinion\/#website"},"datePublished":"2023-10-17T06:51:41+00:00","dateModified":"2023-10-17T06:51:44+00:00","breadcrumb":{"@id":"https:\/\/jag.se\/opinion\/event\/nyarsdagsfest-med-foreningen-jag-vastra-gotaland\/#breadcrumb"},"inLanguage":"sv-SE","potentialAction":[{"@type":"ReadAction","target":["https:\/\/jag.se\/opinion\/event\/nyarsdagsfest-med-foreningen-jag-vastra-gotaland\/"]}]},{"@type":"BreadcrumbList","@id":"https:\/\/jag.se\/opinion\/event\/nyarsdagsfest-med-foreningen-jag-vastra-gotaland\/#breadcrumb","itemListElement":[{"@type":"ListItem","position":1,"name":"JAG start","item":"https:\/\/jag.se"},{"@type":"ListItem","position":2,"name":"Riksf\u00f6reningen JAG","item":"https:\/\/jag.se\/opinion\/"},{"@type":"ListItem","position":3,"name":"Event","item":"https:\/\/jag.se\/opinion\/event\/"},{"@type":"ListItem","position":4,"name":"Ny\u00e5rsdagsfest med F\u00f6reningen JAG V\u00e4stra G\u00f6taland"}]},{"@type":"WebSite","@id":"https:\/\/jag.se\/opinion\/#website","url":"https:\/\/jag.se\/opinion\/","name":"JAG Opinion","description":"","potentialAction":[{"@type":"SearchAction","target":{"@type":"EntryPoint","urlTemplate":"https:\/\/jag.se\/opinion\/?s={search_term_string}"},"query-input":"required name=search_term_string"}],"inLanguage":"sv-SE"}]}},"_links":{"self":[{"href":"https:\/\/jag.se\/opinion\/wp-json\/wp\/v2\/events\/23003","targetHints":{"allow":["GET"]}}],"collection":[{"href":"https:\/\/jag.se\/opinion\/wp-json\/wp\/v2\/events"}],"about":[{"href":"https:\/\/jag.se\/opinion\/wp-json\/wp\/v2\/types\/events"}],"wp:attachment":[{"href":"https:\/\/jag.se\/opinion\/wp-json\/wp\/v2\/media?parent=23003"}],"curies":[{"name":"wp","href":"https:\/\/api.w.org\/{rel}","templated":true}]}}