{"id":23010,"date":"2023-10-19T06:27:05","date_gmt":"2023-10-19T06:27:05","guid":{"rendered":"https:\/\/jag.se\/opinion\/?post_type=events&#038;p=23010"},"modified":"2023-11-03T06:57:31","modified_gmt":"2023-11-03T06:57:31","slug":"grotlunch-pa-julafton-med-foreningen-jag-stockholm","status":"publish","type":"events","link":"https:\/\/jag.se\/opinion\/event\/grotlunch-pa-julafton-med-foreningen-jag-stockholm\/","title":{"rendered":"Gr\u00f6tlunch med F\u00f6reningen JAG Stockholm"},"content":{"rendered":"\n<p>Julafton 24 december kl 12\u201314 \ud83c\udf85\ud83e\udd36bjuder F\u00f6reningen JAG Stockholm in till GR\u00d6TLUNCH med ostmacka f\u00f6r dem som vill umg\u00e5s med v\u00e4nner denna speciella dag. T\u00e4nk p\u00e5 att boka eventuell f\u00e4rdtj\u00e4nst i god tid!<\/p>\n\n\n\n<p>Var: JAGs kansli, Klara S\u00f6dra kyrkogata 1 i Stockholm. Anv\u00e4nd ing\u00e5ngen fr\u00e5n h\u00f6rnet Klara S\u00f6dra\/Klara V\u00e4stra kyrkogata.<\/p>\n\n\n\n<p>Alla medlemmar i Riksf\u00f6reningen JAG bjuds p\u00e5 gr\u00f6t med tillbeh\u00f6r, \u00f6vriga f\u00e5r betala 50 kr. Det l\u00f6nar sig att bli medlem om man under \u00e5ret \u00e4r med vid fyra l\u00e4nsf\u00f6reningstr\u00e4ffar! \u00c4ven assistenter v\u00e4lkomnas som st\u00f6dmedlemmar i f\u00f6reningen.<\/p>\n\n\n\n<p>Anm\u00e4l om du vill komma genom att mejla till <a href=\"mailto:simjoh1989@gmail.com\">simjoh1989@gmail.com<\/a> eller ringa JAGs v\u00e4xel, tel 08-789 30 00.<\/p>\n\n\n\n<p><a href=\"https:\/\/jag.se\/opinion\/bli-medlem\/\">\u00c4r du inte medlem kan du bli det h\u00e4r.<\/a> Du kan betala ditt medlemskap med kort, swish eller faktura. Blir du medlem under oktober s\u00e5 f\u00e5r du DESSUTOM JAGs exklusiva v\u00e4skband hem i brevl\u00e5dan. Det vill du INTE missa!<\/p>\n\n\n\n<p>Vet du inte om du betalt medlemsavgiften, kontakta <a href=\"mailto:linnea.nystrom@jag.se\">linnea.nystrom@jag.se<\/a><\/p>\n","protected":false},"featured_media":0,"menu_order":71,"template":"","class_list":["post-23010","events","type-events","status-publish","hentry"],"acf":[],"yoast_head":"<!-- This site is optimized with the Yoast SEO plugin v21.3 - https:\/\/yoast.com\/wordpress\/plugins\/seo\/ -->\n<title>Gr\u00f6tlunch med F\u00f6reningen JAG Stockholm - JAG Opinion<\/title>\n<meta name=\"robots\" content=\"index, follow, max-snippet:-1, max-image-preview:large, max-video-preview:-1\" \/>\n<link rel=\"canonical\" href=\"https:\/\/jag.se\/opinion\/event\/grotlunch-pa-julafton-med-foreningen-jag-stockholm\/\" \/>\n<meta property=\"og:locale\" content=\"sv_SE\" \/>\n<meta property=\"og:type\" content=\"article\" \/>\n<meta property=\"og:title\" content=\"Gr\u00f6tlunch med F\u00f6reningen JAG Stockholm - JAG Opinion\" \/>\n<meta property=\"og:description\" content=\"Julafton 24 december kl 12\u201314 \ud83c\udf85\ud83e\udd36bjuder F\u00f6reningen JAG Stockholm in till GR\u00d6TLUNCH med ostmacka f\u00f6r dem som vill umg\u00e5s med v\u00e4nner denna speciella dag. T\u00e4nk p\u00e5 att boka eventuell f\u00e4rdtj\u00e4nst i god tid! Var: JAGs kansli, Klara S\u00f6dra kyrkogata 1 i Stockholm. Anv\u00e4nd ing\u00e5ngen fr\u00e5n h\u00f6rnet Klara S\u00f6dra\/Klara V\u00e4stra kyrkogata. Alla medlemmar i Riksf\u00f6reningen JAG\" \/>\n<meta property=\"og:url\" content=\"https:\/\/jag.se\/opinion\/event\/grotlunch-pa-julafton-med-foreningen-jag-stockholm\/\" \/>\n<meta property=\"og:site_name\" content=\"JAG Opinion\" \/>\n<meta property=\"article:modified_time\" content=\"2023-11-03T06:57:31+00:00\" \/>\n<meta name=\"twitter:card\" content=\"summary_large_image\" \/>\n<meta name=\"twitter:label1\" content=\"Ber\u00e4knad l\u00e4stid\" \/>\n\t<meta name=\"twitter:data1\" content=\"1 minut\" \/>\n<script type=\"application\/ld+json\" class=\"yoast-schema-graph\">{\"@context\":\"https:\/\/schema.org\",\"@graph\":[{\"@type\":\"WebPage\",\"@id\":\"https:\/\/jag.se\/opinion\/event\/grotlunch-pa-julafton-med-foreningen-jag-stockholm\/\",\"url\":\"https:\/\/jag.se\/opinion\/event\/grotlunch-pa-julafton-med-foreningen-jag-stockholm\/\",\"name\":\"Gr\u00f6tlunch med F\u00f6reningen JAG Stockholm - JAG Opinion\",\"isPartOf\":{\"@id\":\"https:\/\/jag.se\/opinion\/#website\"},\"datePublished\":\"2023-10-19T06:27:05+00:00\",\"dateModified\":\"2023-11-03T06:57:31+00:00\",\"breadcrumb\":{\"@id\":\"https:\/\/jag.se\/opinion\/event\/grotlunch-pa-julafton-med-foreningen-jag-stockholm\/#breadcrumb\"},\"inLanguage\":\"sv-SE\",\"potentialAction\":[{\"@type\":\"ReadAction\",\"target\":[\"https:\/\/jag.se\/opinion\/event\/grotlunch-pa-julafton-med-foreningen-jag-stockholm\/\"]}]},{\"@type\":\"BreadcrumbList\",\"@id\":\"https:\/\/jag.se\/opinion\/event\/grotlunch-pa-julafton-med-foreningen-jag-stockholm\/#breadcrumb\",\"itemListElement\":[{\"@type\":\"ListItem\",\"position\":1,\"name\":\"JAG start\",\"item\":\"https:\/\/jag.se\"},{\"@type\":\"ListItem\",\"position\":2,\"name\":\"Riksf\u00f6reningen JAG\",\"item\":\"https:\/\/jag.se\/opinion\/\"},{\"@type\":\"ListItem\",\"position\":3,\"name\":\"Event\",\"item\":\"https:\/\/jag.se\/opinion\/event\/\"},{\"@type\":\"ListItem\",\"position\":4,\"name\":\"Gr\u00f6tlunch med F\u00f6reningen JAG Stockholm\"}]},{\"@type\":\"WebSite\",\"@id\":\"https:\/\/jag.se\/opinion\/#website\",\"url\":\"https:\/\/jag.se\/opinion\/\",\"name\":\"JAG Opinion\",\"description\":\"\",\"potentialAction\":[{\"@type\":\"SearchAction\",\"target\":{\"@type\":\"EntryPoint\",\"urlTemplate\":\"https:\/\/jag.se\/opinion\/?s={search_term_string}\"},\"query-input\":\"required name=search_term_string\"}],\"inLanguage\":\"sv-SE\"}]}<\/script>\n<!-- \/ Yoast SEO plugin. -->","yoast_head_json":{"title":"Gr\u00f6tlunch med F\u00f6reningen JAG Stockholm - JAG Opinion","robots":{"index":"index","follow":"follow","max-snippet":"max-snippet:-1","max-image-preview":"max-image-preview:large","max-video-preview":"max-video-preview:-1"},"canonical":"https:\/\/jag.se\/opinion\/event\/grotlunch-pa-julafton-med-foreningen-jag-stockholm\/","og_locale":"sv_SE","og_type":"article","og_title":"Gr\u00f6tlunch med F\u00f6reningen JAG Stockholm - JAG Opinion","og_description":"Julafton 24 december kl 12\u201314 \ud83c\udf85\ud83e\udd36bjuder F\u00f6reningen JAG Stockholm in till GR\u00d6TLUNCH med ostmacka f\u00f6r dem som vill umg\u00e5s med v\u00e4nner denna speciella dag. T\u00e4nk p\u00e5 att boka eventuell f\u00e4rdtj\u00e4nst i god tid! Var: JAGs kansli, Klara S\u00f6dra kyrkogata 1 i Stockholm. Anv\u00e4nd ing\u00e5ngen fr\u00e5n h\u00f6rnet Klara S\u00f6dra\/Klara V\u00e4stra kyrkogata. Alla medlemmar i Riksf\u00f6reningen JAG","og_url":"https:\/\/jag.se\/opinion\/event\/grotlunch-pa-julafton-med-foreningen-jag-stockholm\/","og_site_name":"JAG Opinion","article_modified_time":"2023-11-03T06:57:31+00:00","twitter_card":"summary_large_image","twitter_misc":{"Ber\u00e4knad l\u00e4stid":"1 minut"},"schema":{"@context":"https:\/\/schema.org","@graph":[{"@type":"WebPage","@id":"https:\/\/jag.se\/opinion\/event\/grotlunch-pa-julafton-med-foreningen-jag-stockholm\/","url":"https:\/\/jag.se\/opinion\/event\/grotlunch-pa-julafton-med-foreningen-jag-stockholm\/","name":"Gr\u00f6tlunch med F\u00f6reningen JAG Stockholm - JAG Opinion","isPartOf":{"@id":"https:\/\/jag.se\/opinion\/#website"},"datePublished":"2023-10-19T06:27:05+00:00","dateModified":"2023-11-03T06:57:31+00:00","breadcrumb":{"@id":"https:\/\/jag.se\/opinion\/event\/grotlunch-pa-julafton-med-foreningen-jag-stockholm\/#breadcrumb"},"inLanguage":"sv-SE","potentialAction":[{"@type":"ReadAction","target":["https:\/\/jag.se\/opinion\/event\/grotlunch-pa-julafton-med-foreningen-jag-stockholm\/"]}]},{"@type":"BreadcrumbList","@id":"https:\/\/jag.se\/opinion\/event\/grotlunch-pa-julafton-med-foreningen-jag-stockholm\/#breadcrumb","itemListElement":[{"@type":"ListItem","position":1,"name":"JAG start","item":"https:\/\/jag.se"},{"@type":"ListItem","position":2,"name":"Riksf\u00f6reningen JAG","item":"https:\/\/jag.se\/opinion\/"},{"@type":"ListItem","position":3,"name":"Event","item":"https:\/\/jag.se\/opinion\/event\/"},{"@type":"ListItem","position":4,"name":"Gr\u00f6tlunch med F\u00f6reningen JAG Stockholm"}]},{"@type":"WebSite","@id":"https:\/\/jag.se\/opinion\/#website","url":"https:\/\/jag.se\/opinion\/","name":"JAG Opinion","description":"","potentialAction":[{"@type":"SearchAction","target":{"@type":"EntryPoint","urlTemplate":"https:\/\/jag.se\/opinion\/?s={search_term_string}"},"query-input":"required name=search_term_string"}],"inLanguage":"sv-SE"}]}},"_links":{"self":[{"href":"https:\/\/jag.se\/opinion\/wp-json\/wp\/v2\/events\/23010","targetHints":{"allow":["GET"]}}],"collection":[{"href":"https:\/\/jag.se\/opinion\/wp-json\/wp\/v2\/events"}],"about":[{"href":"https:\/\/jag.se\/opinion\/wp-json\/wp\/v2\/types\/events"}],"wp:attachment":[{"href":"https:\/\/jag.se\/opinion\/wp-json\/wp\/v2\/media?parent=23010"}],"curies":[{"name":"wp","href":"https:\/\/api.w.org\/{rel}","templated":true}]}}