{"id":23109,"date":"2023-12-07T09:14:08","date_gmt":"2023-12-07T09:14:08","guid":{"rendered":"https:\/\/jag.se\/opinion\/?post_type=events&#038;p=23109"},"modified":"2023-12-07T09:16:13","modified_gmt":"2023-12-07T09:16:13","slug":"digital-julfest-med-tony-och-linnea","status":"publish","type":"events","link":"https:\/\/jag.se\/opinion\/event\/digital-julfest-med-tony-och-linnea\/","title":{"rendered":"Digital julfest med Tony och Linnea"},"content":{"rendered":"\n<p>Nu lackar det mot jul och du \u00e4r bjuden till Riksf\u00f6reningen JAGs digitala julfest! Vi ses p\u00e5 Teams den 18 december kl 17.30-18.30. Tony Samil spelar julmusik och Linnea Nystr\u00f6m k\u00f6r julquiz. Ta p\u00e5 dig din b\u00e4sta juloutfit, ladda kastrullen med gl\u00f6gg och v\u00e4rm lussebullarna s\u00e5 k\u00f6r vi!<\/p>\n\n\n\n<p>\u27a1\ufe0f  <a href=\"https:\/\/teams.microsoft.com\/l\/meetup-join\/19%3ameeting_NjZmYmFjNGYtMDVlMS00MmY1LWExYzEtYzJlNjRjNzJmMTNi%40thread.v2\/0?context=%7b%22Tid%22%3a%22853d13c6-1567-4de4-a977-29af71c298d7%22%2c%22Oid%22%3a%22669d889a-58ec-4c08-a366-18eee36677ef%22%7d\" target=\"_blank\" rel=\"noreferrer noopener\">Klicka h\u00e4r f\u00f6r att ansluta till m\u00f6tet<\/a>\u00a0<\/p>\n","protected":false},"featured_media":0,"menu_order":66,"template":"","class_list":["post-23109","events","type-events","status-publish","hentry"],"acf":[],"yoast_head":"<!-- This site is optimized with the Yoast SEO plugin v21.3 - https:\/\/yoast.com\/wordpress\/plugins\/seo\/ -->\n<title>Digital julfest med Tony och Linnea - JAG Opinion<\/title>\n<meta name=\"robots\" content=\"index, follow, max-snippet:-1, max-image-preview:large, max-video-preview:-1\" \/>\n<link rel=\"canonical\" href=\"https:\/\/jag.se\/opinion\/event\/digital-julfest-med-tony-och-linnea\/\" \/>\n<meta property=\"og:locale\" content=\"sv_SE\" \/>\n<meta property=\"og:type\" content=\"article\" \/>\n<meta property=\"og:title\" content=\"Digital julfest med Tony och Linnea - JAG Opinion\" \/>\n<meta property=\"og:description\" content=\"Nu lackar det mot jul och du \u00e4r bjuden till Riksf\u00f6reningen JAGs digitala julfest! Vi ses p\u00e5 Teams den 18 december kl 17.30-18.30. Tony Samil spelar julmusik och Linnea Nystr\u00f6m k\u00f6r julquiz. Ta p\u00e5 dig din b\u00e4sta juloutfit, ladda kastrullen med gl\u00f6gg och v\u00e4rm lussebullarna s\u00e5 k\u00f6r vi! \u27a1\ufe0f Klicka h\u00e4r f\u00f6r att ansluta till\" \/>\n<meta property=\"og:url\" content=\"https:\/\/jag.se\/opinion\/event\/digital-julfest-med-tony-och-linnea\/\" \/>\n<meta property=\"og:site_name\" content=\"JAG Opinion\" \/>\n<meta property=\"article:modified_time\" content=\"2023-12-07T09:16:13+00:00\" \/>\n<meta name=\"twitter:card\" content=\"summary_large_image\" \/>\n<meta name=\"twitter:label1\" content=\"Ber\u00e4knad l\u00e4stid\" \/>\n\t<meta name=\"twitter:data1\" content=\"1 minut\" \/>\n<script type=\"application\/ld+json\" class=\"yoast-schema-graph\">{\"@context\":\"https:\/\/schema.org\",\"@graph\":[{\"@type\":\"WebPage\",\"@id\":\"https:\/\/jag.se\/opinion\/event\/digital-julfest-med-tony-och-linnea\/\",\"url\":\"https:\/\/jag.se\/opinion\/event\/digital-julfest-med-tony-och-linnea\/\",\"name\":\"Digital julfest med Tony och Linnea - JAG Opinion\",\"isPartOf\":{\"@id\":\"https:\/\/jag.se\/opinion\/#website\"},\"datePublished\":\"2023-12-07T09:14:08+00:00\",\"dateModified\":\"2023-12-07T09:16:13+00:00\",\"breadcrumb\":{\"@id\":\"https:\/\/jag.se\/opinion\/event\/digital-julfest-med-tony-och-linnea\/#breadcrumb\"},\"inLanguage\":\"sv-SE\",\"potentialAction\":[{\"@type\":\"ReadAction\",\"target\":[\"https:\/\/jag.se\/opinion\/event\/digital-julfest-med-tony-och-linnea\/\"]}]},{\"@type\":\"BreadcrumbList\",\"@id\":\"https:\/\/jag.se\/opinion\/event\/digital-julfest-med-tony-och-linnea\/#breadcrumb\",\"itemListElement\":[{\"@type\":\"ListItem\",\"position\":1,\"name\":\"JAG start\",\"item\":\"https:\/\/jag.se\"},{\"@type\":\"ListItem\",\"position\":2,\"name\":\"Riksf\u00f6reningen JAG\",\"item\":\"https:\/\/jag.se\/opinion\/\"},{\"@type\":\"ListItem\",\"position\":3,\"name\":\"Event\",\"item\":\"https:\/\/jag.se\/opinion\/event\/\"},{\"@type\":\"ListItem\",\"position\":4,\"name\":\"Digital julfest med Tony och Linnea\"}]},{\"@type\":\"WebSite\",\"@id\":\"https:\/\/jag.se\/opinion\/#website\",\"url\":\"https:\/\/jag.se\/opinion\/\",\"name\":\"JAG Opinion\",\"description\":\"\",\"potentialAction\":[{\"@type\":\"SearchAction\",\"target\":{\"@type\":\"EntryPoint\",\"urlTemplate\":\"https:\/\/jag.se\/opinion\/?s={search_term_string}\"},\"query-input\":\"required name=search_term_string\"}],\"inLanguage\":\"sv-SE\"}]}<\/script>\n<!-- \/ Yoast SEO plugin. -->","yoast_head_json":{"title":"Digital julfest med Tony och Linnea - JAG Opinion","robots":{"index":"index","follow":"follow","max-snippet":"max-snippet:-1","max-image-preview":"max-image-preview:large","max-video-preview":"max-video-preview:-1"},"canonical":"https:\/\/jag.se\/opinion\/event\/digital-julfest-med-tony-och-linnea\/","og_locale":"sv_SE","og_type":"article","og_title":"Digital julfest med Tony och Linnea - JAG Opinion","og_description":"Nu lackar det mot jul och du \u00e4r bjuden till Riksf\u00f6reningen JAGs digitala julfest! Vi ses p\u00e5 Teams den 18 december kl 17.30-18.30. Tony Samil spelar julmusik och Linnea Nystr\u00f6m k\u00f6r julquiz. Ta p\u00e5 dig din b\u00e4sta juloutfit, ladda kastrullen med gl\u00f6gg och v\u00e4rm lussebullarna s\u00e5 k\u00f6r vi! \u27a1\ufe0f Klicka h\u00e4r f\u00f6r att ansluta till","og_url":"https:\/\/jag.se\/opinion\/event\/digital-julfest-med-tony-och-linnea\/","og_site_name":"JAG Opinion","article_modified_time":"2023-12-07T09:16:13+00:00","twitter_card":"summary_large_image","twitter_misc":{"Ber\u00e4knad l\u00e4stid":"1 minut"},"schema":{"@context":"https:\/\/schema.org","@graph":[{"@type":"WebPage","@id":"https:\/\/jag.se\/opinion\/event\/digital-julfest-med-tony-och-linnea\/","url":"https:\/\/jag.se\/opinion\/event\/digital-julfest-med-tony-och-linnea\/","name":"Digital julfest med Tony och Linnea - JAG Opinion","isPartOf":{"@id":"https:\/\/jag.se\/opinion\/#website"},"datePublished":"2023-12-07T09:14:08+00:00","dateModified":"2023-12-07T09:16:13+00:00","breadcrumb":{"@id":"https:\/\/jag.se\/opinion\/event\/digital-julfest-med-tony-och-linnea\/#breadcrumb"},"inLanguage":"sv-SE","potentialAction":[{"@type":"ReadAction","target":["https:\/\/jag.se\/opinion\/event\/digital-julfest-med-tony-och-linnea\/"]}]},{"@type":"BreadcrumbList","@id":"https:\/\/jag.se\/opinion\/event\/digital-julfest-med-tony-och-linnea\/#breadcrumb","itemListElement":[{"@type":"ListItem","position":1,"name":"JAG start","item":"https:\/\/jag.se"},{"@type":"ListItem","position":2,"name":"Riksf\u00f6reningen JAG","item":"https:\/\/jag.se\/opinion\/"},{"@type":"ListItem","position":3,"name":"Event","item":"https:\/\/jag.se\/opinion\/event\/"},{"@type":"ListItem","position":4,"name":"Digital julfest med Tony och Linnea"}]},{"@type":"WebSite","@id":"https:\/\/jag.se\/opinion\/#website","url":"https:\/\/jag.se\/opinion\/","name":"JAG Opinion","description":"","potentialAction":[{"@type":"SearchAction","target":{"@type":"EntryPoint","urlTemplate":"https:\/\/jag.se\/opinion\/?s={search_term_string}"},"query-input":"required name=search_term_string"}],"inLanguage":"sv-SE"}]}},"_links":{"self":[{"href":"https:\/\/jag.se\/opinion\/wp-json\/wp\/v2\/events\/23109","targetHints":{"allow":["GET"]}}],"collection":[{"href":"https:\/\/jag.se\/opinion\/wp-json\/wp\/v2\/events"}],"about":[{"href":"https:\/\/jag.se\/opinion\/wp-json\/wp\/v2\/types\/events"}],"wp:attachment":[{"href":"https:\/\/jag.se\/opinion\/wp-json\/wp\/v2\/media?parent=23109"}],"curies":[{"name":"wp","href":"https:\/\/api.w.org\/{rel}","templated":true}]}}