{"id":23215,"date":"2024-01-04T15:07:42","date_gmt":"2024-01-04T15:07:42","guid":{"rendered":"https:\/\/jag.se\/opinion\/?post_type=events&#038;p=23215"},"modified":"2024-01-05T10:25:13","modified_gmt":"2024-01-05T10:25:13","slug":"jag-har-talang-ar-tillbaka-i-stockholm","status":"publish","type":"events","link":"https:\/\/jag.se\/opinion\/event\/jag-har-talang-ar-tillbaka-i-stockholm\/","title":{"rendered":"JAG har talang \u00e4r tillbaka i Stockholm!"},"content":{"rendered":"\n<p>8\/2 kommer succeshowen JAG har talang tillbaka till Stockholm. Ta plats p\u00e5 scenen eller kom och sitt i publiken p\u00e5 JAGs kansli, Klara S\u00f6dra kyrkogata 1. Denna g\u00e5ng ges m\u00f6jlighet att medverka till er som inte var med i h\u00f6stas. Alla \u00e4r v\u00e4lkomna att vara publik!<\/p>\n\n\n\n<p>H\u00e5lltider:<br>15.30 Ni som ska vara med i showen tr\u00e4ffas och f\u00f6rbereder er med st\u00f6d av Tony Samil, Ann \u201dGlitter\u201d Nilsson och Jan W\u00e4tterb\u00e4ck.&nbsp;&nbsp;&nbsp;<br>16.30 Publikinsl\u00e4pp&nbsp;&nbsp;<br>16.45\u201318.15 Showtime!&nbsp;<br>18.20\u201319.30 L\u00e4ttare f\u00f6rt\u00e4ring och underh\u00e5llning med Tony Samil.&nbsp;&nbsp;<\/p>\n\n\n\n<p>JAG har talang \u00e4r ett samarrangemang mellan Riksf\u00f6reningen JAG och F\u00f6reningen JAG Stockholm. Fullv\u00e4rdiga och st\u00f6dmedlemmar i F\u00f6reningen JAG Stockholm bjuds p\u00e5 snacks och mat. Kostnad f\u00f6r \u00f6vriga: 100 kr.<br><a href=\"https:\/\/jag.se\/opinion\/bli-medlem\/\">\u00c4r du inte redan medlem kan du bli det h\u00e4r<\/a>. Om du betalade medlemsavgiften 2023 f\u00e5r du inbetalningskort via mejl eller post. <\/p>\n\n\n\n<p><a href=\"https:\/\/jag.se\/opinion\/talang\/\">Se bilder och filmklipp fr\u00e5n JAG har talang-turn\u00e9n.<\/a><\/p>\n","protected":false},"featured_media":0,"menu_order":65,"template":"","class_list":["post-23215","events","type-events","status-publish","hentry"],"acf":[],"yoast_head":"<!-- This site is optimized with the Yoast SEO plugin v21.3 - https:\/\/yoast.com\/wordpress\/plugins\/seo\/ -->\n<title>JAG har talang \u00e4r tillbaka i Stockholm! - JAG Opinion<\/title>\n<meta name=\"robots\" content=\"index, follow, max-snippet:-1, max-image-preview:large, max-video-preview:-1\" \/>\n<link rel=\"canonical\" href=\"https:\/\/jag.se\/opinion\/event\/jag-har-talang-ar-tillbaka-i-stockholm\/\" \/>\n<meta property=\"og:locale\" content=\"sv_SE\" \/>\n<meta property=\"og:type\" content=\"article\" \/>\n<meta property=\"og:title\" content=\"JAG har talang \u00e4r tillbaka i Stockholm! - JAG Opinion\" \/>\n<meta property=\"og:description\" content=\"8\/2 kommer succeshowen JAG har talang tillbaka till Stockholm. Ta plats p\u00e5 scenen eller kom och sitt i publiken p\u00e5 JAGs kansli, Klara S\u00f6dra kyrkogata 1. Denna g\u00e5ng ges m\u00f6jlighet att medverka till er som inte var med i h\u00f6stas. Alla \u00e4r v\u00e4lkomna att vara publik! H\u00e5lltider:15.30 Ni som ska vara med i showen tr\u00e4ffas\" \/>\n<meta property=\"og:url\" content=\"https:\/\/jag.se\/opinion\/event\/jag-har-talang-ar-tillbaka-i-stockholm\/\" \/>\n<meta property=\"og:site_name\" content=\"JAG Opinion\" \/>\n<meta property=\"article:modified_time\" content=\"2024-01-05T10:25:13+00:00\" \/>\n<meta name=\"twitter:card\" content=\"summary_large_image\" \/>\n<meta name=\"twitter:label1\" content=\"Ber\u00e4knad l\u00e4stid\" \/>\n\t<meta name=\"twitter:data1\" content=\"1 minut\" \/>\n<script type=\"application\/ld+json\" class=\"yoast-schema-graph\">{\"@context\":\"https:\/\/schema.org\",\"@graph\":[{\"@type\":\"WebPage\",\"@id\":\"https:\/\/jag.se\/opinion\/event\/jag-har-talang-ar-tillbaka-i-stockholm\/\",\"url\":\"https:\/\/jag.se\/opinion\/event\/jag-har-talang-ar-tillbaka-i-stockholm\/\",\"name\":\"JAG har talang \u00e4r tillbaka i Stockholm! - JAG Opinion\",\"isPartOf\":{\"@id\":\"https:\/\/jag.se\/opinion\/#website\"},\"datePublished\":\"2024-01-04T15:07:42+00:00\",\"dateModified\":\"2024-01-05T10:25:13+00:00\",\"breadcrumb\":{\"@id\":\"https:\/\/jag.se\/opinion\/event\/jag-har-talang-ar-tillbaka-i-stockholm\/#breadcrumb\"},\"inLanguage\":\"sv-SE\",\"potentialAction\":[{\"@type\":\"ReadAction\",\"target\":[\"https:\/\/jag.se\/opinion\/event\/jag-har-talang-ar-tillbaka-i-stockholm\/\"]}]},{\"@type\":\"BreadcrumbList\",\"@id\":\"https:\/\/jag.se\/opinion\/event\/jag-har-talang-ar-tillbaka-i-stockholm\/#breadcrumb\",\"itemListElement\":[{\"@type\":\"ListItem\",\"position\":1,\"name\":\"JAG start\",\"item\":\"https:\/\/jag.se\"},{\"@type\":\"ListItem\",\"position\":2,\"name\":\"Riksf\u00f6reningen JAG\",\"item\":\"https:\/\/jag.se\/opinion\/\"},{\"@type\":\"ListItem\",\"position\":3,\"name\":\"Event\",\"item\":\"https:\/\/jag.se\/opinion\/event\/\"},{\"@type\":\"ListItem\",\"position\":4,\"name\":\"JAG har talang \u00e4r tillbaka i Stockholm!\"}]},{\"@type\":\"WebSite\",\"@id\":\"https:\/\/jag.se\/opinion\/#website\",\"url\":\"https:\/\/jag.se\/opinion\/\",\"name\":\"JAG Opinion\",\"description\":\"\",\"potentialAction\":[{\"@type\":\"SearchAction\",\"target\":{\"@type\":\"EntryPoint\",\"urlTemplate\":\"https:\/\/jag.se\/opinion\/?s={search_term_string}\"},\"query-input\":\"required name=search_term_string\"}],\"inLanguage\":\"sv-SE\"}]}<\/script>\n<!-- \/ Yoast SEO plugin. -->","yoast_head_json":{"title":"JAG har talang \u00e4r tillbaka i Stockholm! - JAG Opinion","robots":{"index":"index","follow":"follow","max-snippet":"max-snippet:-1","max-image-preview":"max-image-preview:large","max-video-preview":"max-video-preview:-1"},"canonical":"https:\/\/jag.se\/opinion\/event\/jag-har-talang-ar-tillbaka-i-stockholm\/","og_locale":"sv_SE","og_type":"article","og_title":"JAG har talang \u00e4r tillbaka i Stockholm! - JAG Opinion","og_description":"8\/2 kommer succeshowen JAG har talang tillbaka till Stockholm. Ta plats p\u00e5 scenen eller kom och sitt i publiken p\u00e5 JAGs kansli, Klara S\u00f6dra kyrkogata 1. Denna g\u00e5ng ges m\u00f6jlighet att medverka till er som inte var med i h\u00f6stas. Alla \u00e4r v\u00e4lkomna att vara publik! H\u00e5lltider:15.30 Ni som ska vara med i showen tr\u00e4ffas","og_url":"https:\/\/jag.se\/opinion\/event\/jag-har-talang-ar-tillbaka-i-stockholm\/","og_site_name":"JAG Opinion","article_modified_time":"2024-01-05T10:25:13+00:00","twitter_card":"summary_large_image","twitter_misc":{"Ber\u00e4knad l\u00e4stid":"1 minut"},"schema":{"@context":"https:\/\/schema.org","@graph":[{"@type":"WebPage","@id":"https:\/\/jag.se\/opinion\/event\/jag-har-talang-ar-tillbaka-i-stockholm\/","url":"https:\/\/jag.se\/opinion\/event\/jag-har-talang-ar-tillbaka-i-stockholm\/","name":"JAG har talang \u00e4r tillbaka i Stockholm! - JAG Opinion","isPartOf":{"@id":"https:\/\/jag.se\/opinion\/#website"},"datePublished":"2024-01-04T15:07:42+00:00","dateModified":"2024-01-05T10:25:13+00:00","breadcrumb":{"@id":"https:\/\/jag.se\/opinion\/event\/jag-har-talang-ar-tillbaka-i-stockholm\/#breadcrumb"},"inLanguage":"sv-SE","potentialAction":[{"@type":"ReadAction","target":["https:\/\/jag.se\/opinion\/event\/jag-har-talang-ar-tillbaka-i-stockholm\/"]}]},{"@type":"BreadcrumbList","@id":"https:\/\/jag.se\/opinion\/event\/jag-har-talang-ar-tillbaka-i-stockholm\/#breadcrumb","itemListElement":[{"@type":"ListItem","position":1,"name":"JAG start","item":"https:\/\/jag.se"},{"@type":"ListItem","position":2,"name":"Riksf\u00f6reningen JAG","item":"https:\/\/jag.se\/opinion\/"},{"@type":"ListItem","position":3,"name":"Event","item":"https:\/\/jag.se\/opinion\/event\/"},{"@type":"ListItem","position":4,"name":"JAG har talang \u00e4r tillbaka i Stockholm!"}]},{"@type":"WebSite","@id":"https:\/\/jag.se\/opinion\/#website","url":"https:\/\/jag.se\/opinion\/","name":"JAG Opinion","description":"","potentialAction":[{"@type":"SearchAction","target":{"@type":"EntryPoint","urlTemplate":"https:\/\/jag.se\/opinion\/?s={search_term_string}"},"query-input":"required name=search_term_string"}],"inLanguage":"sv-SE"}]}},"_links":{"self":[{"href":"https:\/\/jag.se\/opinion\/wp-json\/wp\/v2\/events\/23215","targetHints":{"allow":["GET"]}}],"collection":[{"href":"https:\/\/jag.se\/opinion\/wp-json\/wp\/v2\/events"}],"about":[{"href":"https:\/\/jag.se\/opinion\/wp-json\/wp\/v2\/types\/events"}],"wp:attachment":[{"href":"https:\/\/jag.se\/opinion\/wp-json\/wp\/v2\/media?parent=23215"}],"curies":[{"name":"wp","href":"https:\/\/api.w.org\/{rel}","templated":true}]}}