{"id":23245,"date":"2024-02-02T10:05:33","date_gmt":"2024-02-02T10:05:33","guid":{"rendered":"https:\/\/jag.se\/opinion\/?post_type=events&#038;p=23245"},"modified":"2024-02-02T10:06:52","modified_gmt":"2024-02-02T10:06:52","slug":"arsmote-i-foreningen-jag-stockholms-lan","status":"publish","type":"events","link":"https:\/\/jag.se\/opinion\/event\/arsmote-i-foreningen-jag-stockholms-lan\/","title":{"rendered":"\u00c5rsm\u00f6te i F\u00f6reningen JAG Stockholms l\u00e4n"},"content":{"rendered":"\n<p>S\u00f6ndag 24\/3 kl 14\u201316 har F\u00f6reningen JAG Stockholms l\u00e4n \u00e5rsm\u00f6te p\u00e5 JAGs kansli, Klara S\u00f6dra kyrkogata 1 (ing\u00e5ng fr\u00e5n h\u00f6rnet Klara s\u00f6dra\/Klara v\u00e4stra kyrkogata). <\/p>\n\n\n\n<p>Ut\u00f6ver \u00e5rsm\u00f6tesf\u00f6rhandlingarna bjuder vi p\u00e5 underh\u00e5llning med Tony Samil och sm\u00f6rg\u00e5st\u00e5rta med fika. D\u00e4rf\u00f6r viktigt att anm\u00e4la deltagande!<br>Mejla\u00a0<a href=\"mailto:simjoh1989@gmail.com\">simjoh1989@gmail.com<\/a>\u00a0 eller anm\u00e4l i\u00a0<a href=\"https:\/\/www.facebook.com\/events\/726600986278425\/?ref=newsfeed\">eventet p\u00e5 F\u00f6reningen JAG Stockholms facebookgrupp.\u00a0<\/a>\u00a0Skriv vem\/vilka kommer och hur m\u00e5nga som ska \u00e4ta. Gratis f\u00f6r medlemmar. Icke medlem betalar f\u00f6r sm\u00f6rg\u00e5st\u00e5rta 50 kr via swish. <\/p>\n\n\n\n<p>Vi har plats f\u00f6r fler styrelseledam\u00f6ter, tv\u00e5 suppleanter n\u00e4rmare best\u00e4mt. Vill du nominera dig sj\u00e4lv, eller n\u00e5gon du tillfr\u00e5gat som vill? Mejla namn och kontaktuppgifter till\u00a0<a href=\"mailto:simjoh1989@gmail.com\">simjoh1989@gmail.com<\/a>\u00a0snarast, tack. Vi som nu \u00e4r aktiva i styrelsen tycker vi har ett roligt och viktigt uppdrag och v\u00e4lkomnar fler att dela det med oss!<\/p>\n\n\n\n<p>Om du har en id\u00e9 till oss, om vad eller hur vi ska g\u00f6ra aktiviteter i f\u00f6reningen \u00e4r du v\u00e4lkommen att l\u00e4mna f\u00f6rslag senast den 1 mars till&nbsp;<a href=\"mailto:simjoh1989@gmail.com\">simjoh1989@gmail.com<\/a>&nbsp;<\/p>\n","protected":false},"featured_media":23246,"menu_order":60,"template":"","class_list":["post-23245","events","type-events","status-publish","has-post-thumbnail","hentry"],"acf":[],"yoast_head":"<!-- This site is optimized with the Yoast SEO plugin v21.3 - https:\/\/yoast.com\/wordpress\/plugins\/seo\/ -->\n<title>\u00c5rsm\u00f6te i F\u00f6reningen JAG Stockholms l\u00e4n - JAG Opinion<\/title>\n<meta name=\"robots\" content=\"index, follow, max-snippet:-1, max-image-preview:large, max-video-preview:-1\" \/>\n<link rel=\"canonical\" href=\"https:\/\/jag.se\/opinion\/event\/arsmote-i-foreningen-jag-stockholms-lan\/\" \/>\n<meta property=\"og:locale\" content=\"sv_SE\" \/>\n<meta property=\"og:type\" content=\"article\" \/>\n<meta property=\"og:title\" content=\"\u00c5rsm\u00f6te i F\u00f6reningen JAG Stockholms l\u00e4n - JAG Opinion\" \/>\n<meta property=\"og:description\" content=\"S\u00f6ndag 24\/3 kl 14\u201316 har F\u00f6reningen JAG Stockholms l\u00e4n \u00e5rsm\u00f6te p\u00e5 JAGs kansli, Klara S\u00f6dra kyrkogata 1 (ing\u00e5ng fr\u00e5n h\u00f6rnet Klara s\u00f6dra\/Klara v\u00e4stra kyrkogata). Ut\u00f6ver \u00e5rsm\u00f6tesf\u00f6rhandlingarna bjuder vi p\u00e5 underh\u00e5llning med Tony Samil och sm\u00f6rg\u00e5st\u00e5rta med fika. D\u00e4rf\u00f6r viktigt att anm\u00e4la deltagande!Mejla\u00a0simjoh1989@gmail.com\u00a0 eller anm\u00e4l i\u00a0eventet p\u00e5 F\u00f6reningen JAG Stockholms facebookgrupp.\u00a0\u00a0Skriv vem\/vilka kommer och hur m\u00e5nga\" \/>\n<meta property=\"og:url\" content=\"https:\/\/jag.se\/opinion\/event\/arsmote-i-foreningen-jag-stockholms-lan\/\" \/>\n<meta property=\"og:site_name\" content=\"JAG Opinion\" \/>\n<meta property=\"article:modified_time\" content=\"2024-02-02T10:06:52+00:00\" \/>\n<meta property=\"og:image\" content=\"https:\/\/jag.se\/opinion\/wp-content\/uploads\/sites\/3\/2024\/02\/Arsmote-Stockholm.png\" \/>\n\t<meta property=\"og:image:width\" content=\"1015\" \/>\n\t<meta property=\"og:image:height\" content=\"565\" \/>\n\t<meta property=\"og:image:type\" content=\"image\/png\" \/>\n<meta name=\"twitter:card\" content=\"summary_large_image\" \/>\n<meta name=\"twitter:label1\" content=\"Ber\u00e4knad l\u00e4stid\" \/>\n\t<meta name=\"twitter:data1\" content=\"1 minut\" \/>\n<script type=\"application\/ld+json\" class=\"yoast-schema-graph\">{\"@context\":\"https:\/\/schema.org\",\"@graph\":[{\"@type\":\"WebPage\",\"@id\":\"https:\/\/jag.se\/opinion\/event\/arsmote-i-foreningen-jag-stockholms-lan\/\",\"url\":\"https:\/\/jag.se\/opinion\/event\/arsmote-i-foreningen-jag-stockholms-lan\/\",\"name\":\"\u00c5rsm\u00f6te i F\u00f6reningen JAG Stockholms l\u00e4n - JAG Opinion\",\"isPartOf\":{\"@id\":\"https:\/\/jag.se\/opinion\/#website\"},\"datePublished\":\"2024-02-02T10:05:33+00:00\",\"dateModified\":\"2024-02-02T10:06:52+00:00\",\"breadcrumb\":{\"@id\":\"https:\/\/jag.se\/opinion\/event\/arsmote-i-foreningen-jag-stockholms-lan\/#breadcrumb\"},\"inLanguage\":\"sv-SE\",\"potentialAction\":[{\"@type\":\"ReadAction\",\"target\":[\"https:\/\/jag.se\/opinion\/event\/arsmote-i-foreningen-jag-stockholms-lan\/\"]}]},{\"@type\":\"BreadcrumbList\",\"@id\":\"https:\/\/jag.se\/opinion\/event\/arsmote-i-foreningen-jag-stockholms-lan\/#breadcrumb\",\"itemListElement\":[{\"@type\":\"ListItem\",\"position\":1,\"name\":\"JAG start\",\"item\":\"https:\/\/jag.se\"},{\"@type\":\"ListItem\",\"position\":2,\"name\":\"Riksf\u00f6reningen JAG\",\"item\":\"https:\/\/jag.se\/opinion\/\"},{\"@type\":\"ListItem\",\"position\":3,\"name\":\"Event\",\"item\":\"https:\/\/jag.se\/opinion\/event\/\"},{\"@type\":\"ListItem\",\"position\":4,\"name\":\"\u00c5rsm\u00f6te i F\u00f6reningen JAG Stockholms l\u00e4n\"}]},{\"@type\":\"WebSite\",\"@id\":\"https:\/\/jag.se\/opinion\/#website\",\"url\":\"https:\/\/jag.se\/opinion\/\",\"name\":\"JAG Opinion\",\"description\":\"\",\"potentialAction\":[{\"@type\":\"SearchAction\",\"target\":{\"@type\":\"EntryPoint\",\"urlTemplate\":\"https:\/\/jag.se\/opinion\/?s={search_term_string}\"},\"query-input\":\"required name=search_term_string\"}],\"inLanguage\":\"sv-SE\"}]}<\/script>\n<!-- \/ Yoast SEO plugin. -->","yoast_head_json":{"title":"\u00c5rsm\u00f6te i F\u00f6reningen JAG Stockholms l\u00e4n - JAG Opinion","robots":{"index":"index","follow":"follow","max-snippet":"max-snippet:-1","max-image-preview":"max-image-preview:large","max-video-preview":"max-video-preview:-1"},"canonical":"https:\/\/jag.se\/opinion\/event\/arsmote-i-foreningen-jag-stockholms-lan\/","og_locale":"sv_SE","og_type":"article","og_title":"\u00c5rsm\u00f6te i F\u00f6reningen JAG Stockholms l\u00e4n - JAG Opinion","og_description":"S\u00f6ndag 24\/3 kl 14\u201316 har F\u00f6reningen JAG Stockholms l\u00e4n \u00e5rsm\u00f6te p\u00e5 JAGs kansli, Klara S\u00f6dra kyrkogata 1 (ing\u00e5ng fr\u00e5n h\u00f6rnet Klara s\u00f6dra\/Klara v\u00e4stra kyrkogata). Ut\u00f6ver \u00e5rsm\u00f6tesf\u00f6rhandlingarna bjuder vi p\u00e5 underh\u00e5llning med Tony Samil och sm\u00f6rg\u00e5st\u00e5rta med fika. D\u00e4rf\u00f6r viktigt att anm\u00e4la deltagande!Mejla\u00a0simjoh1989@gmail.com\u00a0 eller anm\u00e4l i\u00a0eventet p\u00e5 F\u00f6reningen JAG Stockholms facebookgrupp.\u00a0\u00a0Skriv vem\/vilka kommer och hur m\u00e5nga","og_url":"https:\/\/jag.se\/opinion\/event\/arsmote-i-foreningen-jag-stockholms-lan\/","og_site_name":"JAG Opinion","article_modified_time":"2024-02-02T10:06:52+00:00","og_image":[{"width":1015,"height":565,"url":"https:\/\/jag.se\/opinion\/wp-content\/uploads\/sites\/3\/2024\/02\/Arsmote-Stockholm.png","type":"image\/png"}],"twitter_card":"summary_large_image","twitter_misc":{"Ber\u00e4knad l\u00e4stid":"1 minut"},"schema":{"@context":"https:\/\/schema.org","@graph":[{"@type":"WebPage","@id":"https:\/\/jag.se\/opinion\/event\/arsmote-i-foreningen-jag-stockholms-lan\/","url":"https:\/\/jag.se\/opinion\/event\/arsmote-i-foreningen-jag-stockholms-lan\/","name":"\u00c5rsm\u00f6te i F\u00f6reningen JAG Stockholms l\u00e4n - JAG Opinion","isPartOf":{"@id":"https:\/\/jag.se\/opinion\/#website"},"datePublished":"2024-02-02T10:05:33+00:00","dateModified":"2024-02-02T10:06:52+00:00","breadcrumb":{"@id":"https:\/\/jag.se\/opinion\/event\/arsmote-i-foreningen-jag-stockholms-lan\/#breadcrumb"},"inLanguage":"sv-SE","potentialAction":[{"@type":"ReadAction","target":["https:\/\/jag.se\/opinion\/event\/arsmote-i-foreningen-jag-stockholms-lan\/"]}]},{"@type":"BreadcrumbList","@id":"https:\/\/jag.se\/opinion\/event\/arsmote-i-foreningen-jag-stockholms-lan\/#breadcrumb","itemListElement":[{"@type":"ListItem","position":1,"name":"JAG start","item":"https:\/\/jag.se"},{"@type":"ListItem","position":2,"name":"Riksf\u00f6reningen JAG","item":"https:\/\/jag.se\/opinion\/"},{"@type":"ListItem","position":3,"name":"Event","item":"https:\/\/jag.se\/opinion\/event\/"},{"@type":"ListItem","position":4,"name":"\u00c5rsm\u00f6te i F\u00f6reningen JAG Stockholms l\u00e4n"}]},{"@type":"WebSite","@id":"https:\/\/jag.se\/opinion\/#website","url":"https:\/\/jag.se\/opinion\/","name":"JAG Opinion","description":"","potentialAction":[{"@type":"SearchAction","target":{"@type":"EntryPoint","urlTemplate":"https:\/\/jag.se\/opinion\/?s={search_term_string}"},"query-input":"required name=search_term_string"}],"inLanguage":"sv-SE"}]}},"_links":{"self":[{"href":"https:\/\/jag.se\/opinion\/wp-json\/wp\/v2\/events\/23245","targetHints":{"allow":["GET"]}}],"collection":[{"href":"https:\/\/jag.se\/opinion\/wp-json\/wp\/v2\/events"}],"about":[{"href":"https:\/\/jag.se\/opinion\/wp-json\/wp\/v2\/types\/events"}],"wp:featuredmedia":[{"embeddable":true,"href":"https:\/\/jag.se\/opinion\/wp-json\/wp\/v2\/media\/23246"}],"wp:attachment":[{"href":"https:\/\/jag.se\/opinion\/wp-json\/wp\/v2\/media?parent=23245"}],"curies":[{"name":"wp","href":"https:\/\/api.w.org\/{rel}","templated":true}]}}