{"id":26658,"date":"2025-03-05T09:18:50","date_gmt":"2025-03-05T09:18:50","guid":{"rendered":"https:\/\/jag.se\/opinion\/?post_type=events&#038;p=26658"},"modified":"2025-03-05T09:21:14","modified_gmt":"2025-03-05T09:21:14","slug":"arsmotesfest-med-foreningen-jag-stockholms-lan","status":"publish","type":"events","link":"https:\/\/jag.se\/opinion\/event\/arsmotesfest-med-foreningen-jag-stockholms-lan\/","title":{"rendered":"\u00c5rsm\u00f6tesfest med F\u00f6reningen JAG Stockholms l\u00e4n"},"content":{"rendered":"\n<p>Vi samlas f\u00f6r att fira att vi \u00e4nnu ett \u00e5r gjort viktiga intressepolitiska insatser och haft s\u00e5 mycket kul tillsammans!<br>Nuvarande styrelse ber\u00e4ttar om \u00e5ret som g\u00e5tt och det ekonomiska resultatet.<br>M\u00f6tet v\u00e4ljer ledam\u00f6ter till styrelsen. Du kan f\u00f6resl\u00e5 n\u00e5gon (som du tillfr\u00e5gat) eller dig sj\u00e4lv till styrelseledamot f\u00f6re, eller under, m\u00f6tet. F\u00f6r att kunna v\u00e4ljas till styrelseledamot beh\u00f6ver en vara fullv\u00e4rdig medlem i F\u00f6reningen JAG Stockholms l\u00e4n.<\/p>\n\n\n\n<p>L\u00e4nsf\u00f6reningen bjuder (som alltid) medlemmarna p\u00e5 \u00e5rsm\u00f6tesfestfika. \u00d6vriga f\u00e5r swisha p\u00e5 plats, 50 kr, till 123 439 5182 om de vill fika.<\/p>\n\n\n\n<p>Du som \u00e4r assistent eller anh\u00f6rig till en uppdragsgivare i JAG \u00e4r varmt v\u00e4lkommen att bli st\u00f6dmedlem h\u00e4r: <a href=\"https:\/\/jag.se\/opinion\/bli-medlem\/?fbclid=IwZXh0bgNhZW0CMTAAAR1KdbU4JEQo5doOG_rTmDPL_llxMdVTuobD0uaBnxZp5fd8K0ZQbG56LdY_aem_GL7AjXdtfT7bbTNy2dkPkg\" target=\"_blank\" rel=\"noreferrer noopener\">https:\/\/jag.se\/opinion\/bli-medlem\/<\/a> Medlemsskap kostar 200 kr. Du g\u00f6r en insats f\u00f6r att framtidss\u00e4kra den personliga assistansen, och du f\u00e5r gofika eller vad som bjuds p\u00e5 vid l\u00e4nsf\u00f6reningens tr\u00e4ffar.<\/p>\n\n\n\n<p><a href=\"https:\/\/www.facebook.com\/groups\/203059110229393\">Anm\u00e4l om du kommer i eventet i F\u00f6reningen JAG Stockholms facebookgrupp.<\/a><\/p>\n\n\n\n<p><\/p>\n","protected":false},"featured_media":26659,"menu_order":18,"template":"","class_list":["post-26658","events","type-events","status-publish","has-post-thumbnail","hentry"],"acf":[],"yoast_head":"<!-- This site is optimized with the Yoast SEO plugin v21.3 - https:\/\/yoast.com\/wordpress\/plugins\/seo\/ -->\n<title>\u00c5rsm\u00f6tesfest med F\u00f6reningen JAG Stockholms l\u00e4n - JAG Opinion<\/title>\n<meta name=\"robots\" content=\"index, follow, max-snippet:-1, max-image-preview:large, max-video-preview:-1\" \/>\n<link rel=\"canonical\" href=\"https:\/\/jag.se\/opinion\/event\/arsmotesfest-med-foreningen-jag-stockholms-lan\/\" \/>\n<meta property=\"og:locale\" content=\"sv_SE\" \/>\n<meta property=\"og:type\" content=\"article\" \/>\n<meta property=\"og:title\" content=\"\u00c5rsm\u00f6tesfest med F\u00f6reningen JAG Stockholms l\u00e4n - JAG Opinion\" \/>\n<meta property=\"og:description\" content=\"Vi samlas f\u00f6r att fira att vi \u00e4nnu ett \u00e5r gjort viktiga intressepolitiska insatser och haft s\u00e5 mycket kul tillsammans!Nuvarande styrelse ber\u00e4ttar om \u00e5ret som g\u00e5tt och det ekonomiska resultatet.M\u00f6tet v\u00e4ljer ledam\u00f6ter till styrelsen. Du kan f\u00f6resl\u00e5 n\u00e5gon (som du tillfr\u00e5gat) eller dig sj\u00e4lv till styrelseledamot f\u00f6re, eller under, m\u00f6tet. F\u00f6r att kunna v\u00e4ljas till\" \/>\n<meta property=\"og:url\" content=\"https:\/\/jag.se\/opinion\/event\/arsmotesfest-med-foreningen-jag-stockholms-lan\/\" \/>\n<meta property=\"og:site_name\" content=\"JAG Opinion\" \/>\n<meta property=\"article:modified_time\" content=\"2025-03-05T09:21:14+00:00\" \/>\n<meta property=\"og:image\" content=\"https:\/\/jag.se\/opinion\/wp-content\/uploads\/sites\/3\/2025\/03\/JAG-sthlm.jpg\" \/>\n\t<meta property=\"og:image:width\" content=\"960\" \/>\n\t<meta property=\"og:image:height\" content=\"680\" \/>\n\t<meta property=\"og:image:type\" content=\"image\/jpeg\" \/>\n<meta name=\"twitter:card\" content=\"summary_large_image\" \/>\n<meta name=\"twitter:label1\" content=\"Ber\u00e4knad l\u00e4stid\" \/>\n\t<meta name=\"twitter:data1\" content=\"1 minut\" \/>\n<script type=\"application\/ld+json\" class=\"yoast-schema-graph\">{\"@context\":\"https:\/\/schema.org\",\"@graph\":[{\"@type\":\"WebPage\",\"@id\":\"https:\/\/jag.se\/opinion\/event\/arsmotesfest-med-foreningen-jag-stockholms-lan\/\",\"url\":\"https:\/\/jag.se\/opinion\/event\/arsmotesfest-med-foreningen-jag-stockholms-lan\/\",\"name\":\"\u00c5rsm\u00f6tesfest med F\u00f6reningen JAG Stockholms l\u00e4n - JAG Opinion\",\"isPartOf\":{\"@id\":\"https:\/\/jag.se\/opinion\/#website\"},\"datePublished\":\"2025-03-05T09:18:50+00:00\",\"dateModified\":\"2025-03-05T09:21:14+00:00\",\"breadcrumb\":{\"@id\":\"https:\/\/jag.se\/opinion\/event\/arsmotesfest-med-foreningen-jag-stockholms-lan\/#breadcrumb\"},\"inLanguage\":\"sv-SE\",\"potentialAction\":[{\"@type\":\"ReadAction\",\"target\":[\"https:\/\/jag.se\/opinion\/event\/arsmotesfest-med-foreningen-jag-stockholms-lan\/\"]}]},{\"@type\":\"BreadcrumbList\",\"@id\":\"https:\/\/jag.se\/opinion\/event\/arsmotesfest-med-foreningen-jag-stockholms-lan\/#breadcrumb\",\"itemListElement\":[{\"@type\":\"ListItem\",\"position\":1,\"name\":\"JAG start\",\"item\":\"https:\/\/jag.se\"},{\"@type\":\"ListItem\",\"position\":2,\"name\":\"Riksf\u00f6reningen JAG\",\"item\":\"https:\/\/jag.se\/opinion\/\"},{\"@type\":\"ListItem\",\"position\":3,\"name\":\"Event\",\"item\":\"https:\/\/jag.se\/opinion\/event\/\"},{\"@type\":\"ListItem\",\"position\":4,\"name\":\"\u00c5rsm\u00f6tesfest med F\u00f6reningen JAG Stockholms l\u00e4n\"}]},{\"@type\":\"WebSite\",\"@id\":\"https:\/\/jag.se\/opinion\/#website\",\"url\":\"https:\/\/jag.se\/opinion\/\",\"name\":\"JAG Opinion\",\"description\":\"\",\"potentialAction\":[{\"@type\":\"SearchAction\",\"target\":{\"@type\":\"EntryPoint\",\"urlTemplate\":\"https:\/\/jag.se\/opinion\/?s={search_term_string}\"},\"query-input\":\"required name=search_term_string\"}],\"inLanguage\":\"sv-SE\"}]}<\/script>\n<!-- \/ Yoast SEO plugin. -->","yoast_head_json":{"title":"\u00c5rsm\u00f6tesfest med F\u00f6reningen JAG Stockholms l\u00e4n - JAG Opinion","robots":{"index":"index","follow":"follow","max-snippet":"max-snippet:-1","max-image-preview":"max-image-preview:large","max-video-preview":"max-video-preview:-1"},"canonical":"https:\/\/jag.se\/opinion\/event\/arsmotesfest-med-foreningen-jag-stockholms-lan\/","og_locale":"sv_SE","og_type":"article","og_title":"\u00c5rsm\u00f6tesfest med F\u00f6reningen JAG Stockholms l\u00e4n - JAG Opinion","og_description":"Vi samlas f\u00f6r att fira att vi \u00e4nnu ett \u00e5r gjort viktiga intressepolitiska insatser och haft s\u00e5 mycket kul tillsammans!Nuvarande styrelse ber\u00e4ttar om \u00e5ret som g\u00e5tt och det ekonomiska resultatet.M\u00f6tet v\u00e4ljer ledam\u00f6ter till styrelsen. Du kan f\u00f6resl\u00e5 n\u00e5gon (som du tillfr\u00e5gat) eller dig sj\u00e4lv till styrelseledamot f\u00f6re, eller under, m\u00f6tet. F\u00f6r att kunna v\u00e4ljas till","og_url":"https:\/\/jag.se\/opinion\/event\/arsmotesfest-med-foreningen-jag-stockholms-lan\/","og_site_name":"JAG Opinion","article_modified_time":"2025-03-05T09:21:14+00:00","og_image":[{"width":960,"height":680,"url":"https:\/\/jag.se\/opinion\/wp-content\/uploads\/sites\/3\/2025\/03\/JAG-sthlm.jpg","type":"image\/jpeg"}],"twitter_card":"summary_large_image","twitter_misc":{"Ber\u00e4knad l\u00e4stid":"1 minut"},"schema":{"@context":"https:\/\/schema.org","@graph":[{"@type":"WebPage","@id":"https:\/\/jag.se\/opinion\/event\/arsmotesfest-med-foreningen-jag-stockholms-lan\/","url":"https:\/\/jag.se\/opinion\/event\/arsmotesfest-med-foreningen-jag-stockholms-lan\/","name":"\u00c5rsm\u00f6tesfest med F\u00f6reningen JAG Stockholms l\u00e4n - JAG Opinion","isPartOf":{"@id":"https:\/\/jag.se\/opinion\/#website"},"datePublished":"2025-03-05T09:18:50+00:00","dateModified":"2025-03-05T09:21:14+00:00","breadcrumb":{"@id":"https:\/\/jag.se\/opinion\/event\/arsmotesfest-med-foreningen-jag-stockholms-lan\/#breadcrumb"},"inLanguage":"sv-SE","potentialAction":[{"@type":"ReadAction","target":["https:\/\/jag.se\/opinion\/event\/arsmotesfest-med-foreningen-jag-stockholms-lan\/"]}]},{"@type":"BreadcrumbList","@id":"https:\/\/jag.se\/opinion\/event\/arsmotesfest-med-foreningen-jag-stockholms-lan\/#breadcrumb","itemListElement":[{"@type":"ListItem","position":1,"name":"JAG start","item":"https:\/\/jag.se"},{"@type":"ListItem","position":2,"name":"Riksf\u00f6reningen JAG","item":"https:\/\/jag.se\/opinion\/"},{"@type":"ListItem","position":3,"name":"Event","item":"https:\/\/jag.se\/opinion\/event\/"},{"@type":"ListItem","position":4,"name":"\u00c5rsm\u00f6tesfest med F\u00f6reningen JAG Stockholms l\u00e4n"}]},{"@type":"WebSite","@id":"https:\/\/jag.se\/opinion\/#website","url":"https:\/\/jag.se\/opinion\/","name":"JAG Opinion","description":"","potentialAction":[{"@type":"SearchAction","target":{"@type":"EntryPoint","urlTemplate":"https:\/\/jag.se\/opinion\/?s={search_term_string}"},"query-input":"required name=search_term_string"}],"inLanguage":"sv-SE"}]}},"_links":{"self":[{"href":"https:\/\/jag.se\/opinion\/wp-json\/wp\/v2\/events\/26658","targetHints":{"allow":["GET"]}}],"collection":[{"href":"https:\/\/jag.se\/opinion\/wp-json\/wp\/v2\/events"}],"about":[{"href":"https:\/\/jag.se\/opinion\/wp-json\/wp\/v2\/types\/events"}],"wp:featuredmedia":[{"embeddable":true,"href":"https:\/\/jag.se\/opinion\/wp-json\/wp\/v2\/media\/26659"}],"wp:attachment":[{"href":"https:\/\/jag.se\/opinion\/wp-json\/wp\/v2\/media?parent=26658"}],"curies":[{"name":"wp","href":"https:\/\/api.w.org\/{rel}","templated":true}]}}