{"id":393,"date":"2022-02-07T12:06:44","date_gmt":"2022-02-07T12:06:44","guid":{"rendered":"https:\/\/jag.se\/opinion\/?page_id=393"},"modified":"2025-06-10T13:32:11","modified_gmt":"2025-06-10T13:32:11","slug":"paverkansarbete","status":"publish","type":"page","link":"https:\/\/jag.se\/opinion\/paverkansarbete\/","title":{"rendered":"P\u00e5verkansarbete"},"content":{"rendered":"<div class=\"yoast-breadcrumbs\">\t<div class=\"inner\">\n\t\t<span><span><a href=\"https:\/\/jag.se\">JAG start<\/a><\/span> &gt; <span><a href=\"https:\/\/jag.se\/opinion\/\">Riksf\u00f6reningen JAG<\/a><\/span> &gt; <span class=\"breadcrumb_last\" aria-current=\"page\">P\u00e5verkansarbete<\/span><\/span>\t<\/div>\n<\/div>\n\n\n<h1 class=\"wp-block-heading\">P\u00e5verkansarbete<\/h1>\n\n\n<section class=\"text-block ocean  \">\n    <div class=\"block-icon\"><\/div>\n\t<div class=\"inner\">\n\t\t<div class=\"text-block-content\">\n\t\t\t\t<p style=\"text-align: left\">Riksf\u00f6reningen JAGs p\u00e5verkansarbete \u00e4r inriktat p\u00e5 att st\u00e4rka r\u00e4tten till personlig assistans f\u00f6r personer med nedsatt autonomi. Vi k\u00e4mpar mot all IQ-diskriminering och utest\u00e4ngning av personer med intellektuella funktionsneds\u00e4ttningar<\/p>\n<p style=\"text-align: left\">Genom att vi som \u00e4r medlemmar i Riksf\u00f6reningen JAG p\u00e5 olika s\u00e4tt beskriver hur det \u00e4r att leva med stora funktionsneds\u00e4ttningar och personlig assistans hj\u00e4lper vi politikerna att fatta kloka beslut. Det har vi gjort sedan 1992.<\/p>\n\t\t<\/div>\n<\/section>\n\n\n\n\n\n\n\n\n<section class=\"text-block white  \">\n    <div class=\"block-icon\"><\/div>\n\t<div class=\"inner\">\n\t\t<div class=\"text-block-content\">\n\t\t\t\t\t<h2 class=\"\">K\u00e4rnfr\u00e5gor<\/h2>\n\t\t\t\t\t<ul>\n<li>R\u00e4tt till en god man som jag kan kommunicera med<\/li>\n<li>R\u00e4tt att inte bli utsatt f\u00f6r IQ-diskriminering<\/li>\n<li>R\u00e4tt till personlig assistans<\/li>\n<\/ul>\n<p><span lang=\"en-SE\">N\u00e4r som helst kan vem som helst bli en av oss.<\/span><span lang=\"SV\">\u00a0 Den personliga assistansen \u00e4r ett s<\/span><span lang=\"en-SE\">kyddsn\u00e4t f\u00f6r alla.<\/span><\/p>\n\t\t<\/div>\n<\/section>\n\n\n\n<div class=\"wp-block-buttons is-content-justification-center is-layout-flex wp-container-core-buttons-is-layout-16018d1d wp-block-buttons-is-layout-flex\">\n<div class=\"wp-block-button\"><a class=\"wp-block-button__link wp-element-button\" href=\"\/opinion\/karnfragor\/\">Alla k\u00e4rnfr\u00e5gor<\/a><\/div>\n<\/div>\n\n\n<section class=\"text-block ocean  \">\n    <div class=\"block-icon\"><\/div>\n\t<div class=\"inner\">\n\t\t<div class=\"text-block-content\">\n\t\t\t\t\t<h2 class=\"\">St\u00e4rkt r\u00e4tt till personlig assistans<\/h2>\n\t\t\t\t\t<p>Den 1 januari 2023 tr\u00e4dde flera efterl\u00e4ngtade lag\u00e4ndringar inom LSS i kraft som ett resultat av utredningen St\u00e4rkt r\u00e4tt till assistans d\u00e4r JAG var delaktig som expert.<\/p>\n<ul>\n<li>Ny <strong>schablon f\u00f6r ber\u00e4kning av f\u00f6r\u00e4ldraavdrag<\/strong> vid assistans till barn<\/li>\n<li><strong>F\u00f6rebyggande st\u00f6d f\u00f6r att hindra att man skadar sig sj\u00e4lv, andra eller egendom<\/strong> om man \u00e4r i behov av det. Det h\u00e4r \u00e4r ett nytt grundl\u00e4ggande behov i LSS.<\/li>\n<li><strong>Kvalificerat, motiverande och v\u00e4gledande st\u00f6d<\/strong> ska nu r\u00e4knas in i de grundl\u00e4ggande behoven.<\/li>\n<li><strong>Medicinska sk\u00e4l<\/strong>, l\u00f6pande st\u00f6d f\u00f6r ett medicinskt tillst\u00e5nd som t ex allvarlig epilepsi.<\/li>\n<\/ul>\n<p>Tyv\u00e4rr g\u00f6r F\u00f6rs\u00e4kringskassan och kommuner mycket sn\u00e4va tolkningar av lag\u00e4ndringarna och intentionen med lag\u00e4ndringarna har inte uppfyllts.\u00a0<\/p>\n<p>Men det finns ingen anledning att tveka inf\u00f6r att g\u00f6ra en ans\u00f6kan. <strong>I filmerna nedan tittar vi n\u00e4rmre p\u00e5 hur lag\u00e4ndringarna f\u00f6r st\u00e4rkt assistans fungerar och vilket st\u00f6d som finns att f\u00e5 vid en ans\u00f6kan.<\/strong><\/p>\n\t\t<\/div>\n<\/section>\n\n\n\n<h2 class=\"wp-block-heading has-text-align-center\">Till\u00e4mpningen av f\u00f6r\u00e4ldraavdraget<\/h2>\n\n\n\n<figure class=\"wp-block-embed aligncenter is-type-video is-provider-youtube wp-block-embed-youtube wp-embed-aspect-16-9 wp-has-aspect-ratio\"><div class=\"wp-block-embed__wrapper\">\n<iframe loading=\"lazy\" title=\"Advokat Jessica Gustavsson om till\u00e4mpningen av f\u00f6r\u00e4ldraavdraget\" width=\"500\" height=\"281\" src=\"https:\/\/www.youtube.com\/embed\/GGWjzCGde3Y?feature=oembed\" frameborder=\"0\" allow=\"accelerometer; autoplay; clipboard-write; encrypted-media; gyroscope; picture-in-picture; web-share\" referrerpolicy=\"strict-origin-when-cross-origin\" allowfullscreen><\/iframe>\n<\/div><\/figure>\n\n\n<section class=\"text-block white  \">\n    <div class=\"block-icon\"><\/div>\n\t<div class=\"inner\">\n\t\t<div class=\"text-block-content\">\n\t\t\t\t<p><em>I filmen ovan ber\u00e4ttar advokat Jessica Gustavsson om till\u00e4mpningen av f\u00f6r\u00e4ldraavdraget.<\/em><\/p>\n<p>F\u00f6rs\u00e4kringskassan och kommunerna kritiseras av b\u00e5de politiker och funktionsr\u00e4ttsorganisationer f\u00f6r att g\u00f6ra dubbla avdrag f\u00f6r f\u00f6r\u00e4ldraskapet. Advokaten Jessica Gustavsson har l\u00e5ng erfarenhet av att f\u00f6retr\u00e4da assistansanv\u00e4ndare och hon har f\u00f6ljt hur till\u00e4mpningen av LSS-lagstiftningen f\u00f6r\u00e4ndrats de senaste femton \u00e5ren. <\/p>\n<p>I nya lagen st\u00e5r att f\u00f6r\u00e4ldraskapet ska beaktas genom det schabloniserade f\u00f6r\u00e4ldraavdraget och att avdraget ska g\u00f6ras fr\u00e5n barnets grundl\u00e4ggande och \u00f6vriga behov. Problemet med de dubbla avdragen beror enligt Jessica Gustavsson p\u00e5 att grundl\u00e4ggande behov har f\u00e5tt en delvis annan betydelse beroende p\u00e5 att praxis, allts\u00e5 domstolarnas tolkning av lagen, har \u00e4ndrats. <\/p>\n<p>Numera \u00e4r de grundl\u00e4ggande behoven striktare sammankopplade med funktionsneds\u00e4ttningen. <\/p>\n<p>\u2013 Den del av behoven som \u00e4r sammankopplade med barnets \u00e5lder uppfattas inte l\u00e4ngre vara en del av de grundl\u00e4ggande behoven enligt dagens praxis, s\u00e4ger Jessica Gustavsson i intervjun nedan. Hon intervjuades av journalisten Bo \u00d6hl\u00e9n den 30 november 2023.<\/p>\n\t\t<\/div>\n<\/section>\n\n\n\n<figure class=\"wp-block-embed aligncenter is-type-video is-provider-youtube wp-block-embed-youtube wp-embed-aspect-16-9 wp-has-aspect-ratio\"><div class=\"wp-block-embed__wrapper\">\n<iframe loading=\"lazy\" title=\"Christofer Bergenblock (C) om till\u00e4mpningen av f\u00f6r\u00e4ldraavdraget\" width=\"500\" height=\"281\" src=\"https:\/\/www.youtube.com\/embed\/vzhxTuOuTZU?feature=oembed\" frameborder=\"0\" allow=\"accelerometer; autoplay; clipboard-write; encrypted-media; gyroscope; picture-in-picture; web-share\" referrerpolicy=\"strict-origin-when-cross-origin\" allowfullscreen><\/iframe>\n<\/div><\/figure>\n\n\n<section class=\"text-block white  \">\n    <div class=\"block-icon\"><\/div>\n\t<div class=\"inner\">\n\t\t<div class=\"text-block-content\">\n\t\t\t\t<p><em>I filmen ovan ber\u00e4ttar Christofer Bergenblock (C) om att justera f\u00f6r\u00e4ldraavdraget.<br \/><\/em><br \/>Christofer Bergenblock \u00e4r centerpartistisk riksdagsledamot. Han sitter i partistyrelsen och \u00e4r partiets talesperson i funktionsr\u00e4ttsfr\u00e5gor. <\/p>\n<p>Som ledamot i socialutskottet har han god inblick i turerna som ledde fram till reformen St\u00e4rkt r\u00e4tt till personlig assistans. Christofer Bergenblock menar att F\u00f6rs\u00e4kringskassan missf\u00f6rst\u00e5tt intentionerna som ligger till grund f\u00f6r lagen St\u00e4rkt r\u00e4tt till personlig assistans. <\/p>\n<p>Intervjun med Christofer Bergenblock gjordes 14 december 2023 av journalisten Bo \u00d6hl\u00e9n.<\/p>\n\t\t<\/div>\n<\/section>\n\n\n\n<figure class=\"wp-block-embed aligncenter is-type-video is-provider-youtube wp-block-embed-youtube wp-embed-aspect-16-9 wp-has-aspect-ratio\"><div class=\"wp-block-embed__wrapper\">\n<iframe loading=\"lazy\" title=\"Ulrika Westerlund (MP) om en f\u00f6r\u00e4ndring av f\u00f6r\u00e4ldraavdraget\" width=\"500\" height=\"281\" src=\"https:\/\/www.youtube.com\/embed\/FpuqpldFueU?feature=oembed\" frameborder=\"0\" allow=\"accelerometer; autoplay; clipboard-write; encrypted-media; gyroscope; picture-in-picture; web-share\" referrerpolicy=\"strict-origin-when-cross-origin\" allowfullscreen><\/iframe>\n<\/div><\/figure>\n\n\n<section class=\"text-block white  \">\n    <div class=\"block-icon\"><\/div>\n\t<div class=\"inner\">\n\t\t<div class=\"text-block-content\">\n\t\t\t\t<p><em>I filmen ovan ber\u00e4ttar Ulrika Westerlund (MP) om att justera f\u00f6r\u00e4ldraavdraget.<br \/><\/em><br \/>Ulrika Westerlund \u00e4r Milj\u00f6partiets talesperson n\u00e4r det g\u00e4ller funktionsr\u00e4ttsfr\u00e5gor. Hon har tagit initiativet till riksdagens funktionsn\u00e4tverk d\u00e4r ledam\u00f6ter fr\u00e5n alla partier ing\u00e5r. <\/p>\n<p>Trots att representanter f\u00f6r hela oppositionen och Sverigedemokraterna st\u00f6der att f\u00f6r\u00e4ldraavdraget ska nollst\u00e4llas eller minimeras \u00e4r det os\u00e4kert om en snabb f\u00f6r\u00e4ndring kan komma till st\u00e5nd eftersom det parlamentariska l\u00e4get \u00e4r oklart. <\/p>\n<p>Intervjun med Ulrika Westerlund gjordes den 20 december 2023 av journalisten Bo \u00d6hl\u00e9n.<\/p>\n\t\t<\/div>\n<\/section>\n\n\n\n<h2 class=\"wp-block-heading has-text-align-center\"><strong>Kvalificerat, motiverande och v\u00e4gledande st\u00f6d<\/strong><\/h2>\n\n\n\n<figure class=\"wp-block-embed aligncenter is-type-video is-provider-youtube wp-block-embed-youtube wp-embed-aspect-16-9 wp-has-aspect-ratio\"><div class=\"wp-block-embed__wrapper\">\n<iframe loading=\"lazy\" title=\"St\u00e4rkt assistans &quot;Kvalificerad motivering och aktivering&quot;\" width=\"500\" height=\"281\" src=\"https:\/\/www.youtube.com\/embed\/XSUJcFR_QdM?feature=oembed\" frameborder=\"0\" allow=\"accelerometer; autoplay; clipboard-write; encrypted-media; gyroscope; picture-in-picture; web-share\" referrerpolicy=\"strict-origin-when-cross-origin\" allowfullscreen><\/iframe>\n<\/div><\/figure>\n\n\n<section class=\"text-block white  \">\n    <div class=\"block-icon\"><\/div>\n\t<div class=\"inner\">\n\t\t<div class=\"text-block-content\">\n\t\t\t\t<p><em>I filmen ovan beskrivs det grundl\u00e4ggande behovet kvalificerat-, motiverande- och v\u00e4gledande st\u00f6d och vad en beh\u00f6ver t\u00e4nka p\u00e5 i en ans\u00f6kan om personlig assistans.<\/em><\/p>\n<p>Kvalificerat-, motiverande- och v\u00e4gledande st\u00f6d ska nu ing\u00e5 i alla, praktiska grundl\u00e4ggande behov som ska uppfyllas i en assistansans\u00f6kan. Som att \u00e4ta, kl\u00e4 av- och p\u00e5 sig och sk\u00f6ta sin hygien.<br \/>\u00a0<br \/>Det nya st\u00f6det ska ge fler personer som har fysiska f\u00f6ruts\u00e4ttningar att klara sina grundl\u00e4ggande behov men som \u00e4nd\u00e5 inte g\u00f6r det, r\u00e4tt till assistans. Det kan till exempel vara s\u00e5 att en beh\u00f6ver motiverande st\u00f6d f\u00f6r att komma i g\u00e5ng med en aktivitet, veta n\u00e4r saker ska g\u00f6ras och i vilken ordning.<\/p>\n\t\t<\/div>\n<\/section>\n\n\n\n<h2 class=\"wp-block-heading has-text-align-center\"><strong>Medicinska sk\u00e4l<\/strong><\/h2>\n\n\n\n<figure class=\"wp-block-embed aligncenter is-type-video is-provider-youtube wp-block-embed-youtube wp-embed-aspect-16-9 wp-has-aspect-ratio\"><div class=\"wp-block-embed__wrapper\">\n<iframe loading=\"lazy\" title=\"St\u00e4rkt assistans &quot;Medicinska sk\u00e4l&quot;\" width=\"500\" height=\"281\" src=\"https:\/\/www.youtube.com\/embed\/Im02TVrzDNQ?feature=oembed\" frameborder=\"0\" allow=\"accelerometer; autoplay; clipboard-write; encrypted-media; gyroscope; picture-in-picture; web-share\" referrerpolicy=\"strict-origin-when-cross-origin\" allowfullscreen><\/iframe>\n<\/div><\/figure>\n\n\n<section class=\"text-block white  \">\n    <div class=\"block-icon\"><\/div>\n\t<div class=\"inner\">\n\t\t<div class=\"text-block-content\">\n\t\t\t\t<p><em>I filmen ovan beskrivs det grundl\u00e4ggande behovet medicinska sk\u00e4l och vad en beh\u00f6ver t\u00e4nka p\u00e5 vid en ans\u00f6kan om personlig assistans.<\/em><\/p>\n<p>Med hj\u00e4lp av det nya grundl\u00e4ggande behovet medicinska sk\u00e4l ska en kunna f\u00e5 kontinuerligt st\u00f6d som f\u00f6ranleds av varaktig eller l\u00e5ngvarig medicinsk problematik. Det handlar om allvarlig risk f\u00f6r liv och h\u00e4lsa. Till exempel sv\u00e5r epilepsi eller andra medicinska tillst\u00e5nd som kr\u00e4ver st\u00e4ndig n\u00e4rvaro av en annan person.<\/p>\n\t\t<\/div>\n<\/section>\n\n\n\n<h2 class=\"wp-block-heading has-text-align-center\">F\u00f6rebyggande st\u00f6d<\/h2>\n\n\n\n<figure class=\"wp-block-embed aligncenter is-type-video is-provider-youtube wp-block-embed-youtube wp-embed-aspect-16-9 wp-has-aspect-ratio\"><div class=\"wp-block-embed__wrapper\">\n<iframe loading=\"lazy\" title=\"St\u00e4rkt assistans &quot;F\u00f6rebyggande st\u00f6d&quot;\" width=\"500\" height=\"281\" src=\"https:\/\/www.youtube.com\/embed\/gBfQqSRVE90?feature=oembed\" frameborder=\"0\" allow=\"accelerometer; autoplay; clipboard-write; encrypted-media; gyroscope; picture-in-picture; web-share\" referrerpolicy=\"strict-origin-when-cross-origin\" allowfullscreen><\/iframe>\n<\/div><\/figure>\n\n\n<section class=\"text-block white  \">\n    <div class=\"block-icon\"><\/div>\n\t<div class=\"inner\">\n\t\t<div class=\"text-block-content\">\n\t\t\t\t<p><em>Filmen ovan beskriver det grundl\u00e4ggande behovet f\u00f6rebyggande st\u00f6d och vad en beh\u00f6ver t\u00e4nka p\u00e5 vid en ans\u00f6kan om personlig assistans.<\/em><\/p>\n<p>F\u00f6rebyggande st\u00f6d \u00e4r ett kontinuerligt st\u00f6d f\u00f6r att en person med utagerande beteende inte fysiskt skadar sig sj\u00e4lv, n\u00e5gon annan eller egendom. Ju tidigare ett s\u00e5dant st\u00f6d s\u00e4tts in desto l\u00e4ttare \u00e4r det att f\u00e5 metoder och kommunikation p\u00e5 plats f\u00f6r att minska s\u00e5dana beteenden.<br \/>\u00a0<br \/>JAGs juridiska r\u00e5dgivare kan hj\u00e4lpa till med vilket st\u00f6d som finns att f\u00e5 vid en ans\u00f6kan och vad du beh\u00f6ver t\u00e4nka p\u00e5 n\u00e4r du ans\u00f6ker om personlig assistans.<\/p>\n\t\t<\/div>\n<\/section>\n\n\n\n<h2 class=\"wp-block-heading has-text-align-center\">Personlig assistans till barn<\/h2>\n\n\n\n<figure class=\"wp-block-embed aligncenter is-type-video is-provider-youtube wp-block-embed-youtube wp-embed-aspect-16-9 wp-has-aspect-ratio\"><div class=\"wp-block-embed__wrapper\">\n<iframe loading=\"lazy\" title=\"Ella Forsstr\u00f6m \u2013 kommer Ella f\u00e5 st\u00e4rkt r\u00e4tt till assistans efter lag\u00e4ndringen?\" width=\"500\" height=\"281\" src=\"https:\/\/www.youtube.com\/embed\/lTixMBStPQU?feature=oembed\" frameborder=\"0\" allow=\"accelerometer; autoplay; clipboard-write; encrypted-media; gyroscope; picture-in-picture; web-share\" referrerpolicy=\"strict-origin-when-cross-origin\" allowfullscreen><\/iframe>\n<\/div><\/figure>\n\n\n<section class=\"text-block white  \">\n    <div class=\"block-icon\"><\/div>\n\t<div class=\"inner\">\n\t\t<div class=\"text-block-content\">\n\t\t\t\t<p><em>Filmen ovan beskriver Ella Forsstr\u00f6ms kamp f\u00f6r personlig assistans.<\/em><\/p>\n<p>Ella Forsstr\u00f6m \u00e4r ett av kanske tusentals barn som satte sitt hopp till den reformerade LSS-lagstiftningen <br \/>\u201dSt\u00e4rkt r\u00e4tt till personlig assistans\u201d som b\u00f6rjade g\u00e4lla fr\u00e5n januari 2023. Lag\u00e4ndringen f\u00f6rv\u00e4ntades leda till att <br \/>ca 900 fler barn skulle f\u00e5 r\u00e4tt till personlig assistans.<\/p>\n\t\t<\/div>\n<\/section>\n\n\n\n<h2 class=\"wp-block-heading has-text-align-center\">Om lag\u00e4ndringen St\u00e4rkt r\u00e4tt till personlig assistans <\/h2>\n\n\n\n<figure class=\"wp-block-embed aligncenter is-type-video is-provider-youtube wp-block-embed-youtube wp-embed-aspect-16-9 wp-has-aspect-ratio\"><div class=\"wp-block-embed__wrapper\">\n<iframe loading=\"lazy\" title=\"Intervju utredaren Fredrik Malmberg \u2013\u00ad f\u00f6rklarar lag\u00e4ndringen St\u00e4rkt r\u00e4tt till assistans 27 maj 2021\" width=\"500\" height=\"281\" src=\"https:\/\/www.youtube.com\/embed\/0fNzbK8eleA?feature=oembed\" frameborder=\"0\" allow=\"accelerometer; autoplay; clipboard-write; encrypted-media; gyroscope; picture-in-picture; web-share\" referrerpolicy=\"strict-origin-when-cross-origin\" allowfullscreen><\/iframe>\n<\/div><\/figure>\n\n\n<section class=\"text-block white  \">\n    <div class=\"block-icon\"><\/div>\n\t<div class=\"inner\">\n\t\t<div class=\"text-block-content\">\n\t\t\t\t<p>I filmen ovan intervjuar journalisten Bo \u00d6hl\u00e9n utredaren Fredrik Malmberg som f\u00f6rklarar den f\u00f6reslagna lag\u00e4ndringen i samband med att utredningen St\u00e4rkt r\u00e4tt till personlig assistans \u00f6verl\u00e4mnades till regeringen den 27 maj 2021.<\/p>\n\t\t<\/div>\n<\/section>\n\n\n\n<h2 class=\"wp-block-heading has-text-align-center\">Till\u00e4mpningen av LSS f\u00f6re lag\u00e4ndringen 2023<\/h2>\n\n\n\n<figure class=\"wp-block-embed aligncenter is-type-video is-provider-youtube wp-block-embed-youtube wp-embed-aspect-16-9 wp-has-aspect-ratio\"><div class=\"wp-block-embed__wrapper\">\n<iframe loading=\"lazy\" title=\"Gabriel Holm - hur LSS till\u00e4mpas idag\" width=\"500\" height=\"281\" src=\"https:\/\/www.youtube.com\/embed\/WEMyTlwQUms?feature=oembed\" frameborder=\"0\" allow=\"accelerometer; autoplay; clipboard-write; encrypted-media; gyroscope; picture-in-picture; web-share\" referrerpolicy=\"strict-origin-when-cross-origin\" allowfullscreen><\/iframe>\n<\/div><\/figure>\n\n\n<section class=\"text-block white  \">\n    <div class=\"block-icon\"><\/div>\n\t<div class=\"inner\">\n\t\t<div class=\"text-block-content\">\n\t\t\t\t<p><em>I filmen ovan portr\u00e4tteras Gabriel Holms kamp f\u00f6r personlig assistans.<\/em><\/p>\n<p>&#8221;Vi hade v\u00e4rldens b\u00e4sta omsorg om m\u00e4nniskor med funktionshinder en g\u00e5ng i tiden, det har vi inte idag&#8221;. Jenny Holm, mamma till Gabriel Holm. Se journalisten Bo \u00d6hl\u00e9ns reportage om situationen f\u00f6r Gabriels familj med fokus p\u00e5 hur LSS till\u00e4mpas idag. F\u00f6rslagen i utredningen St\u00e4rkt r\u00e4tt till assistans skulle inneb\u00e4ra en \u00e5terst\u00e4llning av assistansen och en r\u00e4ddning f\u00f6r m\u00e5nga av dem som nekas eller f\u00f6rlorat hela sin assistans till f\u00f6ljd av \u00e5tstramningar och r\u00e4ttspraxis.<\/p>\n<p>Reportaget gjordes av journalisten Bo \u00d6hl\u00e9n i oktober 2021.<\/p>\n\t\t<\/div>\n<\/section>\n\n\n\n<h2 class=\"wp-block-heading has-text-align-center\">R\u00e4tt till personlig assistans p\u00e5 daglig verksamhet<\/h2>\n\n\n\n<figure class=\"wp-block-embed aligncenter is-type-video is-provider-youtube wp-block-embed-youtube wp-embed-aspect-16-9 wp-has-aspect-ratio\"><div class=\"wp-block-embed__wrapper\">\n<iframe loading=\"lazy\" title=\"R\u00e4tt till assistans p\u00e5 daglig verksamhet\" width=\"500\" height=\"281\" src=\"https:\/\/www.youtube.com\/embed\/6HDo5w6dLqE?feature=oembed\" frameborder=\"0\" allow=\"accelerometer; autoplay; clipboard-write; encrypted-media; gyroscope; picture-in-picture; web-share\" referrerpolicy=\"strict-origin-when-cross-origin\" allowfullscreen><\/iframe>\n<\/div><\/figure>\n\n\n<section class=\"text-block white  \">\n    <div class=\"block-icon\"><\/div>\n\t<div class=\"inner\">\n\t\t<div class=\"text-block-content\">\n\t\t\t\t<p><em>Reportaget ovan beskriver varf\u00f6r personlig assistans i daglig verksamhet borde vara en sj\u00e4lvklarhet f\u00f6r personer med intellektuell funktionsneds\u00e4ttning.<\/em><\/p>\n<p>Personlig assistans i daglig verksamhet borde vara en sj\u00e4lvklarhet f\u00f6r personer med intellektuell funktionsneds\u00e4ttning. En har beviljats statlig assistansers\u00e4ttning och behovet av st\u00f6d \u00e4r detsamma dygnet runt oavsett var en befinner sig. Assistansanv\u00e4ndare med vanliga jobb har r\u00e4tt till personlig assistans p\u00e5 sitt arbete, men inte personer som jobbar inom daglig verksamhet. Det inneb\u00e4r bland annat att anh\u00f6riga ofta tvingas hj\u00e4lpa till utan l\u00f6n om en skulle beh\u00f6va stanna hemma p\u00e5 grund av sjukdom. P\u00e5 daglig verksamhet blir en fast i lokalerna med personalen, utan m\u00f6jlighet att utf\u00f6ra uppdrag ute i samh\u00e4llet. Ta bort f\u00f6rbudet mot assistans p\u00e5 daglig verksamhet i socialf\u00f6rs\u00e4kringsbalken s\u00e5 att alla kan arbeta p\u00e5 lika villkor i samh\u00e4llet.<\/p>\n\t\t<\/div>\n<\/section>\n","protected":false},"excerpt":{"rendered":"<p>P\u00e5verkansarbete Till\u00e4mpningen av f\u00f6r\u00e4ldraavdraget Kvalificerat, motiverande och v\u00e4gledande st\u00f6d Medicinska sk\u00e4l F\u00f6rebyggande st\u00f6d Personlig assistans till barn Om lag\u00e4ndringen St\u00e4rkt r\u00e4tt till personlig assistans Till\u00e4mpningen av LSS f\u00f6re lag\u00e4ndringen 2023 R\u00e4tt till personlig assistans p\u00e5 daglig verksamhet<\/p>\n","protected":false},"author":8,"featured_media":0,"parent":0,"menu_order":23,"comment_status":"closed","ping_status":"closed","template":"","meta":{"footnotes":""},"class_list":["post-393","page","type-page","status-publish","hentry"],"acf":[],"yoast_head":"<!-- This site is optimized with the Yoast SEO plugin v21.3 - https:\/\/yoast.com\/wordpress\/plugins\/seo\/ -->\n<title>P\u00e5verkansarbete - JAG Opinion<\/title>\n<meta name=\"description\" content=\"Riksf\u00f6reningen JAGs p\u00e5verkansarbete \u00e4r inriktat p\u00e5 att bevara r\u00e4tten till personlig assistans f\u00f6r personer med nedsatt autonomi.\" \/>\n<meta name=\"robots\" content=\"index, follow, max-snippet:-1, max-image-preview:large, max-video-preview:-1\" \/>\n<link rel=\"canonical\" href=\"https:\/\/jag.se\/opinion\/paverkansarbete\/\" \/>\n<meta property=\"og:locale\" content=\"sv_SE\" \/>\n<meta property=\"og:type\" content=\"article\" \/>\n<meta property=\"og:title\" content=\"P\u00e5verkansarbete - JAG Opinion\" \/>\n<meta property=\"og:description\" content=\"Riksf\u00f6reningen JAGs p\u00e5verkansarbete \u00e4r inriktat p\u00e5 att bevara r\u00e4tten till personlig assistans f\u00f6r personer med nedsatt autonomi.\" \/>\n<meta property=\"og:url\" content=\"https:\/\/jag.se\/opinion\/paverkansarbete\/\" \/>\n<meta property=\"og:site_name\" content=\"JAG Opinion\" \/>\n<meta property=\"article:modified_time\" content=\"2025-06-10T13:32:11+00:00\" \/>\n<meta name=\"twitter:card\" content=\"summary_large_image\" \/>\n<meta name=\"twitter:label1\" content=\"Ber\u00e4knad l\u00e4stid\" \/>\n\t<meta name=\"twitter:data1\" content=\"1 minut\" \/>\n<script type=\"application\/ld+json\" class=\"yoast-schema-graph\">{\"@context\":\"https:\/\/schema.org\",\"@graph\":[{\"@type\":\"WebPage\",\"@id\":\"https:\/\/jag.se\/opinion\/paverkansarbete\/\",\"url\":\"https:\/\/jag.se\/opinion\/paverkansarbete\/\",\"name\":\"P\u00e5verkansarbete - JAG Opinion\",\"isPartOf\":{\"@id\":\"https:\/\/jag.se\/opinion\/#website\"},\"datePublished\":\"2022-02-07T12:06:44+00:00\",\"dateModified\":\"2025-06-10T13:32:11+00:00\",\"description\":\"Riksf\u00f6reningen JAGs p\u00e5verkansarbete \u00e4r inriktat p\u00e5 att bevara r\u00e4tten till personlig assistans f\u00f6r personer med nedsatt autonomi.\",\"breadcrumb\":{\"@id\":\"https:\/\/jag.se\/opinion\/paverkansarbete\/#breadcrumb\"},\"inLanguage\":\"sv-SE\",\"potentialAction\":[{\"@type\":\"ReadAction\",\"target\":[\"https:\/\/jag.se\/opinion\/paverkansarbete\/\"]}]},{\"@type\":\"BreadcrumbList\",\"@id\":\"https:\/\/jag.se\/opinion\/paverkansarbete\/#breadcrumb\",\"itemListElement\":[{\"@type\":\"ListItem\",\"position\":1,\"name\":\"JAG start\",\"item\":\"https:\/\/jag.se\"},{\"@type\":\"ListItem\",\"position\":2,\"name\":\"Riksf\u00f6reningen JAG\",\"item\":\"https:\/\/jag.se\/opinion\/\"},{\"@type\":\"ListItem\",\"position\":3,\"name\":\"P\u00e5verkansarbete\"}]},{\"@type\":\"WebSite\",\"@id\":\"https:\/\/jag.se\/opinion\/#website\",\"url\":\"https:\/\/jag.se\/opinion\/\",\"name\":\"JAG Opinion\",\"description\":\"\",\"potentialAction\":[{\"@type\":\"SearchAction\",\"target\":{\"@type\":\"EntryPoint\",\"urlTemplate\":\"https:\/\/jag.se\/opinion\/?s={search_term_string}\"},\"query-input\":\"required name=search_term_string\"}],\"inLanguage\":\"sv-SE\"}]}<\/script>\n<!-- \/ Yoast SEO plugin. -->","yoast_head_json":{"title":"P\u00e5verkansarbete - JAG Opinion","description":"Riksf\u00f6reningen JAGs p\u00e5verkansarbete \u00e4r inriktat p\u00e5 att bevara r\u00e4tten till personlig assistans f\u00f6r personer med nedsatt autonomi.","robots":{"index":"index","follow":"follow","max-snippet":"max-snippet:-1","max-image-preview":"max-image-preview:large","max-video-preview":"max-video-preview:-1"},"canonical":"https:\/\/jag.se\/opinion\/paverkansarbete\/","og_locale":"sv_SE","og_type":"article","og_title":"P\u00e5verkansarbete - JAG Opinion","og_description":"Riksf\u00f6reningen JAGs p\u00e5verkansarbete \u00e4r inriktat p\u00e5 att bevara r\u00e4tten till personlig assistans f\u00f6r personer med nedsatt autonomi.","og_url":"https:\/\/jag.se\/opinion\/paverkansarbete\/","og_site_name":"JAG Opinion","article_modified_time":"2025-06-10T13:32:11+00:00","twitter_card":"summary_large_image","twitter_misc":{"Ber\u00e4knad l\u00e4stid":"1 minut"},"schema":{"@context":"https:\/\/schema.org","@graph":[{"@type":"WebPage","@id":"https:\/\/jag.se\/opinion\/paverkansarbete\/","url":"https:\/\/jag.se\/opinion\/paverkansarbete\/","name":"P\u00e5verkansarbete - JAG Opinion","isPartOf":{"@id":"https:\/\/jag.se\/opinion\/#website"},"datePublished":"2022-02-07T12:06:44+00:00","dateModified":"2025-06-10T13:32:11+00:00","description":"Riksf\u00f6reningen JAGs p\u00e5verkansarbete \u00e4r inriktat p\u00e5 att bevara r\u00e4tten till personlig assistans f\u00f6r personer med nedsatt autonomi.","breadcrumb":{"@id":"https:\/\/jag.se\/opinion\/paverkansarbete\/#breadcrumb"},"inLanguage":"sv-SE","potentialAction":[{"@type":"ReadAction","target":["https:\/\/jag.se\/opinion\/paverkansarbete\/"]}]},{"@type":"BreadcrumbList","@id":"https:\/\/jag.se\/opinion\/paverkansarbete\/#breadcrumb","itemListElement":[{"@type":"ListItem","position":1,"name":"JAG start","item":"https:\/\/jag.se"},{"@type":"ListItem","position":2,"name":"Riksf\u00f6reningen JAG","item":"https:\/\/jag.se\/opinion\/"},{"@type":"ListItem","position":3,"name":"P\u00e5verkansarbete"}]},{"@type":"WebSite","@id":"https:\/\/jag.se\/opinion\/#website","url":"https:\/\/jag.se\/opinion\/","name":"JAG Opinion","description":"","potentialAction":[{"@type":"SearchAction","target":{"@type":"EntryPoint","urlTemplate":"https:\/\/jag.se\/opinion\/?s={search_term_string}"},"query-input":"required name=search_term_string"}],"inLanguage":"sv-SE"}]}},"_links":{"self":[{"href":"https:\/\/jag.se\/opinion\/wp-json\/wp\/v2\/pages\/393","targetHints":{"allow":["GET"]}}],"collection":[{"href":"https:\/\/jag.se\/opinion\/wp-json\/wp\/v2\/pages"}],"about":[{"href":"https:\/\/jag.se\/opinion\/wp-json\/wp\/v2\/types\/page"}],"author":[{"embeddable":true,"href":"https:\/\/jag.se\/opinion\/wp-json\/wp\/v2\/users\/8"}],"replies":[{"embeddable":true,"href":"https:\/\/jag.se\/opinion\/wp-json\/wp\/v2\/comments?post=393"}],"version-history":[{"count":183,"href":"https:\/\/jag.se\/opinion\/wp-json\/wp\/v2\/pages\/393\/revisions"}],"predecessor-version":[{"id":27151,"href":"https:\/\/jag.se\/opinion\/wp-json\/wp\/v2\/pages\/393\/revisions\/27151"}],"wp:attachment":[{"href":"https:\/\/jag.se\/opinion\/wp-json\/wp\/v2\/media?parent=393"}],"curies":[{"name":"wp","href":"https:\/\/api.w.org\/{rel}","templated":true}]}}